{"id":1922,"date":"2024-01-10T19:53:58","date_gmt":"2024-01-10T18:53:58","guid":{"rendered":"http:\/\/web-peda-iutb.univ-lille.fr\/~jpo\/?page_id=1922"},"modified":"2024-01-20T16:46:30","modified_gmt":"2024-01-20T15:46:30","slug":"portrait-de-quentin-borner-hingrand","status":"publish","type":"page","link":"http:\/\/web-peda-iutb.univ-lille.fr\/~jpo\/index.php\/portrait-de-quentin-borner-hingrand\/","title":{"rendered":"Portrait de Quentin Born\u00ebr-Hingrand"},"content":{"rendered":"\t\t<div data-elementor-type=\"wp-page\" data-elementor-id=\"1922\" class=\"elementor elementor-1922\">\n\t\t\t\t\t\t<section class=\"elementor-section elementor-top-section elementor-element elementor-element-4c4b1c2c elementor-section-boxed elementor-section-height-default elementor-section-height-default wpr-particle-no wpr-jarallax-no wpr-parallax-no wpr-sticky-section-no\" data-id=\"4c4b1c2c\" data-element_type=\"section\" data-e-type=\"section\">\n\t\t\t\t\t\t<div class=\"elementor-container elementor-column-gap-default\">\n\t\t\t\t\t<div class=\"elementor-column elementor-col-100 elementor-top-column elementor-element elementor-element-723424ee\" data-id=\"723424ee\" data-element_type=\"column\" data-e-type=\"column\">\n\t\t\t<div class=\"elementor-widget-wrap elementor-element-populated\">\n\t\t\t\t\t\t<section class=\"elementor-section elementor-inner-section elementor-element elementor-element-5f5a6c84 elementor-section-boxed elementor-section-height-default elementor-section-height-default wpr-particle-no wpr-jarallax-no wpr-parallax-no wpr-sticky-section-no\" data-id=\"5f5a6c84\" data-element_type=\"section\" data-e-type=\"section\">\n\t\t\t\t\t\t<div class=\"elementor-container elementor-column-gap-default\">\n\t\t\t\t\t<div class=\"elementor-column elementor-col-50 elementor-inner-column elementor-element elementor-element-5872e0f3\" data-id=\"5872e0f3\" data-element_type=\"column\" data-e-type=\"column\">\n\t\t\t<div class=\"elementor-widget-wrap elementor-element-populated\">\n\t\t\t\t\t\t<div class=\"elementor-element elementor-element-14b6c348 elementor-widget elementor-widget-image\" data-id=\"14b6c348\" data-element_type=\"widget\" data-e-type=\"widget\" data-widget_type=\"image.default\">\n\t\t\t\t<div class=\"elementor-widget-container\">\n\t\t\t\t\t\t\t\t\t\t\t\t\t\t\t<img fetchpriority=\"high\" decoding=\"async\" width=\"800\" height=\"800\" src=\"http:\/\/web-peda-iutb.univ-lille.fr\/~jpo\/wp-content\/uploads\/2024\/01\/1697451000682.webp\" class=\"attachment-full size-full wp-image-2455\" alt=\"\" srcset=\"http:\/\/web-peda-iutb.univ-lille.fr\/~jpo\/wp-content\/uploads\/2024\/01\/1697451000682.webp 800w, http:\/\/web-peda-iutb.univ-lille.fr\/~jpo\/wp-content\/uploads\/2024\/01\/1697451000682-300x300.webp 300w, http:\/\/web-peda-iutb.univ-lille.fr\/~jpo\/wp-content\/uploads\/2024\/01\/1697451000682-150x150.webp 150w, http:\/\/web-peda-iutb.univ-lille.fr\/~jpo\/wp-content\/uploads\/2024\/01\/1697451000682-768x768.webp 768w\" sizes=\"(max-width: 800px) 100vw, 800px\" style=\"width:100%;height:100%;max-width:800px\" \/>\t\t\t\t\t\t\t\t\t\t\t\t\t\t\t<\/div>\n\t\t\t\t<\/div>\n\t\t\t\t\t<\/div>\n\t\t<\/div>\n\t\t\t\t<div class=\"elementor-column elementor-col-50 elementor-inner-column elementor-element elementor-element-2cacf722\" data-id=\"2cacf722\" data-element_type=\"column\" data-e-type=\"column\">\n\t\t\t<div class=\"elementor-widget-wrap elementor-element-populated\">\n\t\t\t\t\t\t<div class=\"elementor-element elementor-element-203b3f84 elementor-widget elementor-widget-heading\" data-id=\"203b3f84\" data-element_type=\"widget\" data-e-type=\"widget\" data-widget_type=\"heading.default\">\n\t\t\t\t<div class=\"elementor-widget-container\">\n\t\t\t\t\t<h3 class=\"elementor-heading-title elementor-size-large\">Quentin B\u00f6rner-Hingrand :<\/h3>\t\t\t\t<\/div>\n\t\t\t\t<\/div>\n\t\t\t\t<div class=\"elementor-element elementor-element-7603c2a elementor-widget elementor-widget-heading\" data-id=\"7603c2a\" data-element_type=\"widget\" data-e-type=\"widget\" data-widget_type=\"heading.default\">\n\t\t\t\t<div class=\"elementor-widget-container\">\n\t\t\t\t\t<h3 class=\"elementor-heading-title elementor-size-large\">Un communicant vivant de sa passion<\/h3>\t\t\t\t<\/div>\n\t\t\t\t<\/div>\n\t\t\t\t<div class=\"elementor-element elementor-element-38bf05a9 elementor-widget elementor-widget-text-editor\" data-id=\"38bf05a9\" data-element_type=\"widget\" data-e-type=\"widget\" data-widget_type=\"text-editor.default\">\n\t\t\t\t<div class=\"elementor-widget-container\">\n\t\t\t\t\t\t\t\t\t<p>2010, seulement 18 ans en DUT Info-Com et d\u00e9j\u00e0 communicant pour une salle de spectacle, attach\u00e9 de presse pour Les Blaireaux et journaliste pour FrancoFans. De responsable communication des \u00e9lections r\u00e9gionales en 2015 \u00e0 communicant en freelance depuis 2016, d\u00e9couvrez ce professionnel de la communication et son parcours.<\/p>\t\t\t\t\t\t\t\t<\/div>\n\t\t\t\t<\/div>\n\t\t\t\t<div class=\"elementor-element elementor-element-b44d506 elementor-widget-divider--view-line elementor-widget elementor-widget-divider\" data-id=\"b44d506\" data-element_type=\"widget\" data-e-type=\"widget\" data-widget_type=\"divider.default\">\n\t\t\t\t<div class=\"elementor-widget-container\">\n\t\t\t\t\t\t\t<div class=\"elementor-divider\">\n\t\t\t<span class=\"elementor-divider-separator\">\n\t\t\t\t\t\t<\/span>\n\t\t<\/div>\n\t\t\t\t\t\t<\/div>\n\t\t\t\t<\/div>\n\t\t\t\t\t<\/div>\n\t\t<\/div>\n\t\t\t\t\t<\/div>\n\t\t<\/section>\n\t\t\t\t<div class=\"elementor-element elementor-element-3f7180d elementor-widget__width-initial elementor-widget elementor-widget-text-editor\" data-id=\"3f7180d\" data-element_type=\"widget\" data-e-type=\"widget\" data-widget_type=\"text-editor.default\">\n\t\t\t\t<div class=\"elementor-widget-container\">\n\t\t\t\t\t\t\t\t\t<p>C&rsquo;est \u00e0 EuraTechnologies, le plus grand incubateur de startups en Europe, o\u00f9 se trouve \u00e9galement le bureau de Monsieur Quentin B\u00f6rnerHingrand, que nous nous sommes rencontr\u00e9s pour l\u2019interview. Conteur dou\u00e9 par nature, il nous a imm\u00e9diatement captiv\u00e9 avec un r\u00e9cit passionnant de son parcours et de son m\u00e9tier d\u2019attach\u00e9 de presse et de directeur de communication en freelance.<\/p>\t\t\t\t\t\t\t\t<\/div>\n\t\t\t\t<\/div>\n\t\t\t\t<div class=\"elementor-element elementor-element-a4a5d07 elementor-widget elementor-widget-heading\" data-id=\"a4a5d07\" data-element_type=\"widget\" data-e-type=\"widget\" data-widget_type=\"heading.default\">\n\t\t\t\t<div class=\"elementor-widget-container\">\n\t\t\t\t\t<h4 class=\"elementor-heading-title elementor-size-default\">L'homme aux multiples casquettes<\/h4>\t\t\t\t<\/div>\n\t\t\t\t<\/div>\n\t\t\t\t<section class=\"elementor-section elementor-inner-section elementor-element elementor-element-e139e01 elementor-section-boxed elementor-section-height-default elementor-section-height-default wpr-particle-no wpr-jarallax-no wpr-parallax-no wpr-sticky-section-no\" data-id=\"e139e01\" data-element_type=\"section\" data-e-type=\"section\">\n\t\t\t\t\t\t<div class=\"elementor-container elementor-column-gap-default\">\n\t\t\t\t\t<div class=\"elementor-column elementor-col-50 elementor-inner-column elementor-element elementor-element-78a9da2\" data-id=\"78a9da2\" data-element_type=\"column\" data-e-type=\"column\">\n\t\t\t<div class=\"elementor-widget-wrap elementor-element-populated\">\n\t\t\t\t\t\t<div class=\"elementor-element elementor-element-db84572 elementor-widget elementor-widget-text-editor\" data-id=\"db84572\" data-element_type=\"widget\" data-e-type=\"widget\" data-widget_type=\"text-editor.default\">\n\t\t\t\t<div class=\"elementor-widget-container\">\n\t\t\t\t\t\t\t\t\t<p>\u00ab Aujourd&rsquo;hui, j&rsquo;arrive \u00e0 un stade o\u00f9 j&rsquo;ai beaucoup de casquettes \u00bb nous confie t-il.<br \/>En 2016, il lance son agence en freelance \u201cOurs Mal L\u00e9ch\u00e9\u201d. Il choisit ce nom, car il signifie tout le contraire de ce qu\u2019il est : quelqu\u2019un qui ne parle pas. En treize ans de carri\u00e8re, il a particip\u00e9 \u00e0 l\u2019organisation de nombreux festivals tels que le Main Square ou m\u00eame CineComedies, r\u00e9alis\u00e9 des campagnes pour l\u2019arm\u00e9e de terre, organis\u00e9 la Tour Eiffel en tyrolienne, \u00e9crit le sc\u00e9nario de vid\u00e9os en r\u00e9alit\u00e9 virtuelle, travaill\u00e9 avec Thomas VDB et Vincent Dedienne&#8230; Et bien plus encore.<\/p><p>Des missions vari\u00e9es pour un travail charg\u00e9 en diversit\u00e9. En parall\u00e8le, il ne s\u2019arr\u00eate pas l\u00e0 et intervient \u00e0 l\u2019IUT de Lille \u2013 site de Tourcoing en tant que professeur de communication \u00e9v\u00e9nementielle. Un moyen pour lui de garder contact avec les jeunes et de partager des savoirs interg\u00e9n\u00e9rationnels.<\/p>\t\t\t\t\t\t\t\t<\/div>\n\t\t\t\t<\/div>\n\t\t\t\t\t<\/div>\n\t\t<\/div>\n\t\t\t\t<div class=\"elementor-column elementor-col-50 elementor-inner-column elementor-element elementor-element-18a8816\" data-id=\"18a8816\" data-element_type=\"column\" data-e-type=\"column\">\n\t\t\t<div class=\"elementor-widget-wrap elementor-element-populated\">\n\t\t\t\t\t\t<div class=\"elementor-element elementor-element-028d40b elementor-widget elementor-widget-image\" data-id=\"028d40b\" data-element_type=\"widget\" data-e-type=\"widget\" data-widget_type=\"image.default\">\n\t\t\t\t<div class=\"elementor-widget-container\">\n\t\t\t\t\t\t\t\t\t\t\t\t\t\t\t<img decoding=\"async\" width=\"200\" height=\"200\" src=\"http:\/\/web-peda-iutb.univ-lille.fr\/~jpo\/wp-content\/uploads\/2024\/01\/agence_oursmallch_logo.webp\" class=\"attachment-large size-large wp-image-2459\" alt=\"\" srcset=\"http:\/\/web-peda-iutb.univ-lille.fr\/~jpo\/wp-content\/uploads\/2024\/01\/agence_oursmallch_logo.webp 200w, http:\/\/web-peda-iutb.univ-lille.fr\/~jpo\/wp-content\/uploads\/2024\/01\/agence_oursmallch_logo-150x150.webp 150w\" sizes=\"(max-width: 200px) 100vw, 200px\" style=\"width:100%;height:100%;max-width:200px\" \/>\t\t\t\t\t\t\t\t\t\t\t\t\t\t\t<\/div>\n\t\t\t\t<\/div>\n\t\t\t\t\t<\/div>\n\t\t<\/div>\n\t\t\t\t\t<\/div>\n\t\t<\/section>\n\t\t\t\t<div class=\"elementor-element elementor-element-ad7728b elementor-widget elementor-widget-heading\" data-id=\"ad7728b\" data-element_type=\"widget\" data-e-type=\"widget\" data-widget_type=\"heading.default\">\n\t\t\t\t<div class=\"elementor-widget-container\">\n\t\t\t\t\t<h4 class=\"elementor-heading-title elementor-size-default\">Des comp\u00e9tences diverses requises pour ce m\u00e9tier aux missions vari\u00e9es<\/h4>\t\t\t\t<\/div>\n\t\t\t\t<\/div>\n\t\t\t\t<div class=\"elementor-element elementor-element-4e0f260 elementor-widget elementor-widget-text-editor\" data-id=\"4e0f260\" data-element_type=\"widget\" data-e-type=\"widget\" data-widget_type=\"text-editor.default\">\n\t\t\t\t<div class=\"elementor-widget-container\">\n\t\t\t\t\t\t\t\t\t<p><em> \u00ab Ce qui me pla\u00eet le plus, c\u2019est que je sais comment ma journ\u00e9e commence, mais je ne sais jamais comment elle se termine. \u00bb<\/em><br \/>Comme Quentin nous le confie ici, le quotidien d&rsquo;un communicant ind\u00e9pendant est rempli de divers projets, rencontres et \u00e9v\u00e9nements. Cependant, derri\u00e8re une telle activit\u00e9 se cachent un emploi du temps charg\u00e9, des horaires de travail instables et l&rsquo;absence de journ\u00e9e type. <br \/>Afin d\u2019avoir le temps de tout faire, il faut \u00eatre tr\u00e8s organis\u00e9. Quentin B\u00f6rner-Hingrand tient lui-m\u00eame un carnet sp\u00e9cial dans lequel il note tout ce qui doit \u00eatre pr\u00e9par\u00e9, trait\u00e9 et r\u00e9alis\u00e9. N\u00e9anmoins, tr\u00e8s souvent, un seul appel peut changer tous les plans et r\u00e9organiser compl\u00e8tement la journ\u00e9e.<\/p><p>Outre la rigueur, une bonne orthographe et r\u00e9daction sont \u00e9galement importantes, car son m\u00e9tier est directement li\u00e9 au monde de l&rsquo;\u00e9criture et du journalisme. <br \/>Une autre qualit\u00e9 importante concerne le relationnel. Le communicant doit \u00eatre capable de travailler avec diff\u00e9rents profils et de s\u2019arranger avec tous les clients. En d\u2019autres termes, il faut savoir trouver une approche \u00e0 chacun.<\/p>\t\t\t\t\t\t\t\t<\/div>\n\t\t\t\t<\/div>\n\t\t\t\t<div class=\"elementor-element elementor-element-45ef465 elementor-widget elementor-widget-heading\" data-id=\"45ef465\" data-element_type=\"widget\" data-e-type=\"widget\" data-widget_type=\"heading.default\">\n\t\t\t\t<div class=\"elementor-widget-container\">\n\t\t\t\t\t<h4 class=\"elementor-heading-title elementor-size-default\">L\u2019alternance, un bon compromis<\/h4>\t\t\t\t<\/div>\n\t\t\t\t<\/div>\n\t\t\t\t<div class=\"elementor-element elementor-element-ba37f09 elementor-widget elementor-widget-text-editor\" data-id=\"ba37f09\" data-element_type=\"widget\" data-e-type=\"widget\" data-widget_type=\"text-editor.default\">\n\t\t\t\t<div class=\"elementor-widget-container\">\n\t\t\t\t\t\t\t\t\t<p>Le parcours professionnel riche en exp\u00e9riences de Quentin B\u00f6rnerHingrand ne peut qu\u2019inspirer ! Le communicant vit de sa passion et encourage \u00e9galement les \u00e9tudiants \u00e0 poursuivre leurs r\u00eaves.<\/p><p><em> \u00ab Croyez en vous, croyez en vos comp\u00e9tences. M\u00eame quand on ne sait pas quelque chose, on peut vite l\u2019apprendre. Je pense qu&rsquo;il ne faut jamais avoir peur. Vous avez une envie, une id\u00e9e ? Foncez ! \u00bb<\/em><\/p>\t\t\t\t\t\t\t\t<\/div>\n\t\t\t\t<\/div>\n\t\t\t\t<div class=\"elementor-element elementor-element-320e540 elementor-widget elementor-widget-spacer\" data-id=\"320e540\" data-element_type=\"widget\" data-e-type=\"widget\" data-widget_type=\"spacer.default\">\n\t\t\t\t<div class=\"elementor-widget-container\">\n\t\t\t\t\t\t\t<div class=\"elementor-spacer\">\n\t\t\t<div class=\"elementor-spacer-inner\"><\/div>\n\t\t<\/div>\n\t\t\t\t\t\t<\/div>\n\t\t\t\t<\/div>\n\t\t\t\t<div class=\"elementor-element elementor-element-bf47efc elementor-widget elementor-widget-button\" data-id=\"bf47efc\" data-element_type=\"widget\" data-e-type=\"widget\" data-widget_type=\"button.default\">\n\t\t\t\t<div class=\"elementor-widget-container\">\n\t\t\t\t\t\t\t\t\t<div class=\"elementor-button-wrapper\">\n\t\t\t\t\t<a class=\"elementor-button elementor-button-link elementor-size-md\" href=\"http:\/\/web-peda-iutb.univ-lille.fr\/~jpo\/index.php\/portraits-danciens\/\">\n\t\t\t\t\t\t<span class=\"elementor-button-content-wrapper\">\n\t\t\t\t\t\t\t\t\t<span class=\"elementor-button-text\">Retour<\/span>\n\t\t\t\t\t<\/span>\n\t\t\t\t\t<\/a>\n\t\t\t\t<\/div>\n\t\t\t\t\t\t\t\t<\/div>\n\t\t\t\t<\/div>\n\t\t\t\t\t<\/div>\n\t\t<\/div>\n\t\t\t\t\t<\/div>\n\t\t<\/section>\n\t\t\t\t<\/div>\n\t\t","protected":false},"excerpt":{"rendered":"<p>Quentin B\u00f6rner-Hingrand : Un communicant vivant de sa passion 2010, seulement 18 ans en DUT Info-Com et d\u00e9j\u00e0 communicant pour une salle de spectacle, attach\u00e9 de presse pour Les Blaireaux et journaliste pour FrancoFans. De responsable communication des \u00e9lections r\u00e9gionales en 2015 \u00e0 communicant en freelance depuis 2016, d\u00e9couvrez ce professionnel de la communication et son parcours. C&rsquo;est \u00e0 EuraTechnologies, le plus grand incubateur de startups en Europe, o\u00f9 se trouve \u00e9galement le bureau de Monsieur Quentin B\u00f6rnerHingrand, que nous nous sommes rencontr\u00e9s pour l\u2019interview. Conteur dou\u00e9 par nature, il nous a imm\u00e9diatement captiv\u00e9 avec un r\u00e9cit passionnant de son parcours et de son m\u00e9tier d\u2019attach\u00e9 de presse et de directeur de communication en freelance. L&rsquo;homme aux multiples casquettes \u00ab Aujourd&rsquo;hui, j&rsquo;arrive \u00e0 un stade o\u00f9 j&rsquo;ai beaucoup de casquettes \u00bb nous confie t-il.En 2016, il lance son agence en freelance \u201cOurs Mal L\u00e9ch\u00e9\u201d. Il choisit ce nom, car il signifie tout le contraire de ce qu\u2019il est : quelqu\u2019un qui ne parle pas. En treize ans de carri\u00e8re, il a particip\u00e9 \u00e0 l\u2019organisation de nombreux festivals tels que le Main Square ou m\u00eame CineComedies, r\u00e9alis\u00e9 des campagnes pour l\u2019arm\u00e9e de terre, organis\u00e9 la Tour Eiffel en tyrolienne, \u00e9crit le sc\u00e9nario de vid\u00e9os en r\u00e9alit\u00e9 virtuelle, travaill\u00e9 avec Thomas VDB et Vincent Dedienne&#8230; Et bien plus encore. Des missions vari\u00e9es pour un travail charg\u00e9 en diversit\u00e9. En parall\u00e8le, il ne s\u2019arr\u00eate pas l\u00e0 et intervient \u00e0 l\u2019IUT de Lille \u2013 site de Tourcoing en tant que professeur de communication \u00e9v\u00e9nementielle. Un moyen pour lui de garder contact avec les jeunes et de partager des savoirs interg\u00e9n\u00e9rationnels. Des comp\u00e9tences diverses requises pour ce m\u00e9tier aux missions vari\u00e9es \u00ab Ce qui me pla\u00eet le plus, c\u2019est que je sais comment ma journ\u00e9e commence, mais je ne sais jamais comment elle se termine. \u00bbComme Quentin nous le confie ici, le quotidien d&rsquo;un communicant ind\u00e9pendant est rempli de divers projets, rencontres et \u00e9v\u00e9nements. Cependant, derri\u00e8re une telle activit\u00e9 se cachent un emploi du temps charg\u00e9, des horaires de travail instables et l&rsquo;absence de journ\u00e9e type. Afin d\u2019avoir le temps de tout faire, il faut \u00eatre tr\u00e8s organis\u00e9. Quentin B\u00f6rner-Hingrand tient lui-m\u00eame un carnet sp\u00e9cial dans lequel il note tout ce qui doit \u00eatre pr\u00e9par\u00e9, trait\u00e9 et r\u00e9alis\u00e9. N\u00e9anmoins, tr\u00e8s souvent, un seul appel peut changer tous les plans et r\u00e9organiser compl\u00e8tement la journ\u00e9e. Outre la rigueur, une bonne orthographe et r\u00e9daction sont \u00e9galement importantes, car son m\u00e9tier est directement li\u00e9 au monde de l&rsquo;\u00e9criture et du journalisme. Une autre qualit\u00e9 importante concerne le relationnel. Le communicant doit \u00eatre capable de travailler avec diff\u00e9rents profils et de s\u2019arranger avec tous les clients. En d\u2019autres termes, il faut savoir trouver une approche \u00e0 chacun. L\u2019alternance, un bon compromis Le parcours professionnel riche en exp\u00e9riences de Quentin B\u00f6rnerHingrand ne peut qu\u2019inspirer ! Le communicant vit de sa passion et encourage \u00e9galement les \u00e9tudiants \u00e0 poursuivre leurs r\u00eaves. \u00ab Croyez en vous, croyez en vos comp\u00e9tences. M\u00eame quand on ne sait pas quelque chose, on peut vite l\u2019apprendre. Je pense qu&rsquo;il ne faut jamais avoir peur. Vous avez une envie, une id\u00e9e ? Foncez ! \u00bb Retour<\/p>\n","protected":false},"author":1,"featured_media":0,"parent":0,"menu_order":0,"comment_status":"closed","ping_status":"closed","template":"elementor_header_footer","meta":{"footnotes":""},"class_list":["post-1922","page","type-page","status-publish","hentry","entry"],"_links":{"self":[{"href":"http:\/\/web-peda-iutb.univ-lille.fr\/~jpo\/index.php\/wp-json\/wp\/v2\/pages\/1922","targetHints":{"allow":["GET"]}}],"collection":[{"href":"http:\/\/web-peda-iutb.univ-lille.fr\/~jpo\/index.php\/wp-json\/wp\/v2\/pages"}],"about":[{"href":"http:\/\/web-peda-iutb.univ-lille.fr\/~jpo\/index.php\/wp-json\/wp\/v2\/types\/page"}],"author":[{"embeddable":true,"href":"http:\/\/web-peda-iutb.univ-lille.fr\/~jpo\/index.php\/wp-json\/wp\/v2\/users\/1"}],"replies":[{"embeddable":true,"href":"http:\/\/web-peda-iutb.univ-lille.fr\/~jpo\/index.php\/wp-json\/wp\/v2\/comments?post=1922"}],"version-history":[{"count":7,"href":"http:\/\/web-peda-iutb.univ-lille.fr\/~jpo\/index.php\/wp-json\/wp\/v2\/pages\/1922\/revisions"}],"predecessor-version":[{"id":2462,"href":"http:\/\/web-peda-iutb.univ-lille.fr\/~jpo\/index.php\/wp-json\/wp\/v2\/pages\/1922\/revisions\/2462"}],"wp:attachment":[{"href":"http:\/\/web-peda-iutb.univ-lille.fr\/~jpo\/index.php\/wp-json\/wp\/v2\/media?parent=1922"}],"curies":[{"name":"wp","href":"https:\/\/api.w.org\/{rel}","templated":true}]}}