{"id":2370,"date":"2024-01-10T19:54:28","date_gmt":"2024-01-10T18:54:28","guid":{"rendered":"http:\/\/web-peda-iutb.univ-lille.fr\/~jpo\/?page_id=2370"},"modified":"2024-01-10T19:54:28","modified_gmt":"2024-01-10T18:54:28","slug":"portrait-de-eugenie-brown","status":"publish","type":"page","link":"http:\/\/web-peda-iutb.univ-lille.fr\/~jpo\/index.php\/portrait-de-eugenie-brown\/","title":{"rendered":"Portrait d&rsquo;Eug\u00e9nie Brown"},"content":{"rendered":"\t\t<div data-elementor-type=\"wp-post\" data-elementor-id=\"2370\" class=\"elementor elementor-2370\">\n\t\t\t\t\t\t<section class=\"elementor-section elementor-top-section elementor-element elementor-element-6631910 elementor-section-boxed elementor-section-height-default elementor-section-height-default wpr-particle-no wpr-jarallax-no wpr-parallax-no wpr-sticky-section-no\" data-id=\"6631910\" data-element_type=\"section\" data-e-type=\"section\">\n\t\t\t\t\t\t<div class=\"elementor-container elementor-column-gap-default\">\n\t\t\t\t\t<div class=\"elementor-column elementor-col-100 elementor-top-column elementor-element elementor-element-c6cad8a\" data-id=\"c6cad8a\" data-element_type=\"column\" data-e-type=\"column\">\n\t\t\t<div class=\"elementor-widget-wrap elementor-element-populated\">\n\t\t\t\t\t\t<section class=\"elementor-section elementor-inner-section elementor-element elementor-element-80ecec1 elementor-section-boxed elementor-section-height-default elementor-section-height-default wpr-particle-no wpr-jarallax-no wpr-parallax-no wpr-sticky-section-no\" data-id=\"80ecec1\" data-element_type=\"section\" data-e-type=\"section\">\n\t\t\t\t\t\t<div class=\"elementor-container elementor-column-gap-default\">\n\t\t\t\t\t<div class=\"elementor-column elementor-col-50 elementor-inner-column elementor-element elementor-element-2fe3dcd\" data-id=\"2fe3dcd\" data-element_type=\"column\" data-e-type=\"column\">\n\t\t\t<div class=\"elementor-widget-wrap elementor-element-populated\">\n\t\t\t\t\t\t<div class=\"elementor-element elementor-element-5f6e27e elementor-widget elementor-widget-spacer\" data-id=\"5f6e27e\" data-element_type=\"widget\" data-e-type=\"widget\" data-widget_type=\"spacer.default\">\n\t\t\t\t<div class=\"elementor-widget-container\">\n\t\t\t\t\t\t\t<div class=\"elementor-spacer\">\n\t\t\t<div class=\"elementor-spacer-inner\"><\/div>\n\t\t<\/div>\n\t\t\t\t\t\t<\/div>\n\t\t\t\t<\/div>\n\t\t\t\t<div class=\"elementor-element elementor-element-08da94f e-transform elementor-widget elementor-widget-image\" data-id=\"08da94f\" data-element_type=\"widget\" data-e-type=\"widget\" data-settings=\"{&quot;_transform_scale_effect&quot;:{&quot;unit&quot;:&quot;px&quot;,&quot;size&quot;:0.7,&quot;sizes&quot;:[]},&quot;_transform_scale_effect_tablet&quot;:{&quot;unit&quot;:&quot;px&quot;,&quot;size&quot;:&quot;&quot;,&quot;sizes&quot;:[]},&quot;_transform_scale_effect_mobile&quot;:{&quot;unit&quot;:&quot;px&quot;,&quot;size&quot;:&quot;&quot;,&quot;sizes&quot;:[]}}\" data-widget_type=\"image.default\">\n\t\t\t\t<div class=\"elementor-widget-container\">\n\t\t\t\t\t\t\t\t\t\t\t\t\t\t\t<img fetchpriority=\"high\" decoding=\"async\" width=\"750\" height=\"750\" src=\"http:\/\/web-peda-iutb.univ-lille.fr\/~jpo\/wp-content\/uploads\/2023\/01\/1645698004230.jpeg\" class=\"attachment-large size-large wp-image-1448\" alt=\"\" srcset=\"http:\/\/web-peda-iutb.univ-lille.fr\/~jpo\/wp-content\/uploads\/2023\/01\/1645698004230.jpeg 800w, http:\/\/web-peda-iutb.univ-lille.fr\/~jpo\/wp-content\/uploads\/2023\/01\/1645698004230-300x300.jpeg 300w, http:\/\/web-peda-iutb.univ-lille.fr\/~jpo\/wp-content\/uploads\/2023\/01\/1645698004230-150x150.jpeg 150w, http:\/\/web-peda-iutb.univ-lille.fr\/~jpo\/wp-content\/uploads\/2023\/01\/1645698004230-768x768.jpeg 768w\" sizes=\"(max-width: 750px) 100vw, 750px\" style=\"width:100%;height:100%;max-width:800px\" \/>\t\t\t\t\t\t\t\t\t\t\t\t\t\t\t<\/div>\n\t\t\t\t<\/div>\n\t\t\t\t\t<\/div>\n\t\t<\/div>\n\t\t\t\t<div class=\"elementor-column elementor-col-50 elementor-inner-column elementor-element elementor-element-e157af6\" data-id=\"e157af6\" data-element_type=\"column\" data-e-type=\"column\">\n\t\t\t<div class=\"elementor-widget-wrap elementor-element-populated\">\n\t\t\t\t\t\t<div class=\"elementor-element elementor-element-7e58935 elementor-widget elementor-widget-heading\" data-id=\"7e58935\" data-element_type=\"widget\" data-e-type=\"widget\" data-widget_type=\"heading.default\">\n\t\t\t\t<div class=\"elementor-widget-container\">\n\t\t\t\t\t<h3 class=\"elementor-heading-title elementor-size-default\">Gwenn Ratinet :<\/h3>\t\t\t\t<\/div>\n\t\t\t\t<\/div>\n\t\t\t\t<div class=\"elementor-element elementor-element-c649825 elementor-widget elementor-widget-heading\" data-id=\"c649825\" data-element_type=\"widget\" data-e-type=\"widget\" data-widget_type=\"heading.default\">\n\t\t\t\t<div class=\"elementor-widget-container\">\n\t\t\t\t\t<h3 class=\"elementor-heading-title elementor-size-large\"><span class=\"elementor-heading-title elementor-size-default elementor-inline-editing pen\" data-elementor-setting-key=\"title\" data-pen-placeholder=\"\u00c9crivez ici...\" style=\"clear: both\">Charg\u00e9e de communication interne chez EDF dans la direction industrielle depuis un peu plus d\u2019un an.<\/span><\/h3>\t\t\t\t<\/div>\n\t\t\t\t<\/div>\n\t\t\t\t<div class=\"elementor-element elementor-element-903c576 elementor-widget elementor-widget-text-editor\" data-id=\"903c576\" data-element_type=\"widget\" data-e-type=\"widget\" data-widget_type=\"text-editor.default\">\n\t\t\t\t<div class=\"elementor-widget-container\">\n\t\t\t\t\t\t\t\t\t<p><span style=\"color: var( --e-global-color-text );\">C\u2019est au cafe\u0301 Jaja a\u0300 Paris que nous avons rencontre\u0301 Gwenn Ratinet. Elle arrive cinq minutes en retard, un sourire aux le\u0300vres et commande un jus de pomme. Nous discutons brie\u0300vement avec cette jeune femme pe\u0301tillante avant de commencer l\u2019interview.<\/span><\/p>\t\t\t\t\t\t\t\t<\/div>\n\t\t\t\t<\/div>\n\t\t\t\t<div class=\"elementor-element elementor-element-bfecdbd elementor-widget-divider--view-line elementor-widget elementor-widget-divider\" data-id=\"bfecdbd\" data-element_type=\"widget\" data-e-type=\"widget\" data-widget_type=\"divider.default\">\n\t\t\t\t<div class=\"elementor-widget-container\">\n\t\t\t\t\t\t\t<div class=\"elementor-divider\">\n\t\t\t<span class=\"elementor-divider-separator\">\n\t\t\t\t\t\t<\/span>\n\t\t<\/div>\n\t\t\t\t\t\t<\/div>\n\t\t\t\t<\/div>\n\t\t\t\t\t<\/div>\n\t\t<\/div>\n\t\t\t\t\t<\/div>\n\t\t<\/section>\n\t\t\t\t<div class=\"elementor-element elementor-element-79e9117 elementor-widget elementor-widget-heading\" data-id=\"79e9117\" data-element_type=\"widget\" data-e-type=\"widget\" data-widget_type=\"heading.default\">\n\t\t\t\t<div class=\"elementor-widget-container\">\n\t\t\t\t\t<h4 class=\"elementor-heading-title elementor-size-default\">Un parcours scolaire int\u00e9ressant<\/h4>\t\t\t\t<\/div>\n\t\t\t\t<\/div>\n\t\t\t\t<div class=\"elementor-element elementor-element-ea66c5d elementor-widget elementor-widget-text-editor\" data-id=\"ea66c5d\" data-element_type=\"widget\" data-e-type=\"widget\" data-widget_type=\"text-editor.default\">\n\t\t\t\t<div class=\"elementor-widget-container\">\n\t\t\t\t\t\t\t\t\t<p>Apre\u0300s son bac en 2015, le milieu du journalisme lui plait. Mais, Gwenn a peur de s\u2019enfermer dans un domaine trop pre\u0301cis. Son anne\u0301e a\u0300 Malte lui donne le temps de la re\u0301flexion et elle se rend compte qu\u2019elle veut faire des e\u0301tudes plus larges.<\/p><p><span style=\"color: var( --e-global-color-text );\">La communication s\u2019impose donc comme une e\u0301vidence.\u00a0<\/span><span style=\"color: var( --e-global-color-text );\">Gwenn Ratinet effectue alors son DUT Information Communication a\u0300 Tourcoing.<\/span><\/p><p>\u201cJ\u2019ai adore\u0301 cette formation, j\u2019en garde de tre\u0300s bons souvenirs.<\/p><p>Les profs e\u0301taient ge\u0301niaux et Lille, une super ville e\u0301tudiante\u201d, de\u0301clare-t-elle.<\/p><p>Apre\u0300s c\u0327a, elle part a\u0300 Madrid pour une anne\u0301e d&rsquo;e\u0301change.\u00a0<span style=\"color: var( --e-global-color-text );\">\u00ab\u00a0Si vous avez l\u2019opportunite\u0301 de partir avec Erasmus, faites-le.\u00a0<\/span><span style=\"color: var( --e-global-color-text );\">J\u2019ai de\u0301couvert de nouvelles cultures et plein de nouvelles personnes.<\/span><\/p><p>\u00a0<\/p><p>C\u2019est une expe\u0301rience qui a change\u0301 ma vie !\u201d nous de\u0301crit-elle des e\u0301toiles dans les yeux.<\/p><p>C\u2019est ensuite a\u0300 l\u2019IAE Paris qu\u2019elle re\u0301alise son master Management de la Marque et Communication en alternance chez Allianz.\u00a0<span style=\"color: var( --e-global-color-text );\">Pendant son master, elle utilise de nombreux cours appris pendant le DUT.<\/span><\/p><p>\u201cNous mettions en pratique les cours the\u0301oriques que j\u2019avais appris pendant mes deux anne\u0301es a\u0300 Tourcoing\u201d, explique-t-elle.<\/p><p>\u00a0<\/p><p>C\u2019est pendant son alternance que Gwenn Ratinet de\u0301couvre le domaine de la communication interne. \u201cHonne\u0302tement, pendant mes e\u0301tudes, la communication interne ne me faisait pas re\u0302ver mais aujourd\u2019hui je suis vraiment e\u0301panouie dans ce que je fais\u201d, avoue-t-elle<\/p>\t\t\t\t\t\t\t\t<\/div>\n\t\t\t\t<\/div>\n\t\t\t\t<div class=\"elementor-element elementor-element-2e276d7 elementor-widget elementor-widget-heading\" data-id=\"2e276d7\" data-element_type=\"widget\" data-e-type=\"widget\" data-widget_type=\"heading.default\">\n\t\t\t\t<div class=\"elementor-widget-container\">\n\t\t\t\t\t<h4 class=\"elementor-heading-title elementor-size-default\">Le m\u00e9tier de charg\u00e9e de communication interne chez EDF<\/h4>\t\t\t\t<\/div>\n\t\t\t\t<\/div>\n\t\t\t\t<div class=\"elementor-element elementor-element-d595302 elementor-widget elementor-widget-text-editor\" data-id=\"d595302\" data-element_type=\"widget\" data-e-type=\"widget\" data-widget_type=\"text-editor.default\">\n\t\t\t\t<div class=\"elementor-widget-container\">\n\t\t\t\t\t\t\t\t\t<p>En tant que charg\u00e9e de communication interne, ses missions sont vari\u00e9es et ses journ\u00e9es bien remplies. Elle adore la diversit\u00e9 de ses t\u00e2ches : \u201cen arrivant au travail, je sais que je vais faire quelque chose de diff\u00e9rent qu\u2019hier et que demain. Je ne m\u2019ennuie jamais !\u201d. La plus grosse partie de son travail concerne l\u2019\u00e9v\u00e9nementiel. Elle organise des \u00e9v\u00e9nements qui ont pour but de f\u00e9d\u00e9rer les employ\u00e9s.<\/p><p>Elle met notamment en place des ateliers permettant de comprendre les avanc\u00e9es de chaque p\u00f4le\u00a0et leurs r\u00e9sultats. Elle r\u00e9alise aussi des vid\u00e9os et des podcasts qui permettent \u00e0 tous les collaborateurs de comprendre les diff\u00e9rents m\u00e9tiers de sa filiale.<\/p><p><b>\u00ab\u00a0Aujourd&rsquo;hui, je peux interviewer un ing\u00e9nieur en soudure et demain je pourrai faire une vid\u00e9o sur un ing\u00e9nieur au p\u00f4le ma\u00eetrise des fabrications.\u201d\u00a0<\/b><\/p><p>\u00a0<\/p><p>Gwenn adore ce contact humain qui lui fait rencontrer tous les jours des personnes int\u00e9ressantes aux histoires diff\u00e9rentes :<\/p><p><b>\u201cLe relationnel est au centre de mon m\u00e9tier. Il faut aimer discuter et rencontrer les gens\u201d<\/b>.<\/p><p>\u00a0<\/p><p>Elle r\u00e9alise \u00e9galement des newsletters qui condensent les actualit\u00e9s de la semaine, des reportages photos ou des articles. Avec cette charge de travail, l\u2019important est d\u2019\u00eatre flexible.<\/p><p><b>\u201c2 semaines avant un gros \u00e9v\u00e9nement, je dis adieu \u00e0 mes pauses d\u00e9j&rsquo; et je sais que je vais rentrer tard le soir et travailler le weekend\u201d <\/b>nous explique-t-elle.<\/p><p>\u00a0<\/p><p>La motivation et la passion sont les cl\u00e9s de la r\u00e9ussite. Selon, Gwenn en \u00e9tant motiv\u00e9, chaque comp\u00e9tence indispensable au m\u00e9tier de charg\u00e9e de communication s\u2019apprend sur le terrain.<\/p><p><b>\u201cAvant de commencer, je n\u2019avais pas beaucoup de bases en vid\u00e9o, jamais fait de podcasts et pas d\u2019exp\u00e9riences pour organiser des \u00e9v\u00e9nements. Au final, j\u2019ai tout appris avec EDF et je m\u2019en sors tr\u00e8s bien aujourd\u2019hui\u201d\u00a0<\/b><span style=\"color: var( --e-global-color-text );\">d\u00e9clare-t-elle. C&rsquo;est un m\u00e9tier de passion que Gwenn Ratinet nous a fait d\u00e9couvrir aujourd&rsquo;hui.<\/span><\/p>\t\t\t\t\t\t\t\t<\/div>\n\t\t\t\t<\/div>\n\t\t\t\t<div class=\"elementor-element elementor-element-ce1a02f elementor-widget-divider--view-line elementor-widget elementor-widget-divider\" data-id=\"ce1a02f\" data-element_type=\"widget\" data-e-type=\"widget\" data-widget_type=\"divider.default\">\n\t\t\t\t<div class=\"elementor-widget-container\">\n\t\t\t\t\t\t\t<div class=\"elementor-divider\">\n\t\t\t<span class=\"elementor-divider-separator\">\n\t\t\t\t\t\t<\/span>\n\t\t<\/div>\n\t\t\t\t\t\t<\/div>\n\t\t\t\t<\/div>\n\t\t\t\t<div class=\"elementor-element elementor-element-0f0fce0 elementor-widget elementor-widget-heading\" data-id=\"0f0fce0\" data-element_type=\"widget\" data-e-type=\"widget\" data-widget_type=\"heading.default\">\n\t\t\t\t<div class=\"elementor-widget-container\">\n\t\t\t\t\t<h2 class=\"elementor-heading-title elementor-size-default\">L'anecdote de Gwenn<\/h2>\t\t\t\t<\/div>\n\t\t\t\t<\/div>\n\t\t\t\t<div class=\"elementor-element elementor-element-5e5697e elementor-widget elementor-widget-text-editor\" data-id=\"5e5697e\" data-element_type=\"widget\" data-e-type=\"widget\" data-widget_type=\"text-editor.default\">\n\t\t\t\t<div class=\"elementor-widget-container\">\n\t\t\t\t\t\t\t\t\t<p>\u00ab\u00a0Quand j\u2019e\u0301tais chez Allianz, une vide\u0301o du PDG a e\u0301te\u0301 tourne\u0301e et il leur manquait des figurants. Donc on m\u2019a dit \u201ctoi l\u2019alternante viens. Tu prends un mug Allianz, tu passes derrie\u0300re lui, tu remplis d&rsquo;eau et tu repars. Au moment ou\u0300 tu pars, il arrive.\u201d Je fais le tour par la\u0300 ou\u0300 on m\u2019avait dit de passer et la\u0300 le pdg qui se trompe de chemin. On s\u2019est rentre\u0301 dedans, mon mug a vole\u0301 et toute l\u2019eau s\u2019est renverse\u0301e sur lui.<\/p>\n<p>Mon premier re\u0301flexe, alors que c\u2019e\u0301tait le PDG, a e\u0301te\u0301 de lui dire \u201cmais vous ne deviez pas passer par la\u0300\u201d. Il a explose\u0301 de rire en demandant si quelqu\u2019un pouvait lui pre\u0302ter une veste pour la suite de la vide\u0301o.<\/p>\t\t\t\t\t\t\t\t<\/div>\n\t\t\t\t<\/div>\n\t\t\t\t<div class=\"elementor-element elementor-element-279d55b elementor-widget-divider--view-line elementor-widget elementor-widget-divider\" data-id=\"279d55b\" data-element_type=\"widget\" data-e-type=\"widget\" data-widget_type=\"divider.default\">\n\t\t\t\t<div class=\"elementor-widget-container\">\n\t\t\t\t\t\t\t<div class=\"elementor-divider\">\n\t\t\t<span class=\"elementor-divider-separator\">\n\t\t\t\t\t\t<\/span>\n\t\t<\/div>\n\t\t\t\t\t\t<\/div>\n\t\t\t\t<\/div>\n\t\t\t\t<div class=\"elementor-element elementor-element-742eeb4 elementor-widget elementor-widget-button\" data-id=\"742eeb4\" data-element_type=\"widget\" data-e-type=\"widget\" data-widget_type=\"button.default\">\n\t\t\t\t<div class=\"elementor-widget-container\">\n\t\t\t\t\t\t\t\t\t<div class=\"elementor-button-wrapper\">\n\t\t\t\t\t<a class=\"elementor-button elementor-button-link elementor-size-md\" href=\"http:\/\/web-peda-iutb.univ-lille.fr\/~jpo\/index.php\/portraits-danciens\/\">\n\t\t\t\t\t\t<span class=\"elementor-button-content-wrapper\">\n\t\t\t\t\t\t\t\t\t<span class=\"elementor-button-text\">Retour<\/span>\n\t\t\t\t\t<\/span>\n\t\t\t\t\t<\/a>\n\t\t\t\t<\/div>\n\t\t\t\t\t\t\t\t<\/div>\n\t\t\t\t<\/div>\n\t\t\t\t\t<\/div>\n\t\t<\/div>\n\t\t\t\t\t<\/div>\n\t\t<\/section>\n\t\t\t\t<\/div>\n\t\t","protected":false},"excerpt":{"rendered":"<p>Gwenn Ratinet : Charg\u00e9e de communication interne chez EDF dans la direction industrielle depuis un peu plus d\u2019un an. C\u2019est au cafe\u0301 Jaja a\u0300 Paris que nous avons rencontre\u0301 Gwenn Ratinet. Elle arrive cinq minutes en retard, un sourire aux le\u0300vres et commande un jus de pomme. Nous discutons brie\u0300vement avec cette jeune femme pe\u0301tillante avant de commencer l\u2019interview. Un parcours scolaire int\u00e9ressant Apre\u0300s son bac en 2015, le milieu du journalisme lui plait. Mais, Gwenn a peur de s\u2019enfermer dans un domaine trop pre\u0301cis. Son anne\u0301e a\u0300 Malte lui donne le temps de la re\u0301flexion et elle se rend compte qu\u2019elle veut faire des e\u0301tudes plus larges. La communication s\u2019impose donc comme une e\u0301vidence.\u00a0Gwenn Ratinet effectue alors son DUT Information Communication a\u0300 Tourcoing. \u201cJ\u2019ai adore\u0301 cette formation, j\u2019en garde de tre\u0300s bons souvenirs. Les profs e\u0301taient ge\u0301niaux et Lille, une super ville e\u0301tudiante\u201d, de\u0301clare-t-elle. Apre\u0300s c\u0327a, elle part a\u0300 Madrid pour une anne\u0301e d&rsquo;e\u0301change.\u00a0\u00ab\u00a0Si vous avez l\u2019opportunite\u0301 de partir avec Erasmus, faites-le.\u00a0J\u2019ai de\u0301couvert de nouvelles cultures et plein de nouvelles personnes. C\u2019est une expe\u0301rience qui a change\u0301 ma vie !\u201d nous de\u0301crit-elle des e\u0301toiles dans les yeux. C\u2019est ensuite a\u0300 l\u2019IAE Paris qu\u2019elle re\u0301alise son master Management de la Marque et Communication en alternance chez Allianz.\u00a0Pendant son master, elle utilise de nombreux cours appris pendant le DUT. \u201cNous mettions en pratique les cours the\u0301oriques que j\u2019avais appris pendant mes deux anne\u0301es a\u0300 Tourcoing\u201d, explique-t-elle. C\u2019est pendant son alternance que Gwenn Ratinet de\u0301couvre le domaine de la communication interne. \u201cHonne\u0302tement, pendant mes e\u0301tudes, la communication interne ne me faisait pas re\u0302ver mais aujourd\u2019hui je suis vraiment e\u0301panouie dans ce que je fais\u201d, avoue-t-elle Le m\u00e9tier de charg\u00e9e de communication interne chez EDF En tant que charg\u00e9e de communication interne, ses missions sont vari\u00e9es et ses journ\u00e9es bien remplies. Elle adore la diversit\u00e9 de ses t\u00e2ches : \u201cen arrivant au travail, je sais que je vais faire quelque chose de diff\u00e9rent qu\u2019hier et que demain. Je ne m\u2019ennuie jamais !\u201d. La plus grosse partie de son travail concerne l\u2019\u00e9v\u00e9nementiel. Elle organise des \u00e9v\u00e9nements qui ont pour but de f\u00e9d\u00e9rer les employ\u00e9s. Elle met notamment en place des ateliers permettant de comprendre les avanc\u00e9es de chaque p\u00f4le\u00a0et leurs r\u00e9sultats. Elle r\u00e9alise aussi des vid\u00e9os et des podcasts qui permettent \u00e0 tous les collaborateurs de comprendre les diff\u00e9rents m\u00e9tiers de sa filiale. \u00ab\u00a0Aujourd&rsquo;hui, je peux interviewer un ing\u00e9nieur en soudure et demain je pourrai faire une vid\u00e9o sur un ing\u00e9nieur au p\u00f4le ma\u00eetrise des fabrications.\u201d\u00a0 Gwenn adore ce contact humain qui lui fait rencontrer tous les jours des personnes int\u00e9ressantes aux histoires diff\u00e9rentes : \u201cLe relationnel est au centre de mon m\u00e9tier. Il faut aimer discuter et rencontrer les gens\u201d. Elle r\u00e9alise \u00e9galement des newsletters qui condensent les actualit\u00e9s de la semaine, des reportages photos ou des articles. Avec cette charge de travail, l\u2019important est d\u2019\u00eatre flexible. \u201c2 semaines avant un gros \u00e9v\u00e9nement, je dis adieu \u00e0 mes pauses d\u00e9j&rsquo; et je sais que je vais rentrer tard le soir et travailler le weekend\u201d nous explique-t-elle. La motivation et la passion sont les cl\u00e9s de la r\u00e9ussite. Selon, Gwenn en \u00e9tant motiv\u00e9, chaque comp\u00e9tence indispensable au m\u00e9tier de charg\u00e9e de communication s\u2019apprend sur le terrain. \u201cAvant de commencer, je n\u2019avais pas beaucoup de bases en vid\u00e9o, jamais fait de podcasts et pas d\u2019exp\u00e9riences pour organiser des \u00e9v\u00e9nements. Au final, j\u2019ai tout appris avec EDF et je m\u2019en sors tr\u00e8s bien aujourd\u2019hui\u201d\u00a0d\u00e9clare-t-elle. C&rsquo;est un m\u00e9tier de passion que Gwenn Ratinet nous a fait d\u00e9couvrir aujourd&rsquo;hui. L&rsquo;anecdote de Gwenn \u00ab\u00a0Quand j\u2019e\u0301tais chez Allianz, une vide\u0301o du PDG a e\u0301te\u0301 tourne\u0301e et il leur manquait des figurants. Donc on m\u2019a dit \u201ctoi l\u2019alternante viens. Tu prends un mug Allianz, tu passes derrie\u0300re lui, tu remplis d&rsquo;eau et tu repars. Au moment ou\u0300 tu pars, il arrive.\u201d Je fais le tour par la\u0300 ou\u0300 on m\u2019avait dit de passer et la\u0300 le pdg qui se trompe de chemin. On s\u2019est rentre\u0301 dedans, mon mug a vole\u0301 et toute l\u2019eau s\u2019est renverse\u0301e sur lui. Mon premier re\u0301flexe, alors que c\u2019e\u0301tait le PDG, a e\u0301te\u0301 de lui dire \u201cmais vous ne deviez pas passer par la\u0300\u201d. Il a explose\u0301 de rire en demandant si quelqu\u2019un pouvait lui pre\u0302ter une veste pour la suite de la vide\u0301o. Retour<\/p>\n","protected":false},"author":1,"featured_media":0,"parent":0,"menu_order":0,"comment_status":"closed","ping_status":"closed","template":"elementor_header_footer","meta":{"footnotes":""},"class_list":["post-2370","page","type-page","status-publish","hentry","entry"],"_links":{"self":[{"href":"http:\/\/web-peda-iutb.univ-lille.fr\/~jpo\/index.php\/wp-json\/wp\/v2\/pages\/2370","targetHints":{"allow":["GET"]}}],"collection":[{"href":"http:\/\/web-peda-iutb.univ-lille.fr\/~jpo\/index.php\/wp-json\/wp\/v2\/pages"}],"about":[{"href":"http:\/\/web-peda-iutb.univ-lille.fr\/~jpo\/index.php\/wp-json\/wp\/v2\/types\/page"}],"author":[{"embeddable":true,"href":"http:\/\/web-peda-iutb.univ-lille.fr\/~jpo\/index.php\/wp-json\/wp\/v2\/users\/1"}],"replies":[{"embeddable":true,"href":"http:\/\/web-peda-iutb.univ-lille.fr\/~jpo\/index.php\/wp-json\/wp\/v2\/comments?post=2370"}],"version-history":[{"count":1,"href":"http:\/\/web-peda-iutb.univ-lille.fr\/~jpo\/index.php\/wp-json\/wp\/v2\/pages\/2370\/revisions"}],"predecessor-version":[{"id":2373,"href":"http:\/\/web-peda-iutb.univ-lille.fr\/~jpo\/index.php\/wp-json\/wp\/v2\/pages\/2370\/revisions\/2373"}],"wp:attachment":[{"href":"http:\/\/web-peda-iutb.univ-lille.fr\/~jpo\/index.php\/wp-json\/wp\/v2\/media?parent=2370"}],"curies":[{"name":"wp","href":"https:\/\/api.w.org\/{rel}","templated":true}]}}