{"id":538,"date":"2023-01-05T12:42:15","date_gmt":"2023-01-05T11:42:15","guid":{"rendered":"http:\/\/web-peda-iutb.univ-lille.fr\/~jpo\/?page_id=538"},"modified":"2024-12-02T16:04:22","modified_gmt":"2024-12-02T15:04:22","slug":"portrait-eugenie-brown","status":"publish","type":"page","link":"http:\/\/web-peda-iutb.univ-lille.fr\/~jpo\/index.php\/portrait-eugenie-brown\/","title":{"rendered":"Portrait de Eug\u00e9nie Brown"},"content":{"rendered":"\t\t<div data-elementor-type=\"wp-page\" data-elementor-id=\"538\" class=\"elementor elementor-538\">\n\t\t\t\t\t\t<section class=\"elementor-section elementor-top-section elementor-element elementor-element-6f4ee6d2 elementor-section-boxed elementor-section-height-default elementor-section-height-default wpr-particle-no wpr-jarallax-no wpr-parallax-no wpr-sticky-section-no\" data-id=\"6f4ee6d2\" data-element_type=\"section\" data-e-type=\"section\">\n\t\t\t\t\t\t<div class=\"elementor-container elementor-column-gap-default\">\n\t\t\t\t\t<div class=\"elementor-column elementor-col-100 elementor-top-column elementor-element elementor-element-3088721d\" data-id=\"3088721d\" data-element_type=\"column\" data-e-type=\"column\">\n\t\t\t<div class=\"elementor-widget-wrap elementor-element-populated\">\n\t\t\t\t\t\t<section class=\"elementor-section elementor-inner-section elementor-element elementor-element-4ddaad47 elementor-section-boxed elementor-section-height-default elementor-section-height-default wpr-particle-no wpr-jarallax-no wpr-parallax-no wpr-sticky-section-no\" data-id=\"4ddaad47\" data-element_type=\"section\" data-e-type=\"section\">\n\t\t\t\t\t\t<div class=\"elementor-container elementor-column-gap-default\">\n\t\t\t\t\t<div class=\"elementor-column elementor-col-50 elementor-inner-column elementor-element elementor-element-3fd926ea\" data-id=\"3fd926ea\" data-element_type=\"column\" data-e-type=\"column\">\n\t\t\t<div class=\"elementor-widget-wrap elementor-element-populated\">\n\t\t\t\t\t\t<div class=\"elementor-element elementor-element-34205b78 elementor-widget elementor-widget-image\" data-id=\"34205b78\" data-element_type=\"widget\" data-e-type=\"widget\" data-widget_type=\"image.default\">\n\t\t\t\t<div class=\"elementor-widget-container\">\n\t\t\t\t\t\t\t\t\t\t\t\t\t\t\t<img fetchpriority=\"high\" decoding=\"async\" width=\"286\" height=\"293\" src=\"http:\/\/web-peda-iutb.univ-lille.fr\/~jpo\/wp-content\/uploads\/2024\/01\/Capture.jpg\" class=\"attachment-full size-full wp-image-2464\" alt=\"\" style=\"width:100%;height:102.45%;max-width:286px\" \/>\t\t\t\t\t\t\t\t\t\t\t\t\t\t\t<\/div>\n\t\t\t\t<\/div>\n\t\t\t\t\t<\/div>\n\t\t<\/div>\n\t\t\t\t<div class=\"elementor-column elementor-col-50 elementor-inner-column elementor-element elementor-element-551ac237\" data-id=\"551ac237\" data-element_type=\"column\" data-e-type=\"column\">\n\t\t\t<div class=\"elementor-widget-wrap elementor-element-populated\">\n\t\t\t\t\t\t<div class=\"elementor-element elementor-element-8828e9f elementor-widget elementor-widget-heading\" data-id=\"8828e9f\" data-element_type=\"widget\" data-e-type=\"widget\" data-widget_type=\"heading.default\">\n\t\t\t\t<div class=\"elementor-widget-container\">\n\t\t\t\t\t<h3 class=\"elementor-heading-title elementor-size-large\">Eug\u00e9nie Brown<\/h3>\t\t\t\t<\/div>\n\t\t\t\t<\/div>\n\t\t\t\t<div class=\"elementor-element elementor-element-54bb118 elementor-widget elementor-widget-heading\" data-id=\"54bb118\" data-element_type=\"widget\" data-e-type=\"widget\" data-widget_type=\"heading.default\">\n\t\t\t\t<div class=\"elementor-widget-container\">\n\t\t\t\t\t<h3 class=\"elementor-heading-title elementor-size-large\">une passion\u00e9e de culture au service de la communication :<\/h3>\t\t\t\t<\/div>\n\t\t\t\t<\/div>\n\t\t\t\t<div class=\"elementor-element elementor-element-e58a91a elementor-widget elementor-widget-text-editor\" data-id=\"e58a91a\" data-element_type=\"widget\" data-e-type=\"widget\" data-widget_type=\"text-editor.default\">\n\t\t\t\t<div class=\"elementor-widget-container\">\n\t\t\t\t\t\t\t\t\t<p><em>\u00ab Petite, mes parents me tra\u00eenaient dans les mus\u00e9es, j\u2019y ai toujours baign\u00e9. La culture, c\u2019\u00e9tait mon objectif final \u00bb<\/em>, nous confie Eug\u00e9nie Brown lors de notre interview. En \u00e9tudiant la communication, sa passion est devenue son m\u00e9tier.<\/p><p>Ancienne \u00e9tudiante du DUT Information Communication de 2012 \u00e0 2013, elle r\u00e9alise sa licence 3 Lettres et Sciences Humaines \u00e0 Valenciennes en 2015. Finalement, elle part effectuer son Master 2 en Sciences de l\u2019information et de la communication \u00e0 l&rsquo;UFR InfoCom.<\/p>\t\t\t\t\t\t\t\t<\/div>\n\t\t\t\t<\/div>\n\t\t\t\t<div class=\"elementor-element elementor-element-3c59449d elementor-widget-divider--view-line elementor-widget elementor-widget-divider\" data-id=\"3c59449d\" data-element_type=\"widget\" data-e-type=\"widget\" data-widget_type=\"divider.default\">\n\t\t\t\t<div class=\"elementor-widget-container\">\n\t\t\t\t\t\t\t<div class=\"elementor-divider\">\n\t\t\t<span class=\"elementor-divider-separator\">\n\t\t\t\t\t\t<\/span>\n\t\t<\/div>\n\t\t\t\t\t\t<\/div>\n\t\t\t\t<\/div>\n\t\t\t\t\t<\/div>\n\t\t<\/div>\n\t\t\t\t\t<\/div>\n\t\t<\/section>\n\t\t\t\t<div class=\"elementor-element elementor-element-46b9b629 elementor-widget elementor-widget-text-editor\" data-id=\"46b9b629\" data-element_type=\"widget\" data-e-type=\"widget\" data-widget_type=\"text-editor.default\">\n\t\t\t\t<div class=\"elementor-widget-container\">\n\t\t\t\t\t\t\t\t\t<p>Eug\u00e9nie a multipli\u00e9 les exp\u00e9riences professionnelles. C\u2019est \u00e0 l\u2019Op\u00e9ra de Lille, qu\u2019elle d\u00e9bute en tant que charg\u00e9e de communication web. Par la suite, elle exerce le m\u00e9tier de charg\u00e9e de communication au Palais des Beaux-Arts de Lille. Enfin, curieuse de d\u00e9couvrir le secteur priv\u00e9, Eug\u00e9nie travaille quatre ans en qualit\u00e9 de responsable communication et d\u00e9veloppement pour l\u2019agence d\u2019architecture De Alzua+. Forte de ses exp\u00e9riences, elle a su gravir rapidement les \u00e9chelons et occupe aujourd\u2019hui le poste de responsable du p\u00f4le d\u00e9veloppement et communication du Mus\u00e9e maritime et portuaire de Dunkerque.<\/p>\t\t\t\t\t\t\t\t<\/div>\n\t\t\t\t<\/div>\n\t\t\t\t<div class=\"elementor-element elementor-element-54e9719b elementor-widget elementor-widget-heading\" data-id=\"54e9719b\" data-element_type=\"widget\" data-e-type=\"widget\" data-widget_type=\"heading.default\">\n\t\t\t\t<div class=\"elementor-widget-container\">\n\t\t\t\t\t<h2 class=\"elementor-heading-title elementor-size-default\">Un m\u00e9tier aux multiples facettes<\/h2>\t\t\t\t<\/div>\n\t\t\t\t<\/div>\n\t\t\t\t<div class=\"elementor-element elementor-element-79ffa26a elementor-widget elementor-widget-text-editor\" data-id=\"79ffa26a\" data-element_type=\"widget\" data-e-type=\"widget\" data-widget_type=\"text-editor.default\">\n\t\t\t\t<div class=\"elementor-widget-container\">\n\t\t\t\t\t\t\t\t\t<p>C\u2019est donc dans un mus\u00e9e de province, r\u00e9put\u00e9 pour sa convivialit\u00e9 et son importance pour les Dunkerquois, qu\u2019Eug\u00e9nie a trouv\u00e9 sa place depuis six mois. Au quotidien, elle conduit son \u00e9quipe \u00e0 suivre la strat\u00e9gie de communication : d\u00e9velopper la notori\u00e9t\u00e9 et valoriser les collections du mus\u00e9e.<\/p><p>\u00c0 la t\u00eate d\u2019une \u00e9quipe de sept personnes, Eug\u00e9nie s\u2019applique \u00e0 \u00eatre \u00e0 l\u2019\u00e9coute du personnel. Elle se doit d\u2019\u00eatre rigoureuse et organis\u00e9e pour g\u00e9rer au mieux le p\u00f4le communication. L\u2019adaptabilit\u00e9 est \u00e9galement une qualit\u00e9 requise pour travailler dans ce milieu. \u00ab Il ne faut pas avoir un train de retard, il faut toujours tout anticiper \u00bb, nous explique-t-elle.<\/p>\t\t\t\t\t\t\t\t<\/div>\n\t\t\t\t<\/div>\n\t\t\t\t<div class=\"elementor-element elementor-element-4460e04c elementor-widget elementor-widget-heading\" data-id=\"4460e04c\" data-element_type=\"widget\" data-e-type=\"widget\" data-widget_type=\"heading.default\">\n\t\t\t\t<div class=\"elementor-widget-container\">\n\t\t\t\t\t<h4 class=\"elementor-heading-title elementor-size-default\">\u00ab Mon m\u00e9tier me permet d\u2019explorer plein d\u2019univers, c\u2019est tr\u00e8s enrichissant \u00bb<\/h4>\t\t\t\t<\/div>\n\t\t\t\t<\/div>\n\t\t\t\t<div class=\"elementor-element elementor-element-37c4cb4d elementor-widget elementor-widget-text-editor\" data-id=\"37c4cb4d\" data-element_type=\"widget\" data-e-type=\"widget\" data-widget_type=\"text-editor.default\">\n\t\t\t\t<div class=\"elementor-widget-container\">\n\t\t\t\t\t\t\t\t\t<p>Ayant soif d\u2019apprendre, Eug\u00e9nie aime se challenger et d\u00e9couvrir de nouveaux horizons. La communication lui permet d\u2019approfondir des th\u00e9matiques diverses et vari\u00e9es, comme le milieu marin au mus\u00e9e de Dunkerque ou encore le monde du spectacle \u00e0 l\u2019Op\u00e9ra de Lille. Passionn\u00e9e par la culture, elle aime ce rapport privil\u00e9gi\u00e9 qu\u2019elle entretient avec son lieu de travail. <em>\u00ab Je me sens chanceuse de pouvoir faire partie du petit bout d\u2019histoire qui permet de d\u00e9velopper la notori\u00e9t\u00e9 du mus\u00e9e \u00bb<\/em>, nous confie-t-elle.<\/p><p>\u00a0<\/p><p>Eug\u00e9nie consacre une grande partie de son temps \u00e0 ses collaborateurs. En tant que responsable de service, elle apprend depuis six mois \u00e0 manager une \u00e9quipe en plus de son r\u00f4le de communicante. \u00c0 la fois au bureau comme sur le terrain, elle tient \u00e0 s\u00e9parer le professionnel du personnel. C\u2019est pour cette raison qu\u2019elle pratique peu le t\u00e9l\u00e9travail. D\u2019apr\u00e8s elle, le m\u00e9tier de communicant est prenant et demande beaucoup d\u2019\u00e9nergie mais c\u2019est un m\u00e9tier enrichissant tant professionnellement, qu&rsquo;humainement.<\/p>\t\t\t\t\t\t\t\t<\/div>\n\t\t\t\t<\/div>\n\t\t\t\t<div class=\"elementor-element elementor-element-73aed75 elementor-widget-divider--view-line elementor-widget elementor-widget-divider\" data-id=\"73aed75\" data-element_type=\"widget\" data-e-type=\"widget\" data-widget_type=\"divider.default\">\n\t\t\t\t<div class=\"elementor-widget-container\">\n\t\t\t\t\t\t\t<div class=\"elementor-divider\">\n\t\t\t<span class=\"elementor-divider-separator\">\n\t\t\t\t\t\t<\/span>\n\t\t<\/div>\n\t\t\t\t\t\t<\/div>\n\t\t\t\t<\/div>\n\t\t\t\t<div class=\"elementor-element elementor-element-6c24264 elementor-widget elementor-widget-heading\" data-id=\"6c24264\" data-element_type=\"widget\" data-e-type=\"widget\" data-widget_type=\"heading.default\">\n\t\t\t\t<div class=\"elementor-widget-container\">\n\t\t\t\t\t<h4 class=\"elementor-heading-title elementor-size-default\">Les conseils d\u2019Eug\u00e9nie<\/h4>\t\t\t\t<\/div>\n\t\t\t\t<\/div>\n\t\t\t\t<div class=\"elementor-element elementor-element-fc0ff48 elementor-widget elementor-widget-text-editor\" data-id=\"fc0ff48\" data-element_type=\"widget\" data-e-type=\"widget\" data-widget_type=\"text-editor.default\">\n\t\t\t\t<div class=\"elementor-widget-container\">\n\t\t\t\t\t\t\t\t\t<p>Bienveillante, Eug\u00e9nie nous conseille de varier les exp\u00e9riences, afin d\u2019en apprendre plus sur le m\u00e9tier. Il faut aussi \u00eatre curieux, s\u2019int\u00e9resser au monde qui nous entoure et ne pas h\u00e9siter \u00e0 \u00eatre entreprenant. Il est important de d\u00e9velopper notre r\u00e9seau. <em>\u00ab Toutes les exp\u00e9riences professionnelles que j\u2019ai eues sont gr\u00e2ce aux rencontres que j\u2019ai faites lors de mes stages, de mon job \u00e9tudiant et de mon alternance \u00bb<\/em> nous pr\u00e9cise-t-elle<\/p>\t\t\t\t\t\t\t\t<\/div>\n\t\t\t\t<\/div>\n\t\t\t\t\t<\/div>\n\t\t<\/div>\n\t\t\t\t\t<\/div>\n\t\t<\/section>\n\t\t\t\t<section class=\"elementor-section elementor-top-section elementor-element elementor-element-9916b2c elementor-section-boxed elementor-section-height-default elementor-section-height-default wpr-particle-no wpr-jarallax-no wpr-parallax-no wpr-sticky-section-no\" data-id=\"9916b2c\" data-element_type=\"section\" data-e-type=\"section\">\n\t\t\t\t\t\t<div class=\"elementor-container elementor-column-gap-default\">\n\t\t\t\t\t<div class=\"elementor-column elementor-col-100 elementor-top-column elementor-element elementor-element-9873fa9\" data-id=\"9873fa9\" data-element_type=\"column\" data-e-type=\"column\">\n\t\t\t<div class=\"elementor-widget-wrap elementor-element-populated\">\n\t\t\t\t\t\t<div class=\"elementor-element elementor-element-3eb1037 elementor-widget elementor-widget-button\" data-id=\"3eb1037\" data-element_type=\"widget\" data-e-type=\"widget\" data-widget_type=\"button.default\">\n\t\t\t\t<div class=\"elementor-widget-container\">\n\t\t\t\t\t\t\t\t\t<div class=\"elementor-button-wrapper\">\n\t\t\t\t\t<a class=\"elementor-button elementor-button-link elementor-size-sm\" href=\"http:\/\/web-peda-iutb.univ-lille.fr\/~jpo\/index.php\/portraits-danciens\/\">\n\t\t\t\t\t\t<span class=\"elementor-button-content-wrapper\">\n\t\t\t\t\t\t\t\t\t<span class=\"elementor-button-text\">Retour <\/span>\n\t\t\t\t\t<\/span>\n\t\t\t\t\t<\/a>\n\t\t\t\t<\/div>\n\t\t\t\t\t\t\t\t<\/div>\n\t\t\t\t<\/div>\n\t\t\t\t\t<\/div>\n\t\t<\/div>\n\t\t\t\t\t<\/div>\n\t\t<\/section>\n\t\t\t\t<\/div>\n\t\t","protected":false},"excerpt":{"rendered":"<p>Eug\u00e9nie Brown une passion\u00e9e de culture au service de la communication : \u00ab Petite, mes parents me tra\u00eenaient dans les mus\u00e9es, j\u2019y ai toujours baign\u00e9. La culture, c\u2019\u00e9tait mon objectif final \u00bb, nous confie Eug\u00e9nie Brown lors de notre interview. En \u00e9tudiant la communication, sa passion est devenue son m\u00e9tier. Ancienne \u00e9tudiante du DUT Information Communication de 2012 \u00e0 2013, elle r\u00e9alise sa licence 3 Lettres et Sciences Humaines \u00e0 Valenciennes en 2015. Finalement, elle part effectuer son Master 2 en Sciences de l\u2019information et de la communication \u00e0 l&rsquo;UFR InfoCom. Eug\u00e9nie a multipli\u00e9 les exp\u00e9riences professionnelles. C\u2019est \u00e0 l\u2019Op\u00e9ra de Lille, qu\u2019elle d\u00e9bute en tant que charg\u00e9e de communication web. Par la suite, elle exerce le m\u00e9tier de charg\u00e9e de communication au Palais des Beaux-Arts de Lille. Enfin, curieuse de d\u00e9couvrir le secteur priv\u00e9, Eug\u00e9nie travaille quatre ans en qualit\u00e9 de responsable communication et d\u00e9veloppement pour l\u2019agence d\u2019architecture De Alzua+. Forte de ses exp\u00e9riences, elle a su gravir rapidement les \u00e9chelons et occupe aujourd\u2019hui le poste de responsable du p\u00f4le d\u00e9veloppement et communication du Mus\u00e9e maritime et portuaire de Dunkerque. Un m\u00e9tier aux multiples facettes C\u2019est donc dans un mus\u00e9e de province, r\u00e9put\u00e9 pour sa convivialit\u00e9 et son importance pour les Dunkerquois, qu\u2019Eug\u00e9nie a trouv\u00e9 sa place depuis six mois. Au quotidien, elle conduit son \u00e9quipe \u00e0 suivre la strat\u00e9gie de communication : d\u00e9velopper la notori\u00e9t\u00e9 et valoriser les collections du mus\u00e9e. \u00c0 la t\u00eate d\u2019une \u00e9quipe de sept personnes, Eug\u00e9nie s\u2019applique \u00e0 \u00eatre \u00e0 l\u2019\u00e9coute du personnel. Elle se doit d\u2019\u00eatre rigoureuse et organis\u00e9e pour g\u00e9rer au mieux le p\u00f4le communication. L\u2019adaptabilit\u00e9 est \u00e9galement une qualit\u00e9 requise pour travailler dans ce milieu. \u00ab Il ne faut pas avoir un train de retard, il faut toujours tout anticiper \u00bb, nous explique-t-elle. \u00ab Mon m\u00e9tier me permet d\u2019explorer plein d\u2019univers, c\u2019est tr\u00e8s enrichissant \u00bb Ayant soif d\u2019apprendre, Eug\u00e9nie aime se challenger et d\u00e9couvrir de nouveaux horizons. La communication lui permet d\u2019approfondir des th\u00e9matiques diverses et vari\u00e9es, comme le milieu marin au mus\u00e9e de Dunkerque ou encore le monde du spectacle \u00e0 l\u2019Op\u00e9ra de Lille. Passionn\u00e9e par la culture, elle aime ce rapport privil\u00e9gi\u00e9 qu\u2019elle entretient avec son lieu de travail. \u00ab Je me sens chanceuse de pouvoir faire partie du petit bout d\u2019histoire qui permet de d\u00e9velopper la notori\u00e9t\u00e9 du mus\u00e9e \u00bb, nous confie-t-elle. \u00a0 Eug\u00e9nie consacre une grande partie de son temps \u00e0 ses collaborateurs. En tant que responsable de service, elle apprend depuis six mois \u00e0 manager une \u00e9quipe en plus de son r\u00f4le de communicante. \u00c0 la fois au bureau comme sur le terrain, elle tient \u00e0 s\u00e9parer le professionnel du personnel. C\u2019est pour cette raison qu\u2019elle pratique peu le t\u00e9l\u00e9travail. D\u2019apr\u00e8s elle, le m\u00e9tier de communicant est prenant et demande beaucoup d\u2019\u00e9nergie mais c\u2019est un m\u00e9tier enrichissant tant professionnellement, qu&rsquo;humainement. Les conseils d\u2019Eug\u00e9nie Bienveillante, Eug\u00e9nie nous conseille de varier les exp\u00e9riences, afin d\u2019en apprendre plus sur le m\u00e9tier. Il faut aussi \u00eatre curieux, s\u2019int\u00e9resser au monde qui nous entoure et ne pas h\u00e9siter \u00e0 \u00eatre entreprenant. Il est important de d\u00e9velopper notre r\u00e9seau. \u00ab Toutes les exp\u00e9riences professionnelles que j\u2019ai eues sont gr\u00e2ce aux rencontres que j\u2019ai faites lors de mes stages, de mon job \u00e9tudiant et de mon alternance \u00bb nous pr\u00e9cise-t-elle Retour<\/p>\n","protected":false},"author":1,"featured_media":0,"parent":0,"menu_order":0,"comment_status":"closed","ping_status":"closed","template":"elementor_header_footer","meta":{"footnotes":""},"class_list":["post-538","page","type-page","status-publish","hentry","entry"],"_links":{"self":[{"href":"http:\/\/web-peda-iutb.univ-lille.fr\/~jpo\/index.php\/wp-json\/wp\/v2\/pages\/538","targetHints":{"allow":["GET"]}}],"collection":[{"href":"http:\/\/web-peda-iutb.univ-lille.fr\/~jpo\/index.php\/wp-json\/wp\/v2\/pages"}],"about":[{"href":"http:\/\/web-peda-iutb.univ-lille.fr\/~jpo\/index.php\/wp-json\/wp\/v2\/types\/page"}],"author":[{"embeddable":true,"href":"http:\/\/web-peda-iutb.univ-lille.fr\/~jpo\/index.php\/wp-json\/wp\/v2\/users\/1"}],"replies":[{"embeddable":true,"href":"http:\/\/web-peda-iutb.univ-lille.fr\/~jpo\/index.php\/wp-json\/wp\/v2\/comments?post=538"}],"version-history":[{"count":165,"href":"http:\/\/web-peda-iutb.univ-lille.fr\/~jpo\/index.php\/wp-json\/wp\/v2\/pages\/538\/revisions"}],"predecessor-version":[{"id":2589,"href":"http:\/\/web-peda-iutb.univ-lille.fr\/~jpo\/index.php\/wp-json\/wp\/v2\/pages\/538\/revisions\/2589"}],"wp:attachment":[{"href":"http:\/\/web-peda-iutb.univ-lille.fr\/~jpo\/index.php\/wp-json\/wp\/v2\/media?parent=538"}],"curies":[{"name":"wp","href":"https:\/\/api.w.org\/{rel}","templated":true}]}}