{"id":56,"date":"2022-12-15T14:16:12","date_gmt":"2022-12-15T13:16:12","guid":{"rendered":"http:\/\/web-peda-iutb.univ-lille.fr\/~jpo\/?page_id=56"},"modified":"2026-01-19T16:36:46","modified_gmt":"2026-01-19T15:36:46","slug":"accueil-2","status":"publish","type":"page","link":"http:\/\/web-peda-iutb.univ-lille.fr\/~jpo\/","title":{"rendered":"Accueil"},"content":{"rendered":"\t\t<div data-elementor-type=\"wp-page\" data-elementor-id=\"56\" class=\"elementor elementor-56\">\n\t\t\t\t\t\t<section class=\"elementor-section elementor-top-section elementor-element elementor-element-aa82bc0 elementor-section-boxed elementor-section-height-default elementor-section-height-default wpr-particle-no wpr-jarallax-no wpr-parallax-no wpr-sticky-section-no\" data-id=\"aa82bc0\" data-element_type=\"section\" data-e-type=\"section\">\n\t\t\t\t\t\t<div class=\"elementor-container elementor-column-gap-default\">\n\t\t\t\t\t<div class=\"elementor-column elementor-col-100 elementor-top-column elementor-element elementor-element-8f4e49d\" data-id=\"8f4e49d\" data-element_type=\"column\" data-e-type=\"column\">\n\t\t\t<div class=\"elementor-widget-wrap elementor-element-populated\">\n\t\t\t\t\t\t<div class=\"elementor-element elementor-element-61e6433 elementor-widget elementor-widget-spacer\" data-id=\"61e6433\" data-element_type=\"widget\" data-e-type=\"widget\" data-widget_type=\"spacer.default\">\n\t\t\t\t<div class=\"elementor-widget-container\">\n\t\t\t\t\t\t\t<div class=\"elementor-spacer\">\n\t\t\t<div class=\"elementor-spacer-inner\"><\/div>\n\t\t<\/div>\n\t\t\t\t\t\t<\/div>\n\t\t\t\t<\/div>\n\t\t\t\t<section class=\"elementor-section elementor-inner-section elementor-element elementor-element-a5ddd6a elementor-section-boxed elementor-section-height-default elementor-section-height-default wpr-particle-no wpr-jarallax-no wpr-parallax-no wpr-sticky-section-no\" data-id=\"a5ddd6a\" data-element_type=\"section\" data-e-type=\"section\">\n\t\t\t\t\t\t<div class=\"elementor-container elementor-column-gap-default\">\n\t\t\t\t\t<div class=\"elementor-column elementor-col-100 elementor-inner-column elementor-element elementor-element-7c17ecf\" data-id=\"7c17ecf\" data-element_type=\"column\" data-e-type=\"column\">\n\t\t\t<div class=\"elementor-widget-wrap elementor-element-populated\">\n\t\t\t\t\t\t<div class=\"elementor-element elementor-element-064d790 elementor-widget__width-initial elementor-widget elementor-widget-heading\" data-id=\"064d790\" data-element_type=\"widget\" data-e-type=\"widget\" data-widget_type=\"heading.default\">\n\t\t\t\t<div class=\"elementor-widget-container\">\n\t\t\t\t\t<h2 class=\"elementor-heading-title elementor-size-default\">JPO 2026 - le 31 Janvier de 9h \u00e0 17h<\/h2>\t\t\t\t<\/div>\n\t\t\t\t<\/div>\n\t\t\t\t<div class=\"elementor-element elementor-element-1fdb4a6 elementor-invisible elementor-widget elementor-widget-text-editor\" data-id=\"1fdb4a6\" data-element_type=\"widget\" data-e-type=\"widget\" data-settings=\"{&quot;_animation&quot;:&quot;slideInDown&quot;}\" data-widget_type=\"text-editor.default\">\n\t\t\t\t<div class=\"elementor-widget-container\">\n\t\t\t\t\t\t\t\t\t<p>En raison du plan vigipirate, l&rsquo;acc\u00e8s aux journ\u00e9es portes ouvertes sur l&rsquo;ensemble des campus de l&rsquo;universit\u00e9 de Lille n\u00e9cessite une inscription. N&rsquo;oubliez pas de remplir le formulaire !<\/p>\t\t\t\t\t\t\t\t<\/div>\n\t\t\t\t<\/div>\n\t\t\t\t<div class=\"elementor-element elementor-element-8c87d9f elementor-align-center elementor-widget elementor-widget-button\" data-id=\"8c87d9f\" data-element_type=\"widget\" data-e-type=\"widget\" data-widget_type=\"button.default\">\n\t\t\t\t<div class=\"elementor-widget-container\">\n\t\t\t\t\t\t\t\t\t<div class=\"elementor-button-wrapper\">\n\t\t\t\t\t<a class=\"elementor-button elementor-button-link elementor-size-sm elementor-animation-grow\" href=\"https:\/\/www.univ-lille.fr\/jpo-de-luniversite-de-lille-2026\" target=\"_blank\">\n\t\t\t\t\t\t<span class=\"elementor-button-content-wrapper\">\n\t\t\t\t\t\t<span class=\"elementor-button-icon\">\n\t\t\t\t<i aria-hidden=\"true\" class=\"fas fa-external-link-alt\"><\/i>\t\t\t<\/span>\n\t\t\t\t\t\t\t\t\t<span class=\"elementor-button-text\">Je m'inscris ici ! <\/span>\n\t\t\t\t\t<\/span>\n\t\t\t\t\t<\/a>\n\t\t\t\t<\/div>\n\t\t\t\t\t\t\t\t<\/div>\n\t\t\t\t<\/div>\n\t\t\t\t\t<\/div>\n\t\t<\/div>\n\t\t\t\t\t<\/div>\n\t\t<\/section>\n\t\t\t\t<div class=\"elementor-element elementor-element-b5b922f elementor-widget elementor-widget-image\" data-id=\"b5b922f\" data-element_type=\"widget\" data-e-type=\"widget\" data-widget_type=\"image.default\">\n\t\t\t\t<div class=\"elementor-widget-container\">\n\t\t\t\t\t\t\t\t\t\t\t\t\t\t\t<img fetchpriority=\"high\" decoding=\"async\" width=\"695\" height=\"602\" src=\"http:\/\/web-peda-iutb.univ-lille.fr\/~jpo\/wp-content\/uploads\/2026\/01\/Capture-decran-2026-01-13-102203.png\" class=\"attachment-full size-full wp-image-2782\" alt=\"\" srcset=\"http:\/\/web-peda-iutb.univ-lille.fr\/~jpo\/wp-content\/uploads\/2026\/01\/Capture-decran-2026-01-13-102203.png 695w, http:\/\/web-peda-iutb.univ-lille.fr\/~jpo\/wp-content\/uploads\/2026\/01\/Capture-decran-2026-01-13-102203-300x260.png 300w\" sizes=\"(max-width: 695px) 100vw, 695px\" style=\"width:100%;height:86.62%;max-width:695px\" \/>\t\t\t\t\t\t\t\t\t\t\t\t\t\t\t<\/div>\n\t\t\t\t<\/div>\n\t\t\t\t<div class=\"elementor-element elementor-element-a5e6505 elementor-widget elementor-widget-heading\" data-id=\"a5e6505\" data-element_type=\"widget\" data-e-type=\"widget\" data-widget_type=\"heading.default\">\n\t\t\t\t<div class=\"elementor-widget-container\">\n\t\t\t\t\t<h3 class=\"elementor-heading-title elementor-size-default\">Venez vous informer sur nos formations et leurs d\u00e9bouch\u00e9s.<\/h3>\t\t\t\t<\/div>\n\t\t\t\t<\/div>\n\t\t\t\t<div class=\"elementor-element elementor-element-f71905c elementor-widget elementor-widget-text-editor\" data-id=\"f71905c\" data-element_type=\"widget\" data-e-type=\"widget\" data-widget_type=\"text-editor.default\">\n\t\t\t\t<div class=\"elementor-widget-container\">\n\t\t\t\t\t\t\t\t\t<p>Les \u00e9tudiants et les enseignants de l&rsquo;IUT seront pr\u00e9sents sur le site pour r\u00e9pondre \u00e0 toutes vos questions et vous faire visiter l&rsquo;\u00e9tablissement. Il sera \u00e9galement possible de suivre des conf\u00e9rences de pr\u00e9sentation des diff\u00e9rents BUT et de leurs d\u00e9bouch\u00e9s. Pas le temps de suivre une conf\u00e9rence ? <br \/>Les conf\u00e9rences seront film\u00e9es et rediffus\u00e9es sur Youtube pour vous permettre de les visionner plus tard ! Un lien sera propos\u00e9 sur le site de l&rsquo;IUT.<\/p>\t\t\t\t\t\t\t\t<\/div>\n\t\t\t\t<\/div>\n\t\t\t\t<div class=\"elementor-element elementor-element-45743be elementor-widget elementor-widget-spacer\" data-id=\"45743be\" data-element_type=\"widget\" data-e-type=\"widget\" data-widget_type=\"spacer.default\">\n\t\t\t\t<div class=\"elementor-widget-container\">\n\t\t\t\t\t\t\t<div class=\"elementor-spacer\">\n\t\t\t<div class=\"elementor-spacer-inner\"><\/div>\n\t\t<\/div>\n\t\t\t\t\t\t<\/div>\n\t\t\t\t<\/div>\n\t\t\t\t<div class=\"elementor-element elementor-element-3ced935 elementor-widget elementor-widget-heading\" data-id=\"3ced935\" data-element_type=\"widget\" data-e-type=\"widget\" data-widget_type=\"heading.default\">\n\t\t\t\t<div class=\"elementor-widget-container\">\n\t\t\t\t\t<h3 class=\"elementor-heading-title elementor-size-default\">Les formations de l'IUT :<\/h3>\t\t\t\t<\/div>\n\t\t\t\t<\/div>\n\t\t\t\t<div class=\"elementor-element elementor-element-b223964 elementor-widget elementor-widget-spacer\" data-id=\"b223964\" data-element_type=\"widget\" data-e-type=\"widget\" data-widget_type=\"spacer.default\">\n\t\t\t\t<div class=\"elementor-widget-container\">\n\t\t\t\t\t\t\t<div class=\"elementor-spacer\">\n\t\t\t<div class=\"elementor-spacer-inner\"><\/div>\n\t\t<\/div>\n\t\t\t\t\t\t<\/div>\n\t\t\t\t<\/div>\n\t\t\t\t<section class=\"elementor-section elementor-inner-section elementor-element elementor-element-715f71e elementor-section-boxed elementor-section-height-default elementor-section-height-default wpr-particle-no wpr-jarallax-no wpr-parallax-no wpr-sticky-section-no\" data-id=\"715f71e\" data-element_type=\"section\" data-e-type=\"section\" data-settings=\"{&quot;background_background&quot;:&quot;classic&quot;}\">\n\t\t\t\t\t\t<div class=\"elementor-container elementor-column-gap-custom\">\n\t\t\t\t\t<div class=\"elementor-column elementor-col-33 elementor-inner-column elementor-element elementor-element-cc5edb1\" data-id=\"cc5edb1\" data-element_type=\"column\" data-e-type=\"column\">\n\t\t\t<div class=\"elementor-widget-wrap elementor-element-populated\">\n\t\t\t\t\t\t<div class=\"elementor-element elementor-element-571946f elementor-widget elementor-widget-heading\" data-id=\"571946f\" data-element_type=\"widget\" data-e-type=\"widget\" data-widget_type=\"heading.default\">\n\t\t\t\t<div class=\"elementor-widget-container\">\n\t\t\t\t\t<h4 class=\"elementor-heading-title elementor-size-default\">Information et communication <\/h4>\t\t\t\t<\/div>\n\t\t\t\t<\/div>\n\t\t\t\t<div class=\"elementor-element elementor-element-87e3e8c elementor-widget elementor-widget-spacer\" data-id=\"87e3e8c\" data-element_type=\"widget\" data-e-type=\"widget\" data-widget_type=\"spacer.default\">\n\t\t\t\t<div class=\"elementor-widget-container\">\n\t\t\t\t\t\t\t<div class=\"elementor-spacer\">\n\t\t\t<div class=\"elementor-spacer-inner\"><\/div>\n\t\t<\/div>\n\t\t\t\t\t\t<\/div>\n\t\t\t\t<\/div>\n\t\t\t\t<div class=\"elementor-element elementor-element-c5368da elementor-widget elementor-widget-text-editor\" data-id=\"c5368da\" data-element_type=\"widget\" data-e-type=\"widget\" data-widget_type=\"text-editor.default\">\n\t\t\t\t<div class=\"elementor-widget-container\">\n\t\t\t\t\t\t\t\t\t<ul><li><strong>BUT Information et Communication<\/strong><br \/>parcours Communication des organisations<\/li><li><strong>BUT Information et Communication<\/strong><br \/>parcours M\u00e9tiers du livre et du patrimoine \u00a0<\/li><li><strong>Licence Professionnelle<\/strong><br \/>Librairie<\/li><\/ul>\t\t\t\t\t\t\t\t<\/div>\n\t\t\t\t<\/div>\n\t\t\t\t<div class=\"elementor-element elementor-element-9e7e09e elementor-widget elementor-widget-heading\" data-id=\"9e7e09e\" data-element_type=\"widget\" data-e-type=\"widget\" data-widget_type=\"heading.default\">\n\t\t\t\t<div class=\"elementor-widget-container\">\n\t\t\t\t\t<h3 class=\"elementor-heading-title elementor-size-default\">Les conf\u00e9rences :<\/h3>\t\t\t\t<\/div>\n\t\t\t\t<\/div>\n\t\t\t\t<div class=\"elementor-element elementor-element-7e70ff9 elementor-widget elementor-widget-text-editor\" data-id=\"7e70ff9\" data-element_type=\"widget\" data-e-type=\"widget\" data-widget_type=\"text-editor.default\">\n\t\t\t\t<div class=\"elementor-widget-container\">\n\t\t\t\t\t\t\t\t\t<ul>\n<li><strong>Pr\u00e9sentation des formations et des m\u00e9tiers de la communication<\/strong>\n<ul>\n<li>10h15 &#8211; Amphi Samuel Paty 122 (1er \u00e9tage)<\/li>\n<li>14h15 &#8211; Amphi Samuel Paty 122 (1er \u00e9tage)<\/li>\n<\/ul>\n<\/li>\n<\/ul>\n<ul>\n<li><strong>Pr\u00e9sentation des formations et des m\u00e9tiers du livre<\/strong>\n<ul>\n<li>10h30 &#8211; Amphi 017 (rdc)<\/li>\n<li>15h15 &#8211; Amphi 017 (rdc)<\/li>\n<\/ul>\n<\/li>\n<\/ul>\t\t\t\t\t\t\t\t<\/div>\n\t\t\t\t<\/div>\n\t\t\t\t<div class=\"elementor-element elementor-element-1172068 elementor-align-center elementor-widget elementor-widget-button\" data-id=\"1172068\" data-element_type=\"widget\" data-e-type=\"widget\" data-widget_type=\"button.default\">\n\t\t\t\t<div class=\"elementor-widget-container\">\n\t\t\t\t\t\t\t\t\t<div class=\"elementor-button-wrapper\">\n\t\t\t\t\t<a class=\"elementor-button elementor-button-link elementor-size-sm\" href=\"http:\/\/web-peda-iutb.univ-lille.fr\/~jpo\/index.php\/les-metiers-de-la-communication\/\">\n\t\t\t\t\t\t<span class=\"elementor-button-content-wrapper\">\n\t\t\t\t\t\t\t\t\t<span class=\"elementor-button-text\">Fiches m\u00e9tiers<\/span>\n\t\t\t\t\t<\/span>\n\t\t\t\t\t<\/a>\n\t\t\t\t<\/div>\n\t\t\t\t\t\t\t\t<\/div>\n\t\t\t\t<\/div>\n\t\t\t\t<div class=\"elementor-element elementor-element-d2409dd elementor-align-center elementor-widget elementor-widget-button\" data-id=\"d2409dd\" data-element_type=\"widget\" data-e-type=\"widget\" data-widget_type=\"button.default\">\n\t\t\t\t<div class=\"elementor-widget-container\">\n\t\t\t\t\t\t\t\t\t<div class=\"elementor-button-wrapper\">\n\t\t\t\t\t<a class=\"elementor-button elementor-button-link elementor-size-sm\" href=\"http:\/\/web-peda-iutb.univ-lille.fr\/~jpo\/index.php\/portraits-danciens\/\">\n\t\t\t\t\t\t<span class=\"elementor-button-content-wrapper\">\n\t\t\t\t\t\t\t\t\t<span class=\"elementor-button-text\">Portraits d'anciens<\/span>\n\t\t\t\t\t<\/span>\n\t\t\t\t\t<\/a>\n\t\t\t\t<\/div>\n\t\t\t\t\t\t\t\t<\/div>\n\t\t\t\t<\/div>\n\t\t\t\t<div class=\"elementor-element elementor-element-1d3dd2f elementor-align-center elementor-widget elementor-widget-button\" data-id=\"1d3dd2f\" data-element_type=\"widget\" data-e-type=\"widget\" data-widget_type=\"button.default\">\n\t\t\t\t<div class=\"elementor-widget-container\">\n\t\t\t\t\t\t\t\t\t<div class=\"elementor-button-wrapper\">\n\t\t\t\t\t<a class=\"elementor-button elementor-button-link elementor-size-sm\" href=\"http:\/\/web-peda-iutb.univ-lille.fr\/~jpo\/index.php\/videos\/\">\n\t\t\t\t\t\t<span class=\"elementor-button-content-wrapper\">\n\t\t\t\t\t\t<span class=\"elementor-button-icon\">\n\t\t\t\t<i aria-hidden=\"true\" class=\"fas fa-video\"><\/i>\t\t\t<\/span>\n\t\t\t\t\t\t\t\t\t<span class=\"elementor-button-text\">Vid\u00e9os<\/span>\n\t\t\t\t\t<\/span>\n\t\t\t\t\t<\/a>\n\t\t\t\t<\/div>\n\t\t\t\t\t\t\t\t<\/div>\n\t\t\t\t<\/div>\n\t\t\t\t\t<\/div>\n\t\t<\/div>\n\t\t\t\t<div class=\"elementor-column elementor-col-33 elementor-inner-column elementor-element elementor-element-3cfa624\" data-id=\"3cfa624\" data-element_type=\"column\" data-e-type=\"column\">\n\t\t\t<div class=\"elementor-widget-wrap elementor-element-populated\">\n\t\t\t\t\t\t<div class=\"elementor-element elementor-element-23857a8 elementor-widget elementor-widget-heading\" data-id=\"23857a8\" data-element_type=\"widget\" data-e-type=\"widget\" data-widget_type=\"heading.default\">\n\t\t\t\t<div class=\"elementor-widget-container\">\n\t\t\t\t\t<h4 class=\"elementor-heading-title elementor-size-default\">Management de la logistique &amp; des transports (Ex GLT)<\/h4>\t\t\t\t<\/div>\n\t\t\t\t<\/div>\n\t\t\t\t<div class=\"elementor-element elementor-element-4ddef3b elementor-widget elementor-widget-text-editor\" data-id=\"4ddef3b\" data-element_type=\"widget\" data-e-type=\"widget\" data-widget_type=\"text-editor.default\">\n\t\t\t\t<div class=\"elementor-widget-container\">\n\t\t\t\t\t\t\t\t\t<ul>\n <li><strong>BUT Management de la logistique et des transports<br><\/strong>\napprentissage et formation initiale\n<\/li>\n<\/ul>\t\t\t\t\t\t\t\t<\/div>\n\t\t\t\t<\/div>\n\t\t\t\t<div class=\"elementor-element elementor-element-a233aca elementor-widget elementor-widget-heading\" data-id=\"a233aca\" data-element_type=\"widget\" data-e-type=\"widget\" data-widget_type=\"heading.default\">\n\t\t\t\t<div class=\"elementor-widget-container\">\n\t\t\t\t\t<h3 class=\"elementor-heading-title elementor-size-default\">Les conf\u00e9rences :<\/h3>\t\t\t\t<\/div>\n\t\t\t\t<\/div>\n\t\t\t\t<div class=\"elementor-element elementor-element-3cc7650 elementor-widget elementor-widget-text-editor\" data-id=\"3cc7650\" data-element_type=\"widget\" data-e-type=\"widget\" data-widget_type=\"text-editor.default\">\n\t\t\t\t<div class=\"elementor-widget-container\">\n\t\t\t\t\t\t\t\t\t<ul><li><strong>Pr\u00e9sentation des formations et des m\u00e9tiers du Management de la Logistique et des Transports<\/strong><ul><li>10h30 &#8211; Salle 234 (2e \u00e9tage)<\/li><li>14h30 &#8211;\u00a0<span style=\"font-family: -apple-system, blinkmacsystemfont, 'segoe ui', roboto, oxygen-sans, ubuntu, cantarell, 'helvetica neue', sans-serif; orphans: 2; widows: 2;\">Salle 234 (2e \u00e9tage)<\/span><\/li><\/ul><\/li><\/ul><ul><li><strong>Pr\u00e9sentation du BUT MLT en apprentissage<\/strong><ul><li>Toute la journ\u00e9e &#8211; Salles 211, 212 (2e \u00e9tage)<\/li><\/ul><\/li><\/ul><ul><li><strong>Pr\u00e9sentation du BUT MLT en initial<\/strong><ul><li>Toute la journ\u00e9e &#8211; Salle 210 (2e \u00e9tage)<\/li><\/ul><\/li><\/ul>\t\t\t\t\t\t\t\t<\/div>\n\t\t\t\t<\/div>\n\t\t\t\t<div class=\"elementor-element elementor-element-4ef20b6 elementor-align-center elementor-widget elementor-widget-button\" data-id=\"4ef20b6\" data-element_type=\"widget\" data-e-type=\"widget\" data-widget_type=\"button.default\">\n\t\t\t\t<div class=\"elementor-widget-container\">\n\t\t\t\t\t\t\t\t\t<div class=\"elementor-button-wrapper\">\n\t\t\t\t\t<a class=\"elementor-button elementor-button-link elementor-size-sm\" href=\"http:\/\/web-peda-iutb.univ-lille.fr\/~jpo\/index.php\/metiers-de-la-logistique-et-des-transports\/\">\n\t\t\t\t\t\t<span class=\"elementor-button-content-wrapper\">\n\t\t\t\t\t\t\t\t\t<span class=\"elementor-button-text\">Fiches m\u00e9tiers<\/span>\n\t\t\t\t\t<\/span>\n\t\t\t\t\t<\/a>\n\t\t\t\t<\/div>\n\t\t\t\t\t\t\t\t<\/div>\n\t\t\t\t<\/div>\n\t\t\t\t\t<\/div>\n\t\t<\/div>\n\t\t\t\t<div class=\"elementor-column elementor-col-33 elementor-inner-column elementor-element elementor-element-51da25c\" data-id=\"51da25c\" data-element_type=\"column\" data-e-type=\"column\">\n\t\t\t<div class=\"elementor-widget-wrap elementor-element-populated\">\n\t\t\t\t\t\t<div class=\"elementor-element elementor-element-95dd4eb elementor-widget elementor-widget-heading\" data-id=\"95dd4eb\" data-element_type=\"widget\" data-e-type=\"widget\" data-widget_type=\"heading.default\">\n\t\t\t\t<div class=\"elementor-widget-container\">\n\t\t\t\t\t<h4 class=\"elementor-heading-title elementor-size-default\">Carri\u00e8res Sociales<\/h4>\t\t\t\t<\/div>\n\t\t\t\t<\/div>\n\t\t\t\t<div class=\"elementor-element elementor-element-d726f3e elementor-widget elementor-widget-spacer\" data-id=\"d726f3e\" data-element_type=\"widget\" data-e-type=\"widget\" data-widget_type=\"spacer.default\">\n\t\t\t\t<div class=\"elementor-widget-container\">\n\t\t\t\t\t\t\t<div class=\"elementor-spacer\">\n\t\t\t<div class=\"elementor-spacer-inner\"><\/div>\n\t\t<\/div>\n\t\t\t\t\t\t<\/div>\n\t\t\t\t<\/div>\n\t\t\t\t<div class=\"elementor-element elementor-element-0b8a871 elementor-widget elementor-widget-spacer\" data-id=\"0b8a871\" data-element_type=\"widget\" data-e-type=\"widget\" data-widget_type=\"spacer.default\">\n\t\t\t\t<div class=\"elementor-widget-container\">\n\t\t\t\t\t\t\t<div class=\"elementor-spacer\">\n\t\t\t<div class=\"elementor-spacer-inner\"><\/div>\n\t\t<\/div>\n\t\t\t\t\t\t<\/div>\n\t\t\t\t<\/div>\n\t\t\t\t<div class=\"elementor-element elementor-element-86707e1 elementor-widget elementor-widget-text-editor\" data-id=\"86707e1\" data-element_type=\"widget\" data-e-type=\"widget\" data-widget_type=\"text-editor.default\">\n\t\t\t\t<div class=\"elementor-widget-container\">\n\t\t\t\t\t\t\t\t\t<ul>\n \t<li><strong>BUT Animation Sociale et Socio-Culturelle (ASSC)<\/strong><br>formation initiale<\/li>\n \t<li><strong>BUT \u00c9ducation Sp\u00e9cialis\u00e9e (ES)<\/strong><br> formation initiale<\/li>\n \t<li><strong>BUT Villes et Territoires Durables (VTD) <\/strong><br> formation initiale<\/li>\n<\/ul>\t\t\t\t\t\t\t\t<\/div>\n\t\t\t\t<\/div>\n\t\t\t\t<div class=\"elementor-element elementor-element-b93b269 elementor-widget elementor-widget-heading\" data-id=\"b93b269\" data-element_type=\"widget\" data-e-type=\"widget\" data-widget_type=\"heading.default\">\n\t\t\t\t<div class=\"elementor-widget-container\">\n\t\t\t\t\t<h3 class=\"elementor-heading-title elementor-size-default\">Les conf\u00e9rences :<\/h3>\t\t\t\t<\/div>\n\t\t\t\t<\/div>\n\t\t\t\t<div class=\"elementor-element elementor-element-3c68a0b elementor-widget elementor-widget-text-editor\" data-id=\"3c68a0b\" data-element_type=\"widget\" data-e-type=\"widget\" data-widget_type=\"text-editor.default\">\n\t\t\t\t<div class=\"elementor-widget-container\">\n\t\t\t\t\t\t\t\t\t<ul>\n \t<li><strong>Pr\u00e9sentation des formations et des m\u00e9tiers du travail social\u00a0<\/strong>\n<ul>\n \t<li>9h30 &#8211; 11h15 &#8211; 15h15 &#8211; Amphi Samuel Paty 122 (1er \u00e9tage)<\/li>\n<\/ul>\n<\/li>\n<\/ul>\t\t\t\t\t\t\t\t<\/div>\n\t\t\t\t<\/div>\n\t\t\t\t<div class=\"elementor-element elementor-element-6bd0cd5 elementor-align-center elementor-widget elementor-widget-button\" data-id=\"6bd0cd5\" data-element_type=\"widget\" data-e-type=\"widget\" data-widget_type=\"button.default\">\n\t\t\t\t<div class=\"elementor-widget-container\">\n\t\t\t\t\t\t\t\t\t<div class=\"elementor-button-wrapper\">\n\t\t\t\t\t<a class=\"elementor-button elementor-button-link elementor-size-sm\" href=\"http:\/\/web-peda-iutb.univ-lille.fr\/~jpo\/index.php\/fiches-metiers-but-carrieres-sociales\/\">\n\t\t\t\t\t\t<span class=\"elementor-button-content-wrapper\">\n\t\t\t\t\t\t\t\t\t<span class=\"elementor-button-text\">Fiches m\u00e9tiers<\/span>\n\t\t\t\t\t<\/span>\n\t\t\t\t\t<\/a>\n\t\t\t\t<\/div>\n\t\t\t\t\t\t\t\t<\/div>\n\t\t\t\t<\/div>\n\t\t\t\t\t<\/div>\n\t\t<\/div>\n\t\t\t\t\t<\/div>\n\t\t<\/section>\n\t\t\t\t<div class=\"elementor-element elementor-element-cc77fff elementor-widget elementor-widget-spacer\" data-id=\"cc77fff\" data-element_type=\"widget\" data-e-type=\"widget\" data-widget_type=\"spacer.default\">\n\t\t\t\t<div class=\"elementor-widget-container\">\n\t\t\t\t\t\t\t<div class=\"elementor-spacer\">\n\t\t\t<div class=\"elementor-spacer-inner\"><\/div>\n\t\t<\/div>\n\t\t\t\t\t\t<\/div>\n\t\t\t\t<\/div>\n\t\t\t\t<div class=\"elementor-element elementor-element-d21be87 elementor-widget elementor-widget-heading\" data-id=\"d21be87\" data-element_type=\"widget\" data-e-type=\"widget\" data-widget_type=\"heading.default\">\n\t\t\t\t<div class=\"elementor-widget-container\">\n\t\t\t\t\t<h3 class=\"elementor-heading-title elementor-size-default\">D\u00e9couvrez nos locaux <\/h3>\t\t\t\t<\/div>\n\t\t\t\t<\/div>\n\t\t\t\t<div class=\"elementor-element elementor-element-2c06825 elementor-arrows-position-inside elementor-pagination-position-outside elementor-widget elementor-widget-image-carousel\" data-id=\"2c06825\" data-element_type=\"widget\" data-e-type=\"widget\" data-settings=\"{&quot;navigation&quot;:&quot;both&quot;,&quot;autoplay&quot;:&quot;yes&quot;,&quot;pause_on_hover&quot;:&quot;yes&quot;,&quot;pause_on_interaction&quot;:&quot;yes&quot;,&quot;autoplay_speed&quot;:5000,&quot;infinite&quot;:&quot;yes&quot;,&quot;speed&quot;:500}\" data-widget_type=\"image-carousel.default\">\n\t\t\t\t<div class=\"elementor-widget-container\">\n\t\t\t\t\t\t\t<div class=\"elementor-image-carousel-wrapper swiper\" role=\"region\" aria-roledescription=\"carousel\" aria-label=\"Carrousel d\u2019images\" dir=\"ltr\">\n\t\t\t<div class=\"elementor-image-carousel swiper-wrapper\" aria-live=\"off\">\n\t\t\t\t\t\t\t\t<div class=\"swiper-slide\" role=\"group\" aria-roledescription=\"slide\" aria-label=\"1 sur 8\"><figure class=\"swiper-slide-inner\"><img decoding=\"async\" class=\"swiper-slide-image\" src=\"http:\/\/web-peda-iutb.univ-lille.fr\/~jpo\/wp-content\/uploads\/2023\/12\/Amphi-cote-1-768x576.webp\" alt=\"Amphith\u00e9\u00e2tre 122\" \/><figcaption class=\"elementor-image-carousel-caption\">Amphith\u00e9\u00e2tre 122<\/figcaption><\/figure><\/div><div class=\"swiper-slide\" role=\"group\" aria-roledescription=\"slide\" aria-label=\"2 sur 8\"><figure class=\"swiper-slide-inner\"><img decoding=\"async\" class=\"swiper-slide-image\" src=\"http:\/\/web-peda-iutb.univ-lille.fr\/~jpo\/wp-content\/uploads\/2023\/12\/Bibliotheque-haut-2-768x576.webp\" alt=\"Biblioth\u00e8que universitaire\" \/><figcaption class=\"elementor-image-carousel-caption\">Biblioth\u00e8que universitaire<\/figcaption><\/figure><\/div><div class=\"swiper-slide\" role=\"group\" aria-roledescription=\"slide\" aria-label=\"3 sur 8\"><figure class=\"swiper-slide-inner\"><img decoding=\"async\" class=\"swiper-slide-image\" src=\"http:\/\/web-peda-iutb.univ-lille.fr\/~jpo\/wp-content\/uploads\/2024\/01\/plateau-de-tournage-768x576.webp\" alt=\"Plateau de tournage\" \/><figcaption class=\"elementor-image-carousel-caption\">Plateau de tournage<\/figcaption><\/figure><\/div><div class=\"swiper-slide\" role=\"group\" aria-roledescription=\"slide\" aria-label=\"4 sur 8\"><figure class=\"swiper-slide-inner\"><img decoding=\"async\" class=\"swiper-slide-image\" src=\"http:\/\/web-peda-iutb.univ-lille.fr\/~jpo\/wp-content\/uploads\/2024\/01\/regie-2-768x576.webp\" alt=\"R\u00e9gie 2\" \/><figcaption class=\"elementor-image-carousel-caption\">R\u00e9gie 2<\/figcaption><\/figure><\/div><div class=\"swiper-slide\" role=\"group\" aria-roledescription=\"slide\" aria-label=\"5 sur 8\"><figure class=\"swiper-slide-inner\"><img decoding=\"async\" class=\"swiper-slide-image\" src=\"http:\/\/web-peda-iutb.univ-lille.fr\/~jpo\/wp-content\/uploads\/2023\/12\/Cafetariat-768x576.webp\" alt=\"Caf\u00e9t\u00e9ria\" \/><figcaption class=\"elementor-image-carousel-caption\">Caf\u00e9t\u00e9ria<\/figcaption><\/figure><\/div><div class=\"swiper-slide\" role=\"group\" aria-roledescription=\"slide\" aria-label=\"6 sur 8\"><figure class=\"swiper-slide-inner\"><img decoding=\"async\" class=\"swiper-slide-image\" src=\"http:\/\/web-peda-iutb.univ-lille.fr\/~jpo\/wp-content\/uploads\/2023\/12\/Bbliotheque-devant-768x576.webp\" alt=\"Biblioth\u00e8que universitaire\" \/><figcaption class=\"elementor-image-carousel-caption\">Biblioth\u00e8que universitaire<\/figcaption><\/figure><\/div><div class=\"swiper-slide\" role=\"group\" aria-roledescription=\"slide\" aria-label=\"7 sur 8\"><figure class=\"swiper-slide-inner\"><img decoding=\"async\" class=\"swiper-slide-image\" src=\"http:\/\/web-peda-iutb.univ-lille.fr\/~jpo\/wp-content\/uploads\/2023\/12\/Amphi-027-768x576.webp\" alt=\"Amphith\u00e9\u00e2tre 017\" \/><figcaption class=\"elementor-image-carousel-caption\">Amphith\u00e9\u00e2tre 017<\/figcaption><\/figure><\/div><div class=\"swiper-slide\" role=\"group\" aria-roledescription=\"slide\" aria-label=\"8 sur 8\"><figure class=\"swiper-slide-inner\"><img decoding=\"async\" class=\"swiper-slide-image\" src=\"http:\/\/web-peda-iutb.univ-lille.fr\/~jpo\/wp-content\/uploads\/2024\/01\/salle-daudiovisuel-768x576.webp\" alt=\"Salle de diffusion\" \/><figcaption class=\"elementor-image-carousel-caption\">Salle de diffusion<\/figcaption><\/figure><\/div>\t\t\t<\/div>\n\t\t\t\t\t\t\t\t\t\t\t\t<div class=\"elementor-swiper-button elementor-swiper-button-prev\" role=\"button\" tabindex=\"0\">\n\t\t\t\t\t\t<i aria-hidden=\"true\" class=\"eicon-chevron-left\"><\/i>\t\t\t\t\t<\/div>\n\t\t\t\t\t<div class=\"elementor-swiper-button elementor-swiper-button-next\" role=\"button\" tabindex=\"0\">\n\t\t\t\t\t\t<i aria-hidden=\"true\" class=\"eicon-chevron-right\"><\/i>\t\t\t\t\t<\/div>\n\t\t\t\t\n\t\t\t\t\t\t\t\t\t<div class=\"swiper-pagination\"><\/div>\n\t\t\t\t\t\t\t\t\t<\/div>\n\t\t\t\t\t\t<\/div>\n\t\t\t\t<\/div>\n\t\t\t\t<div class=\"elementor-element elementor-element-43cf70e elementor-widget elementor-widget-text-editor\" data-id=\"43cf70e\" data-element_type=\"widget\" data-e-type=\"widget\" data-widget_type=\"text-editor.default\">\n\t\t\t\t<div class=\"elementor-widget-container\">\n\t\t\t\t\t\t\t\t\t<div>Durant votre visite, vous pourrez d\u00e9couvrir nos \u00e9quipements p\u00e9dagogiques :<\/div><ul><li><p><strong>Amphith\u00e9\u00e2tres :<\/strong> au nombre de 3, ils seront vos salles attribu\u00e9es lors des cours th\u00e9oriques<\/p><\/li><li><p><strong>Laboratoire de langue :<\/strong> une salle \u00e9quip\u00e9e de mat\u00e9riel pour faciliter les exercices de langues<\/p><\/li><li><p><strong>Salle de diffusion : <\/strong>parfaite<strong>\u00a0<\/strong>pour admirer les travaux de chacun\u00a0<\/p><\/li><li><p><strong>Salles informatiques :\u00a0<\/strong>\u00e9quip\u00e9es des derni\u00e8res versions de la suite Adobe et autres logiciels<\/p><\/li><li><p><strong>R\u00e9gies de montage : <\/strong>parfaites pour r\u00e9aliser vos meilleures vid\u00e9os dans le cadre du cours d&rsquo;audiovisuel<\/p><\/li><li><p><strong>Plateau de tournage : <\/strong>une salle enti\u00e8rement \u00e9quip\u00e9e avec studio photo, postes radio, fond vert et \u00e9clairages ajustables<\/p><\/li><li><strong>Biblioth\u00e8que\u00a0<\/strong><b>universitaire<\/b>\u00a0: id\u00e9ale pour r\u00e9viser dans le calme et \u00eatre productif\u00a0<\/li><\/ul><div>\u00a0<\/div><div><p><b><i>Profitez de l&rsquo;ouverture du restaurant universitaire de l&rsquo;IUT de 11H30 \u00e0 13H30 pour d\u00e9jeuner sur place ! Le prix du repas est de 3,30\u20ac\u00a0<\/i><\/b><\/p><\/div>\t\t\t\t\t\t\t\t<\/div>\n\t\t\t\t<\/div>\n\t\t\t\t<div class=\"elementor-element elementor-element-d1f9a25 elementor-widget elementor-widget-spacer\" data-id=\"d1f9a25\" data-element_type=\"widget\" data-e-type=\"widget\" data-widget_type=\"spacer.default\">\n\t\t\t\t<div class=\"elementor-widget-container\">\n\t\t\t\t\t\t\t<div class=\"elementor-spacer\">\n\t\t\t<div class=\"elementor-spacer-inner\"><\/div>\n\t\t<\/div>\n\t\t\t\t\t\t<\/div>\n\t\t\t\t<\/div>\n\t\t\t\t\t<\/div>\n\t\t<\/div>\n\t\t\t\t\t<\/div>\n\t\t<\/section>\n\t\t\t\t<\/div>\n\t\t","protected":false},"excerpt":{"rendered":"<p>JPO 2026 &#8211; le 31 Janvier de 9h \u00e0 17h En raison du plan vigipirate, l&rsquo;acc\u00e8s aux journ\u00e9es portes ouvertes sur l&rsquo;ensemble des campus de l&rsquo;universit\u00e9 de Lille n\u00e9cessite une inscription. N&rsquo;oubliez pas de remplir le formulaire ! Je m&rsquo;inscris ici ! Venez vous informer sur nos formations et leurs d\u00e9bouch\u00e9s. Les \u00e9tudiants et les enseignants de l&rsquo;IUT seront pr\u00e9sents sur le site pour r\u00e9pondre \u00e0 toutes vos questions et vous faire visiter l&rsquo;\u00e9tablissement. Il sera \u00e9galement possible de suivre des conf\u00e9rences de pr\u00e9sentation des diff\u00e9rents BUT et de leurs d\u00e9bouch\u00e9s. Pas le temps de suivre une conf\u00e9rence ? Les conf\u00e9rences seront film\u00e9es et rediffus\u00e9es sur Youtube pour vous permettre de les visionner plus tard ! Un lien sera propos\u00e9 sur le site de l&rsquo;IUT. Les formations de l&rsquo;IUT : Information et communication BUT Information et Communicationparcours Communication des organisations BUT Information et Communicationparcours M\u00e9tiers du livre et du patrimoine \u00a0 Licence ProfessionnelleLibrairie Les conf\u00e9rences : Pr\u00e9sentation des formations et des m\u00e9tiers de la communication 10h15 &#8211; Amphi Samuel Paty 122 (1er \u00e9tage) 14h15 &#8211; Amphi Samuel Paty 122 (1er \u00e9tage) Pr\u00e9sentation des formations et des m\u00e9tiers du livre 10h30 &#8211; Amphi 017 (rdc) 15h15 &#8211; Amphi 017 (rdc) Fiches m\u00e9tiers Portraits d&rsquo;anciens Vid\u00e9os Management de la logistique &amp; des transports (Ex GLT) BUT Management de la logistique et des transports apprentissage et formation initiale Les conf\u00e9rences : Pr\u00e9sentation des formations et des m\u00e9tiers du Management de la Logistique et des Transports 10h30 &#8211; Salle 234 (2e \u00e9tage) 14h30 &#8211;\u00a0Salle 234 (2e \u00e9tage) Pr\u00e9sentation du BUT MLT en apprentissage Toute la journ\u00e9e &#8211; Salles 211, 212 (2e \u00e9tage) Pr\u00e9sentation du BUT MLT en initial Toute la journ\u00e9e &#8211; Salle 210 (2e \u00e9tage) Fiches m\u00e9tiers Carri\u00e8res Sociales BUT Animation Sociale et Socio-Culturelle (ASSC)formation initiale BUT \u00c9ducation Sp\u00e9cialis\u00e9e (ES) formation initiale BUT Villes et Territoires Durables (VTD) formation initiale Les conf\u00e9rences : Pr\u00e9sentation des formations et des m\u00e9tiers du travail social\u00a0 9h30 &#8211; 11h15 &#8211; 15h15 &#8211; Amphi Samuel Paty 122 (1er \u00e9tage) Fiches m\u00e9tiers D\u00e9couvrez nos locaux Amphith\u00e9\u00e2tre 122 Biblioth\u00e8que universitaire Plateau de tournage R\u00e9gie 2 Caf\u00e9t\u00e9ria Biblioth\u00e8que universitaire Amphith\u00e9\u00e2tre 017 Salle de diffusion Durant votre visite, vous pourrez d\u00e9couvrir nos \u00e9quipements p\u00e9dagogiques : Amphith\u00e9\u00e2tres : au nombre de 3, ils seront vos salles attribu\u00e9es lors des cours th\u00e9oriques Laboratoire de langue : une salle \u00e9quip\u00e9e de mat\u00e9riel pour faciliter les exercices de langues Salle de diffusion : parfaite\u00a0pour admirer les travaux de chacun\u00a0 Salles informatiques :\u00a0\u00e9quip\u00e9es des derni\u00e8res versions de la suite Adobe et autres logiciels R\u00e9gies de montage : parfaites pour r\u00e9aliser vos meilleures vid\u00e9os dans le cadre du cours d&rsquo;audiovisuel Plateau de tournage : une salle enti\u00e8rement \u00e9quip\u00e9e avec studio photo, postes radio, fond vert et \u00e9clairages ajustables Biblioth\u00e8que\u00a0universitaire\u00a0: id\u00e9ale pour r\u00e9viser dans le calme et \u00eatre productif\u00a0 \u00a0 Profitez de l&rsquo;ouverture du restaurant universitaire de l&rsquo;IUT de 11H30 \u00e0 13H30 pour d\u00e9jeuner sur place ! Le prix du repas est de 3,30\u20ac\u00a0<\/p>\n","protected":false},"author":1,"featured_media":0,"parent":0,"menu_order":0,"comment_status":"closed","ping_status":"closed","template":"elementor_header_footer","meta":{"footnotes":""},"class_list":["post-56","page","type-page","status-publish","hentry","entry"],"_links":{"self":[{"href":"http:\/\/web-peda-iutb.univ-lille.fr\/~jpo\/index.php\/wp-json\/wp\/v2\/pages\/56","targetHints":{"allow":["GET"]}}],"collection":[{"href":"http:\/\/web-peda-iutb.univ-lille.fr\/~jpo\/index.php\/wp-json\/wp\/v2\/pages"}],"about":[{"href":"http:\/\/web-peda-iutb.univ-lille.fr\/~jpo\/index.php\/wp-json\/wp\/v2\/types\/page"}],"author":[{"embeddable":true,"href":"http:\/\/web-peda-iutb.univ-lille.fr\/~jpo\/index.php\/wp-json\/wp\/v2\/users\/1"}],"replies":[{"embeddable":true,"href":"http:\/\/web-peda-iutb.univ-lille.fr\/~jpo\/index.php\/wp-json\/wp\/v2\/comments?post=56"}],"version-history":[{"count":554,"href":"http:\/\/web-peda-iutb.univ-lille.fr\/~jpo\/index.php\/wp-json\/wp\/v2\/pages\/56\/revisions"}],"predecessor-version":[{"id":2799,"href":"http:\/\/web-peda-iutb.univ-lille.fr\/~jpo\/index.php\/wp-json\/wp\/v2\/pages\/56\/revisions\/2799"}],"wp:attachment":[{"href":"http:\/\/web-peda-iutb.univ-lille.fr\/~jpo\/index.php\/wp-json\/wp\/v2\/media?parent=56"}],"curies":[{"name":"wp","href":"https:\/\/api.w.org\/{rel}","templated":true}]}}