{"id":974,"date":"2023-01-09T18:21:25","date_gmt":"2023-01-09T17:21:25","guid":{"rendered":"http:\/\/web-peda-iutb.univ-lille.fr\/~jpo\/?page_id=974"},"modified":"2024-01-15T10:12:37","modified_gmt":"2024-01-15T09:12:37","slug":"les-metiers-de-la-communication","status":"publish","type":"page","link":"http:\/\/web-peda-iutb.univ-lille.fr\/~jpo\/index.php\/les-metiers-de-la-communication\/","title":{"rendered":"Fiches m\u00e9tiers BUT Information-Communication"},"content":{"rendered":"\t\t<div data-elementor-type=\"wp-post\" data-elementor-id=\"974\" class=\"elementor elementor-974\">\n\t\t\t\t\t\t<section class=\"elementor-section elementor-top-section elementor-element elementor-element-d9e1fb5 elementor-section-boxed elementor-section-height-default elementor-section-height-default wpr-particle-no wpr-jarallax-no wpr-parallax-no wpr-sticky-section-no\" data-id=\"d9e1fb5\" data-element_type=\"section\" data-e-type=\"section\">\n\t\t\t\t\t\t<div class=\"elementor-container elementor-column-gap-default\">\n\t\t\t\t\t<div class=\"elementor-column elementor-col-100 elementor-top-column elementor-element elementor-element-dc58bbd\" data-id=\"dc58bbd\" data-element_type=\"column\" data-e-type=\"column\">\n\t\t\t<div class=\"elementor-widget-wrap elementor-element-populated\">\n\t\t\t\t\t\t<div class=\"elementor-element elementor-element-ebc394b elementor-widget__width-inherit elementor-widget elementor-widget-heading\" data-id=\"ebc394b\" data-element_type=\"widget\" data-e-type=\"widget\" data-widget_type=\"heading.default\">\n\t\t\t\t<div class=\"elementor-widget-container\">\n\t\t\t\t\t<h2 class=\"elementor-heading-title elementor-size-default\">D\u00e9bouch\u00e9s professionnels du BUT Information Communication<\/h2>\t\t\t\t<\/div>\n\t\t\t\t<\/div>\n\t\t\t\t\t<\/div>\n\t\t<\/div>\n\t\t\t\t\t<\/div>\n\t\t<\/section>\n\t\t\t\t<section class=\"elementor-section elementor-top-section elementor-element elementor-element-ade9c50 elementor-section-boxed elementor-section-height-default elementor-section-height-default wpr-particle-no wpr-jarallax-no wpr-parallax-no wpr-sticky-section-no\" data-id=\"ade9c50\" data-element_type=\"section\" data-e-type=\"section\">\n\t\t\t\t\t\t<div class=\"elementor-container elementor-column-gap-default\">\n\t\t\t\t\t<div class=\"elementor-column elementor-col-100 elementor-top-column elementor-element elementor-element-14e0df6\" data-id=\"14e0df6\" data-element_type=\"column\" data-e-type=\"column\">\n\t\t\t<div class=\"elementor-widget-wrap elementor-element-populated\">\n\t\t\t\t\t\t<div class=\"elementor-element elementor-element-800cc08 elementor-widget elementor-widget-text-editor\" data-id=\"800cc08\" data-element_type=\"widget\" data-e-type=\"widget\" data-widget_type=\"text-editor.default\">\n\t\t\t\t<div class=\"elementor-widget-container\">\n\t\t\t\t\t\t\t\t\t<p>Gr\u00e2ce aux nombreux d\u00e9bouch\u00e9s qu&rsquo;offre le BUT Information Communication, \u00e0 la suite de ta formation directement int\u00e9grer le monde du travail.<\/p><p>D\u00e9couvre ci-dessous quelques diff\u00e9rents m\u00e9tiers possible en fonction de ta\u00a0formation dispens\u00e9 \u00e0 l&rsquo;IUT de Lille &#8211; Site de Tourcoing.<\/p>\t\t\t\t\t\t\t\t<\/div>\n\t\t\t\t<\/div>\n\t\t\t\t<div class=\"elementor-element elementor-element-e61b492 elementor-widget elementor-widget-spacer\" data-id=\"e61b492\" data-element_type=\"widget\" data-e-type=\"widget\" data-widget_type=\"spacer.default\">\n\t\t\t\t<div class=\"elementor-widget-container\">\n\t\t\t\t\t\t\t<div class=\"elementor-spacer\">\n\t\t\t<div class=\"elementor-spacer-inner\"><\/div>\n\t\t<\/div>\n\t\t\t\t\t\t<\/div>\n\t\t\t\t<\/div>\n\t\t\t\t<div class=\"elementor-element elementor-element-ad7d479 elementor-widget elementor-widget-heading\" data-id=\"ad7d479\" data-element_type=\"widget\" data-e-type=\"widget\" data-widget_type=\"heading.default\">\n\t\t\t\t<div class=\"elementor-widget-container\">\n\t\t\t\t\t<h3 class=\"elementor-heading-title elementor-size-default\">Communication des organisations.<\/h3>\t\t\t\t<\/div>\n\t\t\t\t<\/div>\n\t\t\t\t<div class=\"elementor-element elementor-element-fdc3c80 elementor-tabs-view-horizontal elementor-widget elementor-widget-tabs\" data-id=\"fdc3c80\" data-element_type=\"widget\" data-e-type=\"widget\" data-widget_type=\"tabs.default\">\n\t\t\t\t<div class=\"elementor-widget-container\">\n\t\t\t\t\t\t\t<div class=\"elementor-tabs\">\n\t\t\t<div class=\"elementor-tabs-wrapper\" role=\"tablist\" >\n\t\t\t\t\t\t\t\t\t<div id=\"elementor-tab-title-2661\" class=\"elementor-tab-title elementor-tab-desktop-title\" aria-selected=\"true\" data-tab=\"1\" role=\"tab\" tabindex=\"0\" aria-controls=\"elementor-tab-content-2661\" aria-expanded=\"false\">Attach\u00e9(e) de Presse<\/div>\n\t\t\t\t\t\t\t\t\t<div id=\"elementor-tab-title-2662\" class=\"elementor-tab-title elementor-tab-desktop-title\" aria-selected=\"false\" data-tab=\"2\" role=\"tab\" tabindex=\"-1\" aria-controls=\"elementor-tab-content-2662\" aria-expanded=\"false\">Charg\u00e9(e) de Projet \u00c9v\u00e9nementiel<\/div>\n\t\t\t\t\t\t\t\t\t<div id=\"elementor-tab-title-2663\" class=\"elementor-tab-title elementor-tab-desktop-title\" aria-selected=\"false\" data-tab=\"3\" role=\"tab\" tabindex=\"-1\" aria-controls=\"elementor-tab-content-2663\" aria-expanded=\"false\">Charg\u00e9(e) de Communication Interne<\/div>\n\t\t\t\t\t\t\t\t\t<div id=\"elementor-tab-title-2664\" class=\"elementor-tab-title elementor-tab-desktop-title\" aria-selected=\"false\" data-tab=\"4\" role=\"tab\" tabindex=\"-1\" aria-controls=\"elementor-tab-content-2664\" aria-expanded=\"false\">Charg\u00e9(e) de Communication Externe<\/div>\n\t\t\t\t\t\t\t\t\t<div id=\"elementor-tab-title-2665\" class=\"elementor-tab-title elementor-tab-desktop-title\" aria-selected=\"false\" data-tab=\"5\" role=\"tab\" tabindex=\"-1\" aria-controls=\"elementor-tab-content-2665\" aria-expanded=\"false\">Community manager<\/div>\n\t\t\t\t\t\t\t\t\t<div id=\"elementor-tab-title-2666\" class=\"elementor-tab-title elementor-tab-desktop-title\" aria-selected=\"false\" data-tab=\"6\" role=\"tab\" tabindex=\"-1\" aria-controls=\"elementor-tab-content-2666\" aria-expanded=\"false\">Designer graphique <\/div>\n\t\t\t\t\t\t\t<\/div>\n\t\t\t<div class=\"elementor-tabs-content-wrapper\" role=\"tablist\" aria-orientation=\"vertical\">\n\t\t\t\t\t\t\t\t\t<div class=\"elementor-tab-title elementor-tab-mobile-title\" aria-selected=\"true\" data-tab=\"1\" role=\"tab\" tabindex=\"0\" aria-controls=\"elementor-tab-content-2661\" aria-expanded=\"false\">Attach\u00e9(e) de Presse<\/div>\n\t\t\t\t\t<div id=\"elementor-tab-content-2661\" class=\"elementor-tab-content elementor-clearfix\" data-tab=\"1\" role=\"tabpanel\" aria-labelledby=\"elementor-tab-title-2661\" tabindex=\"0\" hidden=\"false\"><table><tbody><tr><td><span style=\"font-weight: 400;\">En quoi consiste le m\u00e9tier<\/span><\/td><td>Le m\u00e9tier d\u2019un <i>Attach\u00e9 de presse <\/i>consiste \u00e0 r\u00e9diger des communiqu\u00e9s et des dossiers de presse, \u00e0 les envoyer aux journalistes et \u00e0 s&rsquo;assurer, par t\u00e9l\u00e9phone, qu&rsquo;ils les ont bien re\u00e7us. Il peut leur fournir toutes informations compl\u00e9mentaires ou photos dont ils auraient besoin pour illustrer leurs articles.<br \/>Un attach\u00e9 de presse peut travailler en free lance ou \u00eatre salari\u00e9 dans une entreprise (publique ou priv\u00e9e), une institution, une agence, un organisme culturel ou aupr\u00e8s d&rsquo;un artiste.<\/td><\/tr><tr><td><span style=\"font-weight: 400;\">Missions principales\u00a0<\/span><\/td><td><ul><li style=\"font-weight: 400;\" aria-level=\"1\"><span style=\"font-weight: 400;\">Organiser de campagnes de relation presse ;<\/span><\/li><li style=\"font-weight: 400;\" aria-level=\"1\"><span style=\"font-weight: 400;\">R\u00e9diger et diffuser des communiqu\u00e9s de presse ;<\/span><\/li><li style=\"font-weight: 400;\" aria-level=\"1\"><span style=\"font-weight: 400;\">Choisir des points et la th\u00e9matique des communications ;<\/span><\/li><li style=\"font-weight: 400;\" aria-level=\"1\"><span style=\"font-weight: 400;\">Organiser des conf\u00e9rences de presse et le choix des participants.<\/span><\/li><li style=\"font-weight: 400;\" aria-level=\"1\"><span style=\"font-weight: 400;\">Organiser des entretiens avec les journalistes ;<\/span><\/li><li style=\"font-weight: 400;\" aria-level=\"1\"><span style=\"font-weight: 400;\">R\u00e9aliser et diffuser d\u2019une revue quotidienne ou hebdomadaire pour informer l\u2019opinion publique ;<\/span><\/li><li style=\"font-weight: 400;\" aria-level=\"1\"><span style=\"font-weight: 400;\">Analyser la port\u00e9e m\u00e9diatique des \u00e9v\u00e8nements et des campagnes de communication ;<\/span><\/li><li style=\"font-weight: 400;\" aria-level=\"1\"><span style=\"font-weight: 400;\">\u00c9laborer et la pr\u00e9sentation d\u2019un bilan des activit\u00e9s m\u00e9diatiques.<\/span><\/li><li style=\"font-weight: 400;\" aria-level=\"1\"><span style=\"font-weight: 400;\">Afin de pouvoir r\u00e9pondre aux questions des journalistes, il doit avoir une connaissance approfondie de l\u2019entit\u00e9 qu\u2019il repr\u00e9sente.<\/span><\/li><\/ul><\/td><\/tr><tr><td><span style=\"font-weight: 400;\">Qualit\u00e9s\/Comp\u00e9tences requises\u00a0<\/span><\/td><td><p><span style=\"font-weight: 400;\">Le m\u00e9tier d\u2019<\/span><i><span style=\"font-weight: 400;\">attach\u00e9 de presse<\/span><\/i><span style=\"font-weight: 400;\"> demande des comp\u00e9tences techniques et comportementales sp\u00e9cifiques. Ainsi, ce professionnel doit<\/span><\/p><ul><li style=\"font-weight: 400;\" aria-level=\"1\"><span style=\"font-weight: 400;\">Disposer d\u2019une tr\u00e8s bonne connaissance du paysage m\u00e9diatique, de l\u2019environnement \u00e9conomique et de son secteur d\u2019activit\u00e9.<\/span><\/li><li style=\"font-weight: 400;\" aria-level=\"1\"><span style=\"font-weight: 400;\">Disposer d\u2019un important carnet d\u2019adresses et entretenir une relation sp\u00e9cifique avec plusieurs m\u00e9dias et journalistes, afin d\u2019adapter ses messages et les informations \u00e0 transmettre.<\/span><\/li><li style=\"font-weight: 400;\" aria-level=\"1\"><span style=\"font-weight: 400;\">Avoir un excellent relationnel, \u00eatre diplomate et \u00e0 l\u2019aise devant les cam\u00e9ras sont des qualit\u00e9s indispensables \u00e0 l\u2019attach\u00e9 de presse.<\/span><\/li><li style=\"font-weight: 400;\" aria-level=\"1\"><span style=\"font-weight: 400;\">La ma\u00eetrise de plusieurs langues est un grand plus, notamment l\u2019anglais, tout comme l\u2019esprit de synth\u00e8se et la capacit\u00e9 de persuasion.<\/span><\/li><\/ul><\/td><\/tr><tr><td><span style=\"font-weight: 400;\">Acc\u00e8s au m\u00e9tier\u00a0<\/span><\/td><td><p><b>Apr\u00e8s le bac<\/b><\/p><p>\u00a0<\/p><p style=\"box-sizing: border-box; padding: 0px; margin: 0px; -webkit-font-smoothing: antialiased; line-height: var(--wp--typography--line-height, var(--global--line-height-body));\"><b style=\"box-sizing: border-box; font-weight: bold; color: var( --e-global-color-text ); font-family: var( --e-global-typography-text-font-family ), Sans-serif; font-size: var( --e-global-typography-text-font-size );\">Niveau bac +2 et 3<\/b><\/p><ul><li><span style=\"color: var( --e-global-color-text ); font-family: var( --e-global-typography-text-font-family ), Sans-serif; font-size: var( --e-global-typography-text-font-size ); letter-spacing: var(--heading--letter-spacing-h4);\">BTS communication<\/span><\/li><li><span style=\"color: var( --e-global-color-text ); font-family: var( --e-global-typography-text-font-family ), Sans-serif; font-size: var( --e-global-typography-text-font-size ); letter-spacing: var(--heading--letter-spacing-h4);\">BUT Information-communication Parcours communication des organisations<\/span><\/li><li><span style=\"color: var( --e-global-color-text ); font-family: var( --e-global-typography-text-font-family ), Sans-serif; font-size: var( --e-global-typography-text-font-size ); letter-spacing: var(--heading--letter-spacing-h4);\">Licence professionnelle en communication<\/span><\/li><\/ul><p><b style=\"color: var( --e-global-color-text ); font-family: var( --e-global-typography-text-font-family ), Sans-serif; font-size: var( --e-global-typography-text-font-size );\">\u00a0<\/b><\/p><p><b style=\"color: var( --e-global-color-text ); font-family: var( --e-global-typography-text-font-family ), Sans-serif; font-size: var( --e-global-typography-text-font-size );\">Niveau bac + 5<\/b><\/p><ul><li style=\"font-weight: 400;\" aria-level=\"1\"><a href=\"https:\/\/www.onisep.fr\/Ressources\/univers-formation\/Formations\/Post-bac\/master-mention-communication-des-organisations\"><span style=\"font-weight: 400;\">Master mention communication des organisations<\/span><\/a><\/li><li style=\"font-weight: 400;\" aria-level=\"1\"><a href=\"https:\/\/www.onisep.fr\/Ressources\/univers-formation\/Formations\/Post-bac\/master-mention-information-communication\"><span style=\"font-weight: 400;\">Master mention information, communication<\/span><\/a><\/li><li style=\"font-weight: 400;\" aria-level=\"1\"><a href=\"https:\/\/www.onisep.fr\/Ressources\/univers-formation\/Formations\/Post-bac\/manager-de-la-communication-efap\"><span style=\"font-weight: 400;\">Manager de la communication (EFAP)<\/span><\/a><\/li><li style=\"font-weight: 400;\" aria-level=\"1\"><a href=\"https:\/\/www.onisep.fr\/Ressources\/univers-formation\/Formations\/Post-bac\/relations-publiques-relations-presse-evenementiel\"><span style=\"font-weight: 400;\">Relations publiques, relations presse, \u00e9v\u00e9nementiel<\/span><\/a><\/li><\/ul><\/td><\/tr><tr><td>\u00a0O\u00f9 s&rsquo;exerce le m\u00e9tier<\/td><td><span style=\"font-size: 11pt; font-family: Arial; font-variant-ligatures: normal; font-variant-numeric: normal; font-variant-alternates: normal; font-variant-east-asian: normal; font-variant-position: normal; vertical-align: baseline; white-space: pre-wrap;\">Un attach\u00e9 de presse peut travailler en free lance ou \u00eatre salari\u00e9 dans une entreprise (publique ou priv\u00e9e), une institution, une agence, un organisme culturel ou aupr\u00e8s d&rsquo;un artiste.<\/span><\/td><\/tr><tr><td><span style=\"font-weight: 400;\">Salaire d\u00e9butant<\/span><\/td><td>Le salaire d\u2019un attach\u00e9 de presse d\u00e9pend du r\u00e9sultat de ses campagnes, avec, le plus souvent, une part fixe et une part variable. En agence, la r\u00e9mun\u00e9ration peut \u00eatre int\u00e9ressante. Il est souvent entre 1 300\u20ac et 1 600\u20ac mais peut\u00a0s&rsquo;\u00e9lever jusqu&rsquo;\u00e0 2 900\u00a0\u20ac brut.<span style=\"font-weight: 400;\"><br \/><\/span><\/td><\/tr><\/tbody><\/table><\/div>\n\t\t\t\t\t\t\t\t\t<div class=\"elementor-tab-title elementor-tab-mobile-title\" aria-selected=\"false\" data-tab=\"2\" role=\"tab\" tabindex=\"-1\" aria-controls=\"elementor-tab-content-2662\" aria-expanded=\"false\">Charg\u00e9(e) de Projet \u00c9v\u00e9nementiel<\/div>\n\t\t\t\t\t<div id=\"elementor-tab-content-2662\" class=\"elementor-tab-content elementor-clearfix\" data-tab=\"2\" role=\"tabpanel\" aria-labelledby=\"elementor-tab-title-2662\" tabindex=\"0\" hidden=\"hidden\"><p>\u00a0<\/p><table><tbody><tr><td><span style=\"font-weight: 400;\">En quoi consiste le m\u00e9tier<\/span><\/td><td><span style=\"font-weight: 400;\">Le m\u00e9tier de <\/span><i><span style=\"font-weight: 400;\">Charg\u00e9(e) de projets \u00e9v\u00e9nementiel <\/span><\/i><span style=\"font-weight: 400;\">consiste \u00e0 concevoir des op\u00e9rations de communication pour un client ou une entreprise ainsi que des \u00e9v\u00e9nements qui r\u00e9pondront au mieux \u00e0 la demand\u00e9 de ces derniers.\u00a0<\/span><\/td><\/tr><tr><td><span style=\"font-weight: 400;\">Missions principales\u00a0<\/span><\/td><td><ul><li style=\"font-weight: 400;\" aria-level=\"1\"><span style=\"font-weight: 400;\">Concevoir l\u2019\u00e9v\u00e9nement<\/span><\/li><li style=\"font-weight: 400;\" aria-level=\"1\"><span style=\"font-weight: 400;\">Suivre le budget et piloter la logistique :\u00a0 \u00e9laborer le planning des actions \u00e0 mener et suivre le budget.<\/span><\/li><li style=\"font-weight: 400;\" aria-level=\"1\"><span style=\"font-weight: 400;\">G\u00e9rer et organiser sur le terrain toute la logistique du projet.<\/span><\/li><li style=\"font-weight: 400;\" aria-level=\"1\"><span style=\"font-weight: 400;\">Choisir les prestataires, les fournisseurs, les intervenants, faire face \u00e0 des imp\u00e9ratifs divers.<\/span><\/li><li style=\"font-weight: 400;\" aria-level=\"1\"><span style=\"font-weight: 400;\">Coordonner toutes les \u00e9tapes de la mise en \u0153uvre. Pour ce faire, il doit prendre contact avec les diff\u00e9rents collaborateurs, analyser ce qu\u2019ils proposent, faire des choix, coordonner toutes les \u00e9tapes li\u00e9es \u00e0 la r\u00e9alisation de l\u2019\u00e9v\u00e9nement, les faire valider par le client.<\/span><\/li><\/ul><\/td><\/tr><tr><td><span style=\"font-weight: 400;\">Qualit\u00e9s\/Comp\u00e9tences requises\u00a0<\/span><\/td><td><ul><li style=\"font-weight: 400;\" aria-level=\"1\"><span style=\"font-weight: 400;\">Cr\u00e9ativit\u00e9, bon relationnel et talent r\u00e9dactionnel.<\/span><\/li><li style=\"font-weight: 400;\" aria-level=\"1\"><span style=\"font-weight: 400;\">Rigueur et de la r\u00e9activit\u00e9\u00a0<\/span><\/li><li style=\"font-weight: 400;\" aria-level=\"1\"><span style=\"font-weight: 400;\">Cr\u00e9ativit\u00e9 et originalit\u00e9<\/span><\/li><li style=\"font-weight: 400;\" aria-level=\"1\"><span style=\"font-weight: 400;\">Cr\u00e9ativit\u00e9 et originalit\u00e9<\/span><\/li><\/ul><\/td><\/tr><tr><td><span style=\"font-weight: 400;\">Acc\u00e8s au m\u00e9tier\u00a0<\/span><\/td><td><p><span style=\"font-weight: 400;\"><strong>N<\/strong><strong>iveau bac + 2<\/strong> doit obligatoirement \u00eatre suivi d\u2019une sp\u00e9cialisation.<\/span><\/p><p><span style=\"font-weight: 400;\">\u00a0<\/span><\/p><p><b>Niveau bac + 3<br \/><\/b><\/p><ul><li><span style=\"font-weight: 400;\">Licences professionnelles M\u00e9tiers de la communication : \u00e9v\u00e9nementiel<\/span><\/li><\/ul><p><b style=\"font-family: var(--list--font-family); color: var( --e-global-color-text ); font-size: var( --e-global-typography-text-font-size );\">Niveau bac + 4\/5<\/b><\/p><ul><li aria-level=\"1\"><span style=\"font-weight: 400;\">Dipl\u00f4mes des ESC (\u00e9coles sup\u00e9rieures de commerce) et des \u00e9coles de communication, de Sciences Po<\/span><\/li><li><span style=\"font-weight: 400;\">Masters Communication des organisations ; Information, communication<\/span><\/li><\/ul><p><span style=\"font-weight: 400;\">\u00a0<\/span><\/p><p><span style=\"font-weight: 400;\">Niveau minimum d&rsquo;acc\u00e8s bac +3<\/span><\/p><p><span style=\"font-weight: 400;\">Pour d\u00e9crocher d\u2019embl\u00e9e un poste de charg\u00e9 de projet \u00e9v\u00e9nementiel, un dipl\u00f4me de niveau bac + 3\/4 est g\u00e9n\u00e9ralement le minimum requis. Une formation en \u00e9cole de commerce ou en \u00e9cole de communication avec sp\u00e9cialisation en communication \u00e9v\u00e9nementielle, ou encore un master du m\u00eame domaine, offre une \u00e9volution professionnelle rapide.<\/span><\/p><\/td><\/tr><tr><td><span style=\"font-weight: 400;\">O\u00f9 s&rsquo;exerce le m\u00e9tier<\/span><\/td><td><span style=\"font-weight: 400;\">Le charg\u00e9 de projet \u00e9v\u00e9nementiel travaille soit en entreprise, au sein de la direction communication, soit pour une agence de communication \u00e9v\u00e9nementielle o\u00f9 il est alors rattach\u00e9 au directeur. En entreprise, il est en \u00e9troite relation avec le charg\u00e9 de communication et l&rsquo;attach\u00e9 de presse.<\/span><\/td><\/tr><tr><td><span style=\"font-weight: 400;\">Salaire d\u00e9butant<\/span><\/td><td><span style=\"font-weight: 400;\">Le salaire d\u2019un(e) C<\/span><i><span style=\"font-weight: 400;\">harg\u00e9(e) de projet \u00e9v\u00e9nementiel<\/span><\/i><span style=\"font-weight: 400;\"> est d\u00e9butant(e) est de 2 200 \u20ac<\/span><\/td><\/tr><\/tbody><\/table><\/div>\n\t\t\t\t\t\t\t\t\t<div class=\"elementor-tab-title elementor-tab-mobile-title\" aria-selected=\"false\" data-tab=\"3\" role=\"tab\" tabindex=\"-1\" aria-controls=\"elementor-tab-content-2663\" aria-expanded=\"false\">Charg\u00e9(e) de Communication Interne<\/div>\n\t\t\t\t\t<div id=\"elementor-tab-content-2663\" class=\"elementor-tab-content elementor-clearfix\" data-tab=\"3\" role=\"tabpanel\" aria-labelledby=\"elementor-tab-title-2663\" tabindex=\"0\" hidden=\"hidden\"><table><tbody><tr><td><span style=\"font-weight: 400;\">En quoi consiste le m\u00e9tier<\/span><\/td><td><span style=\"font-weight: 400;\">Le m\u00e9tier de <\/span><i><span style=\"font-weight: 400;\">Charg\u00e9(e) de communication Interne <\/span><\/i><span style=\"font-weight: 400;\">consiste \u00e0 faire circuler l&rsquo;information <\/span><span style=\"font-weight: 400;\">entre la direction et les salari\u00e9s et entre les services <\/span><span style=\"font-weight: 400;\">au sein d\u2019une structure<\/span><span style=\"font-weight: 400;\">. Son r\u00f4le consiste \u00e0\u00a0 informer pour rassembler le personnel autour de l&rsquo;image et des valeurs de l&rsquo;entreprise <\/span><i><span style=\"font-weight: 400;\">via<\/span><\/i><span style=\"font-weight: 400;\"> un journal, l&rsquo;intranet, un s\u00e9minaire&#8230;<\/span><\/td><\/tr><tr><td><span style=\"font-weight: 400;\">Missions principales\u00a0<\/span><\/td><td><ul><li style=\"font-weight: 400;\" aria-level=\"1\"><span style=\"font-weight: 400;\">Relayer la strat\u00e9gie de l&rsquo;entreprise aupr\u00e8s des salari\u00e9s,<\/span><\/li><li style=\"font-weight: 400;\" aria-level=\"1\"><span style=\"font-weight: 400;\">Promouvoir l&rsquo;image de l&rsquo;entreprise<\/span><\/li><li style=\"font-weight: 400;\" aria-level=\"1\"><span style=\"font-weight: 400;\">Renforcer l&rsquo;esprit de communaut\u00e9<\/span><\/li><li style=\"font-weight: 400;\" aria-level=\"1\"><span style=\"font-weight: 400;\">Organiser des actions (s\u00e9minaires, c\u00e9r\u00e9monies, par exemple).<\/span><\/li><\/ul><\/td><\/tr><tr><td><span style=\"font-weight: 400;\">Qualit\u00e9s requises\u00a0<\/span><\/td><td><ul><li style=\"font-weight: 400;\" aria-level=\"1\"><span style=\"font-weight: 400;\">Le charg\u00e9 de communication interne doit :\u00a0<\/span><\/li><li style=\"font-weight: 400;\" aria-level=\"1\"><span style=\"font-weight: 400;\">Ouvert d&rsquo;esprit<\/span><\/li><li style=\"font-weight: 400;\" aria-level=\"1\"><span style=\"font-weight: 400;\">Avoir un bon relationnel<\/span><\/li><li style=\"font-weight: 400;\" aria-level=\"1\"><span style=\"font-weight: 400;\">Savoir travailler en \u00e9quipe<\/span><\/li><li style=\"font-weight: 400;\" aria-level=\"1\"><span style=\"font-weight: 400;\">\u00catre cr\u00e9ativit\u00e9<\/span><\/li><li style=\"font-weight: 400;\" aria-level=\"1\"><span style=\"font-weight: 400;\">Avoir une bonne expression \u00e9crite et orale<\/span><\/li><li style=\"font-weight: 400;\" aria-level=\"1\"><span style=\"font-weight: 400;\">Savoir s\u2019adapter et \u00eatre rigoureux pour respecter un budget.<\/span><\/li><li style=\"font-weight: 400;\" aria-level=\"1\"><span style=\"font-weight: 400;\">Elle doit \u00e9galement ma\u00eetriser des NTIC (nouvelles technologies de l&rsquo;information et de la communication). Savoir parler la langue anglaise est indispensable.<\/span><\/li><\/ul><\/td><\/tr><tr><td><span style=\"font-weight: 400;\">Acc\u00e8s au m\u00e9tier\u00a0<\/span><\/td><td><p><span style=\"font-family: Roboto, sans-serif;\"><b>Niveau Bac +2\u00a0<\/b><\/span><\/p><ul><li aria-level=\"1\"><span style=\"font-weight: 400;\">BTS communication;\u00a0<\/span><\/li><\/ul><p><span style=\"font-weight: 400;\"><span style=\"font-weight: bold; font-family: Roboto, sans-serif;\">Niveau Bac +3<\/span><br \/><\/span><\/p><ul><li style=\"font-weight: 400;\" aria-level=\"1\"><span style=\"font-weight: 400;\">BUT information-communication, parcours communication des organisations ou une licence pro m\u00e9tiers de la communication ou un dipl\u00f4me d&rsquo;\u00e9cole de communication, et devenir assistant ;\u00a0<\/span><\/li><\/ul><ul><li style=\"font-weight: 400;\" aria-level=\"1\"><span style=\"font-weight: 400;\">Un dipl\u00f4me d&rsquo;\u00e9cole de commerce ou d&rsquo;\u00e9cole sp\u00e9cialis\u00e9e en communication, un master, ou encore un dipl\u00f4me d&rsquo;IEP (institut d&rsquo;\u00e9tudes politiques) et occuper un poste de responsable de communication.<\/span><\/li><\/ul><p><b style=\"font-family: var(--list--font-family); color: var( --e-global-color-text ); font-size: var( --e-global-typography-text-font-size );\">Bac +5 quelques exemples de dipl\u00f4mes : \u00a0<\/b><\/p><ul><li style=\"font-weight: 400;\" aria-level=\"1\"><span style=\"font-weight: 400;\">Dipl\u00f4me de l&rsquo;Institut d&rsquo;\u00e9tudes politiques de Grenoble<\/span><\/li><li style=\"font-weight: 400;\" aria-level=\"1\"><span style=\"font-weight: 400;\">Dipl\u00f4me de l&rsquo;Institut d&rsquo;\u00e9tudes politiques de Lille<\/span><\/li><li style=\"font-weight: 400;\" aria-level=\"1\"><span style=\"font-weight: 400;\">Dipl\u00f4me de l&rsquo;Institut d&rsquo;\u00e9tudes politiques de Paris<\/span><\/li><li style=\"font-weight: 400;\" aria-level=\"1\"><span style=\"font-weight: 400;\">Master mention communication des organisations<\/span><\/li><\/ul><p><span style=\"font-weight: 400;\">Niveau d\u2019acc\u00e8s minimum : Bac+ 4<\/span><\/p><\/td><\/tr><tr><td><span style=\"font-weight: 400;\">O\u00f9 l\u2019exercer\u00a0<\/span><\/td><td><ul><li style=\"font-weight: 400;\" aria-level=\"1\"><span style=\"font-weight: 400;\">Au sein d\u2019une agence : d<\/span><span style=\"font-weight: 400;\">ans une agence de communication, il travaille souvent pour plusieurs clients et participe \u00e0 la cr\u00e9ation de l&rsquo;identit\u00e9 de ses entreprises clientes.<\/span><\/li><\/ul><ul><li style=\"font-weight: 400;\" aria-level=\"1\"><span style=\"font-weight: 400;\">Au sein d\u2019une entreprise : r<\/span><span style=\"font-weight: 400;\">attach\u00e9 \u00e0 la direction g\u00e9n\u00e9rale, \u00e0 la direction de la communication ou au service des ressources humaines<\/span><\/li><\/ul><\/td><\/tr><tr><td><span style=\"font-weight: 400;\">salaire d\u00e9butant<\/span><\/td><td><span style=\"font-weight: 400;\">Le salaire d&rsquo;un(\u00e9) Charg\u00e9(e) de communication interne s&rsquo;\u00e9l\u00e8ve \u00e0 2 000 \u20ac<\/span><\/td><\/tr><\/tbody><\/table><\/div>\n\t\t\t\t\t\t\t\t\t<div class=\"elementor-tab-title elementor-tab-mobile-title\" aria-selected=\"false\" data-tab=\"4\" role=\"tab\" tabindex=\"-1\" aria-controls=\"elementor-tab-content-2664\" aria-expanded=\"false\">Charg\u00e9(e) de Communication Externe<\/div>\n\t\t\t\t\t<div id=\"elementor-tab-content-2664\" class=\"elementor-tab-content elementor-clearfix\" data-tab=\"4\" role=\"tabpanel\" aria-labelledby=\"elementor-tab-title-2664\" tabindex=\"0\" hidden=\"hidden\"><table><tbody><tr><td><p><span style=\"font-weight: 400;\">En quoi consiste le m\u00e9tier<\/span><\/p><\/td><td><p><span style=\"font-weight: 400;\">Le m\u00e9tier de<\/span><i><span style=\"font-weight: 400;\"> charg\u00e9(e) de communication externe<\/span><\/i><span style=\"font-weight: 400;\"> consiste \u00e0 transmettre des informations sur l\u2019entreprise au monde ext\u00e9rieur. \u00c9laborer, en fonction de la politique fix\u00e9e par la direction commerciale et marketing, une strat\u00e9gie m\u00e9dia et hors m\u00e9dia.<\/span><\/p><p><span style=\"font-weight: 400;\">Tous les moyens peuvent \u00eatre mis en \u0153uvre pour v\u00e9hiculer un message, assurer la visibilit\u00e9 de l\u2019entreprise et favoriser la rencontre avec le public (clients, consommateurs, investisseurs) ou les journalistes : foires, salons, forums, d\u00e9veloppement de partenariats aupr\u00e8s d\u2019institutionnels ou d\u2019autres marques, m\u00e9c\u00e9nat\u2026<\/span><\/p><\/td><\/tr><tr><td><p><span style=\"font-weight: 400;\">Missions principales<\/span><\/p><\/td><td><p><span style=\"font-weight: 400;\">Les fonctions et les conditions de travail du charg\u00e9 de communication externe varient suivant la taille de l\u2019entreprise et le budget allou\u00e9 \u00e0 la communication.<\/span><\/p><p><span style=\"font-weight: 400;\">Dans une petite structure, le charg\u00e9 de communication externe joue un r\u00f4le polyvalent alors que dans une plus grande entreprise, il fait partie d\u2019une \u00e9quipe et a plut\u00f4t la charge d\u2019un seul axe de communication bien pr\u00e9cis.<\/span><\/p><p><span style=\"font-weight: 400;\">Sous la tutelle de sa direction qui d\u00e9finit la strat\u00e9gie de communication, il con\u00e7oit, r\u00e9dige puis diffuse les diff\u00e9rents supports de communication (brochures, affiches, guides, journal interne, annonces presse, newsletters\u2026). Il suit les budgets et n\u00e9gocie avec les prestataires, \u00e0 savoir les imprimeurs, routeurs, prestataires informatique, etc..<\/span><\/p><p><span style=\"font-weight: 400;\">Le charg\u00e9 de communication externe est \u00e9galement un bon connaisseur de la cha\u00eene graphique et suit la fabrication de ces outils. Il assure le suivi des relations avec les journalistes ou les partenaires.<\/span><\/p><p><span style=\"font-weight: 400;\">Sur la partie \u00e9v\u00e9nementielle, il est charg\u00e9 de l\u2019organisation des manifestations de A \u00e0 Z (conception, invitations, logistique, accueil, etc.).<\/span><\/p><p><span style=\"font-weight: 400;\">Il g\u00e8re aussi la communication web et assure la r\u00e9daction des contenus et la mise \u00e0 jour de tous les sites web (site de e-commerce, blogs, intranet, etc.). Il a la responsabilit\u00e9 des r\u00e9seaux sociaux sur lesquels son entreprise est pr\u00e9sente et assure une veille technologique.<\/span><\/p><\/td><\/tr><tr><td><p><span style=\"font-weight: 400;\">Comp\u00e9tences\/ Qualit\u00e9s requises\u00a0<\/span><\/p><\/td><td><ul><li style=\"font-weight: 400;\" aria-level=\"1\"><span style=\"font-weight: 400;\">Aisance relationnelle et r\u00e9dactionnelle<\/span><\/li><li style=\"font-weight: 400;\" aria-level=\"1\"><span style=\"font-weight: 400;\">Sens de l\u2019\u00e9coute<\/span><\/li><li style=\"font-weight: 400;\" aria-level=\"1\"><span style=\"font-weight: 400;\">Autonomie, rigueur et organisation<\/span><\/li><li style=\"font-weight: 400;\" aria-level=\"1\"><span style=\"font-weight: 400;\">Avoir une bonne connaissance des diff\u00e9rents m\u00e9dias (t\u00e9l\u00e9vision, presse, radio, web, \u00e9v\u00e9nementiel&#8230;)<\/span><\/li><li style=\"font-weight: 400;\" aria-level=\"1\"><span style=\"font-weight: 400;\">Talents de n\u00e9gociateur<\/span><\/li><li style=\"font-weight: 400;\" aria-level=\"1\"><span style=\"font-weight: 400;\">Ma\u00eetrise des outils de bureautique (traitement de texte ou d\u2019image, tableur\u2026), du Web et d\u2019une langue \u00e9trang\u00e8re<\/span><\/li><\/ul><\/td><\/tr><tr><td><p><span style=\"font-weight: 400;\">Dipl\u00f4mes<\/span><\/p><\/td><td><p><span style=\"font-weight: 400;\">On trouve des formations en communication de tous les niveaux.\u00a0<\/span><\/p><p><span style=\"font-weight: 400;\">Ci-dessous, quelques exemples de formations permettant de devenir charg\u00e9 de communication :<\/span><\/p><p><strong>Niveau Bac +2 <\/strong><\/p><ul><li style=\"font-weight: 400;\" aria-level=\"1\"><span style=\"font-weight: 400;\">BTS Communication\u00a0<\/span><\/li><li style=\"font-weight: 400;\" aria-level=\"1\"><span style=\"font-weight: 400;\">BTS NDRC (N\u00e9gociation et Digitalisation de la Relation Client)<\/span><\/li><li style=\"font-weight: 400;\" aria-level=\"1\"><span style=\"font-weight: 400;\">BTS CI (Commerce International)<\/span><\/li><\/ul><p><strong>Niveau Bac +3<\/strong><\/p><ul><li style=\"font-weight: 400;\" aria-level=\"1\"><span style=\"font-weight: 400;\">Licence en information et communication ou en marketing\u00a0<\/span><\/li><li style=\"font-weight: 400;\" aria-level=\"1\"><span style=\"font-weight: 400;\">Bachelor communication\u00a0<\/span><\/li><\/ul><p><strong>Niveau Bac +4 et 5<\/strong><\/p><ul><li style=\"font-weight: 400;\" aria-level=\"1\"><span style=\"font-weight: 400;\">MBA communication<\/span><\/li><li style=\"font-weight: 400;\" aria-level=\"1\"><span style=\"font-weight: 400;\">Master en communication\u00a0<\/span><\/li><li style=\"font-weight: 400;\" aria-level=\"1\"><span style=\"font-weight: 400;\">Formation en marketing digital<\/span><\/li><\/ul><\/td><\/tr><tr><td><p><span style=\"font-weight: 400;\">Salaire d\u00e9butant<\/span><\/p><\/td><td><p><span style=\"font-weight: 400;\">1 800 \u20ac net mensuel.<\/span><\/p><\/td><\/tr><\/tbody><\/table><\/div>\n\t\t\t\t\t\t\t\t\t<div class=\"elementor-tab-title elementor-tab-mobile-title\" aria-selected=\"false\" data-tab=\"5\" role=\"tab\" tabindex=\"-1\" aria-controls=\"elementor-tab-content-2665\" aria-expanded=\"false\">Community manager<\/div>\n\t\t\t\t\t<div id=\"elementor-tab-content-2665\" class=\"elementor-tab-content elementor-clearfix\" data-tab=\"5\" role=\"tabpanel\" aria-labelledby=\"elementor-tab-title-2665\" tabindex=\"0\" hidden=\"hidden\"><table><tbody><tr><td><span style=\"font-weight: 400;\">En quoi consiste le m\u00e9tier<\/span><\/td><td><p>Community manager\u00a0consiste \u00e0 repr\u00e9senter une marque\/entreprise sur le web. Il\/elle s\u2019assure que la marque soit visible sur les r\u00e9seaux sociaux, dirige l\u2019interaction entre les internautes et l\u2019entreprise, parle et fait parler de ce dernier sur internet gr\u00e2ce \u00e0 son intervention. De plus, ayant comme objectif d\u2019accro\u00eetre la notori\u00e9t\u00e9 d\u2019une entreprise\/marque.<\/p><p>Un\u00a0<span style=\"font-style: italic;\">community manager<\/span>\u00a0anime et f\u00e9d\u00e8re une communaut\u00e9 d\u2019internautes d\u2019une entreprise\/marque sur les diff\u00e9rents canaux.<\/p><p>Elle prend \u00e9galement en charge la pr\u00e9sence et la r\u00e9putation de ce dernier sur les r\u00e9seaux sociaux.<\/p><\/td><\/tr><tr><td><span style=\"font-weight: 400;\">Missions principales :\u00a0<\/span><\/td><td><p><span style=\"font-weight: 400;\">Le community management est un m\u00e9tier assez large avec diverses missions. les missions principales de ces derniers sont :\u00a0<\/span><\/p><ul><li style=\"font-weight: 400;\" aria-level=\"1\"><span style=\"font-weight: 400;\">Cr\u00e9er et d\u2019animer des communaut\u00e9s dans le but de d\u00e9velopper les relations avec ses publics \u2013 collaborateurs, utilisateurs, clients\u2026<\/span><\/li><li style=\"font-weight: 400;\" aria-level=\"1\"><span style=\"font-weight: 400;\">\u00c9laborer strat\u00e9gies social m\u00e9dias et l\u2019adapter sur les diff\u00e9rents r\u00e9seaux sociaux afin de r\u00e9pondre aux objectifs d\u00e9termin\u00e9s.<\/span><\/li><li style=\"font-weight: 400;\" aria-level=\"1\"><span style=\"font-weight: 400;\">Analyser les r\u00e9sultat des diff\u00e9rentes campagnes de publication\u00a0<\/span><\/li><\/ul><\/td><\/tr><tr><td><span style=\"font-weight: 400;\">Comp\u00e9tences\u00a0<\/span><\/td><td><ul><li style=\"font-weight: 400;\" aria-level=\"1\"><span style=\"font-weight: 400;\">Connaissance et ma\u00eetrise des diff\u00e9rents r\u00e9seaux sociaux (et leurs outils)<\/span><\/li><li style=\"font-weight: 400;\" aria-level=\"1\"><span style=\"font-weight: 400;\">Sens du contact client, de la relation communautaire et du compromis<\/span><\/li><li style=\"font-weight: 400;\" aria-level=\"1\"><span style=\"font-weight: 400;\">Ma\u00eetrise r\u00e9dactionnelle, adapt\u00e9e au secteur de l&rsquo;entreprise<\/span><\/li><li style=\"font-weight: 400;\" aria-level=\"1\"><span style=\"font-weight: 400;\">Connaissance des principales r\u00e8gles du r\u00e9f\u00e9rencement et du SMO (Social Media Optimization)<\/span><\/li><li style=\"font-weight: 400;\" aria-level=\"1\"><span style=\"font-weight: 400;\">Compr\u00e9hension des principes de marketing, d&rsquo;e-marketing, et de communication<\/span><\/li><\/ul><\/td><\/tr><tr><td>Qualit\u00e9s requises<\/td><td><ul><li><b>Disponibilit\u00e9<\/b><\/li><\/ul><p style=\"font-family: Roboto, sans-serif;\">Le community<span style=\"font-style: italic;\">\u00a0manager<\/span>\u00a0doit \u00eatre r\u00e9actif, car il est en permanence connect\u00e9 et effectue des veilles pour observer la concurrence et les nouvelles tendances mais surtout les \u00e9ventuels probl\u00e8mes qui peuvent surgir.<\/p><ul><li style=\"font-family: Roboto, sans-serif;\"><b style=\"color: var( --e-global-color-text ); font-size: var( --e-global-typography-text-font-size ); font-family: var(--list--font-family);\">Polyvalence recherch\u00e9e<\/b><\/li><\/ul><p style=\"font-family: Roboto, sans-serif;\">En plus d&rsquo;\u00eatre \u00e0 l\u2019aise sur les r\u00e9seaux sociaux, le CM doit avoir des comp\u00e9tences en marketing pour que son travail renforce la strat\u00e9gie \u00e9tablie. Il doit \u00e9galement avoir le sens de la p\u00e9dagogie, pour insuffler en interne la culture des r\u00e9seaux sociaux aux salari\u00e9s et aux dirigeants.<\/p><ul><li style=\"font-family: Roboto, sans-serif;\"><b style=\"font-family: var(--list--font-family); color: var( --e-global-color-text ); font-size: var( --e-global-typography-text-font-size );\">Technicit\u00e9 et ma\u00eetrise de la langue<\/b><\/li><\/ul><p style=\"font-family: Roboto, sans-serif;\">Doit ma\u00eetriser les logiciels de r\u00e9f\u00e9rencement et les moteurs de recherche, la blogosph\u00e8re de son domaine et les forums. Il doit int\u00e9grer les codes de sa cible pour susciter les \u00e9changes, savoir analyser les r\u00e9sultats de ses actions qu&rsquo;il doit \u00eatre capable de pr\u00e9senter par \u00e9crit ou \u00e0 l&rsquo;oral. Le\u00a0<span style=\"font-style: italic;\">community manager<\/span>\u00a0\u00e9crit avec cr\u00e9ativit\u00e9, aisance et humour.\u00a0<\/p><\/td><\/tr><tr><td>Acc\u00e8s au m\u00e9tier<\/td><td><p style=\"font-weight: 400; font-family: Roboto, sans-serif; font-size: 15px;\">Les profils des\u00a0<span style=\"font-style: italic;\">community managers<\/span>\u00a0sont tr\u00e8s vari\u00e9s. La tendance est de recruter des universitaires titulaires d\u2019un bac + 3 ou bac + 5 en sciences humaines qui ont compl\u00e9t\u00e9 leur formation par une sp\u00e9cialisation cibl\u00e9e, ou des dipl\u00f4m\u00e9s en marketing, communication, relations publiques ou encore journalisme<\/p><p style=\"font-weight: bold; font-family: Roboto, sans-serif; font-size: 15px;\">Niveau bac + 2<\/p><ul style=\"list-style-type: disc; font-size: 15px;\"><li aria-level=\"1\">BTS communication<\/li><\/ul><p style=\"font-family: Roboto, sans-serif; font-size: 15px;\"><b>Niveau bac + 3<\/b><\/p><ul style=\"list-style-type: disc; font-size: 15px;\"><li aria-level=\"1\">BUT information-communication ou m\u00e9tiers du multim\u00e9dia et de l\u2019Internet<\/li><li style=\"font-weight: 400;\" aria-level=\"1\">BUT information-communication parcours communication des organisations<\/li><li style=\"font-weight: 400;\" aria-level=\"1\">Licence professionnelle en e-marketing<\/li><\/ul><p style=\"font-family: Roboto, sans-serif; font-size: 15px;\"><b>Niveau bac + 4<\/b><\/p><ul style=\"list-style-type: disc; font-size: 15px;\"><li aria-level=\"1\">Dipl\u00f4me d\u2019\u00e9cole sp\u00e9cialis\u00e9e en e-commerce<\/li><li style=\"font-weight: 400;\" aria-level=\"1\">Dipl\u00f4me d\u2019\u00e9cole de communication<\/li><\/ul><p style=\"font-family: Roboto, sans-serif; font-size: 15px;\"><b>Niveau bac + 5<\/b><\/p><ul><li style=\"list-style-type: none;\"><ul style=\"list-style-type: disc; font-size: 15px;\"><li aria-level=\"1\">Master en sciences humaines<\/li><li style=\"font-weight: 400;\" aria-level=\"1\">Dipl\u00f4me d\u2019\u00e9cole de commerce<\/li><li style=\"font-weight: 400;\" aria-level=\"1\">Dipl\u00f4me d\u2019IEP<\/li><\/ul><\/li><\/ul><\/td><\/tr><tr><td><span style=\"font-weight: 400;\">Salaire d\u00e9butant<\/span><\/td><td><p style=\"font-size: 15px;\">De 1 600\u20ac \u00e0 1 800\u20ac brut par mois. Il peut aller jusqu&rsquo;\u00e0 2 900\u00a0<span style=\"color: var( --e-global-color-text ); font-family: var( --e-global-typography-text-font-family ), Sans-serif; font-size: var( --e-global-typography-text-font-size ); font-weight: var( --e-global-typography-text-font-weight );\">\u20ac\u00a0<\/span><span style=\"color: var( --e-global-color-text ); font-family: var( --e-global-typography-text-font-family ), Sans-serif; font-weight: var( --e-global-typography-text-font-weight );\">brut par mois.<\/span><\/p><\/td><\/tr><\/tbody><\/table><\/div>\n\t\t\t\t\t\t\t\t\t<div class=\"elementor-tab-title elementor-tab-mobile-title\" aria-selected=\"false\" data-tab=\"6\" role=\"tab\" tabindex=\"-1\" aria-controls=\"elementor-tab-content-2666\" aria-expanded=\"false\">Designer graphique <\/div>\n\t\t\t\t\t<div id=\"elementor-tab-content-2666\" class=\"elementor-tab-content elementor-clearfix\" data-tab=\"6\" role=\"tabpanel\" aria-labelledby=\"elementor-tab-title-2666\" tabindex=\"0\" hidden=\"hidden\"><table><tbody><tr><td><p><span style=\"font-weight: 400;\">En quoi consiste le m\u00e9tier<\/span><\/p><\/td><td><p><span style=\"font-weight: 400;\">Ce m\u00e9tier est accessible apr\u00e8s l\u2019option Communication et Organisations et l\u2019option M\u00e9tiers du Livre.\u00a0<\/span><\/p><p>\u00a0<\/p><p><span style=\"font-weight: 400;\">Affiches, logos, emballages, sites web&#8230; l&#8217;empreinte du designer graphique est partout : dans la presse, l&rsquo;\u00e9dition en passant par la publicit\u00e9, la communication et le design.\u00a0<\/span><\/p><p><span style=\"font-weight: 400;\">Gr\u00e2ce \u00e0 un travail sur la forme et la couleur, le designer graphique transmet visuellement le message que ce client souhaite d\u00e9livrer.<\/span><\/p><p><span style=\"font-weight: 400;\">Il exerce au sein d&rsquo;agences de pub, de communication, dans les maisons d&rsquo;\u00e9dition, journaux et magazines, studios de cr\u00e9ation graphique.<\/span><\/p><\/td><\/tr><tr><td><p><span style=\"font-weight: 400;\">Missions principales\u00a0<\/span><\/p><\/td><td><ul><li style=\"font-weight: 400;\" aria-level=\"1\"><span style=\"font-weight: 400;\">Mise en place d\u2019une charte graphique.<\/span><\/li><li style=\"font-weight: 400;\" aria-level=\"1\"><span style=\"font-weight: 400;\">Participer \u00e0 la mise en place d\u2019un concept graphique.<\/span><\/li><li style=\"font-weight: 400;\" aria-level=\"1\"><span style=\"font-weight: 400;\">R\u00e9aliser la conception de logos, d\u2019affiches et d\u2019emballages de produits divers.<\/span><\/li><li style=\"font-weight: 400;\" aria-level=\"1\"><span style=\"font-weight: 400;\">Faire le suivi de toutes les \u00e9tapes techniques et graphiques d\u2019un projet.<\/span><\/li><li style=\"font-weight: 400;\" aria-level=\"1\"><span style=\"font-weight: 400;\">Assister le directeur artistique dans un projet de conception graphique.<\/span><\/li><li style=\"font-weight: 400;\" aria-level=\"1\"><span style=\"font-weight: 400;\">Reproduire du texte et des id\u00e9es en images et en identit\u00e9 visuelle.<\/span><\/li><\/ul><\/td><\/tr><tr><td><p><span style=\"font-weight: 400;\">Comp\u00e9tences\u00a0<\/span><\/p><\/td><td><ul><li style=\"font-weight: 400;\" aria-level=\"1\"><span style=\"font-weight: 400;\">Dou\u00e9 de comp\u00e9tences techniques et ma\u00eetrisant les logiciels de retouche d\u2019image comme Illustrator et Photoshop.<\/span><\/li><li style=\"font-weight: 400;\" aria-level=\"1\"><span style=\"font-weight: 400;\">Connaissances en design et en art en g\u00e9n\u00e9ral.<\/span><\/li><li style=\"font-weight: 400;\" aria-level=\"1\"><span style=\"font-weight: 400;\">Une excellente culture graphique.<\/span><\/li><li style=\"font-weight: 400;\" aria-level=\"1\"><span style=\"font-weight: 400;\">Excellentes connaissances dans le dessin.<\/span><\/li><li style=\"font-weight: 400;\" aria-level=\"1\"><span style=\"font-weight: 400;\">Parfaite ma\u00eetrise des logiciels de publication assist\u00e9e par ordinateur (PAO).<\/span><\/li><\/ul><\/td><\/tr><tr><td><p><span style=\"font-weight: 400;\">Qualit\u00e9s requises<\/span><\/p><\/td><td><ul><li style=\"font-weight: 400;\" aria-level=\"1\"><span style=\"font-weight: 400;\">Un grand cr\u00e9atif.<\/span><\/li><li style=\"font-weight: 400;\" aria-level=\"1\"><span style=\"font-weight: 400;\">Dot\u00e9 d\u2019une grande imagination.<\/span><\/li><li style=\"font-weight: 400;\" aria-level=\"1\"><span style=\"font-weight: 400;\">Esprit d\u2019anticipation et force de proposition.<\/span><\/li><li style=\"font-weight: 400;\" aria-level=\"1\"><span style=\"font-weight: 400;\">Vocation et talents artistiques ind\u00e9niables.<\/span><\/li><li style=\"font-weight: 400;\" aria-level=\"1\"><span style=\"font-weight: 400;\">Un bon communicant.<\/span><\/li><li style=\"font-weight: 400;\" aria-level=\"1\"><span style=\"font-weight: 400;\">R\u00e9actif et pers\u00e9v\u00e9rant<\/span><\/li><li style=\"font-weight: 400;\" aria-level=\"1\"><span style=\"font-weight: 400;\">Dot\u00e9 d\u2019un excellent relationnel<\/span><\/li><\/ul><\/td><\/tr><tr><td><p><span style=\"font-weight: 400;\">Dipl\u00f4mes<\/span><\/p><\/td><td><p>Vous pouvez d\u00e9buter par un BUT Information Communication ou faire :\u00a0<b style=\"color: var( --e-global-color-text ); font-family: var( --e-global-typography-text-font-family ), Sans-serif; font-size: var( --e-global-typography-text-font-size );\"><br \/><\/b><\/p><p>\u00a0<\/p><p><b style=\"color: var( --e-global-color-text ); font-family: var( --e-global-typography-text-font-family ), Sans-serif; font-size: var( --e-global-typography-text-font-size );\">Niveau Bac + 3<\/b><\/p><ul><li style=\"font-weight: 400;\" aria-level=\"1\"><a href=\"https:\/\/www.onisep.fr\/Ressources\/univers-formation\/Formations\/Post-bac\/dna-option-art\"><span style=\"font-weight: 400;\">DNA option art<\/span><\/a><\/li><li style=\"font-weight: 400;\" aria-level=\"1\"><a href=\"https:\/\/www.onisep.fr\/Ressources\/univers-formation\/Formations\/Post-bac\/dna-option-communication\"><span style=\"font-weight: 400;\">DNA option communication<\/span><\/a><\/li><li style=\"font-weight: 400;\" aria-level=\"1\"><a href=\"https:\/\/www.onisep.fr\/Ressources\/univers-formation\/Formations\/Post-bac\/dna-option-design\"><span style=\"font-weight: 400;\">DNA option design<\/span><\/a><\/li><li style=\"font-weight: 400;\" aria-level=\"1\"><a href=\"https:\/\/www.onisep.fr\/Ressources\/univers-formation\/Formations\/Post-bac\/dn-made-mention-evenement\"><span style=\"font-weight: 400;\">DN MADE mention \u00e9v\u00e9nement<\/span><\/a><\/li><li style=\"font-weight: 400;\" aria-level=\"1\"><a href=\"https:\/\/www.onisep.fr\/Ressources\/univers-formation\/Formations\/Post-bac\/dn-made-mention-graphisme\"><span style=\"font-weight: 400;\">DN MADE mention graphisme<\/span><\/a><\/li><li style=\"font-weight: 400;\" aria-level=\"1\"><a href=\"https:\/\/www.onisep.fr\/Ressources\/univers-formation\/Formations\/Post-bac\/dn-made-mention-innovation-sociale\"><span style=\"font-weight: 400;\">DN MADE mention innovation sociale<\/span><\/a><\/li><li style=\"font-weight: 400;\" aria-level=\"1\"><a href=\"https:\/\/www.onisep.fr\/Ressources\/univers-formation\/Formations\/Post-bac\/dn-made-mention-livre\"><span style=\"font-weight: 400;\">DN MADE mention livre<\/span><\/a><\/li><li style=\"font-weight: 400;\" aria-level=\"1\"><a href=\"https:\/\/www.onisep.fr\/Ressources\/univers-formation\/Formations\/Post-bac\/dn-made-mention-numerique\"><span style=\"font-weight: 400;\">DN MADE mention num\u00e9rique<\/span><\/a><\/li><li style=\"font-weight: 400;\" aria-level=\"1\"><a href=\"https:\/\/www.onisep.fr\/Ressources\/univers-formation\/Formations\/Post-bac\/tp-concepteur-designer-ui\"><span style=\"font-weight: 400;\">TP concepteur designer UI<\/span><\/a><\/li><li style=\"font-weight: 400;\" aria-level=\"1\"><a href=\"https:\/\/www.onisep.fr\/Ressources\/univers-formation\/Formations\/Post-bac\/bande-dessinee\"><span style=\"font-weight: 400;\">Bande dessin\u00e9e<\/span><\/a><\/li><li style=\"font-weight: 400;\" aria-level=\"1\"><a href=\"https:\/\/www.onisep.fr\/Ressources\/univers-formation\/Formations\/Post-bac\/graphiste-motion-designer-gobelins\"><span style=\"font-weight: 400;\">Graphiste motion designer (Gobelins)<\/span><\/a><\/li><li style=\"font-weight: 400;\" aria-level=\"1\"><a href=\"https:\/\/www.onisep.fr\/Ressources\/univers-formation\/Formations\/Post-bac\/infographiste-jeu-video\"><span style=\"font-weight: 400;\">Infographiste jeu vid\u00e9o<\/span><\/a><\/li><\/ul><p><b>\u00a0Niveau bac + 5<\/b><\/p><ul><li style=\"font-weight: 400;\" aria-level=\"1\"><span style=\"font-weight: 400;\">DSAA Design mention graphisme<\/span><\/li><li style=\"font-weight: 400;\" aria-level=\"1\"><span style=\"font-weight: 400;\">DNSEP option art<\/span><\/li><li style=\"font-weight: 400;\" aria-level=\"1\"><span style=\"font-weight: 400;\">DNSEP option communication<\/span><\/li><li style=\"font-weight: 400;\" aria-level=\"1\"><span style=\"font-weight: 400;\">DNSEP option design<\/span><\/li><li style=\"font-weight: 400;\" aria-level=\"1\"><span style=\"font-weight: 400;\">Master mention cr\u00e9ation num\u00e9rique<\/span><\/li><li style=\"font-weight: 400;\" aria-level=\"1\"><span style=\"font-weight: 400;\">Concepteur artistique &#8211; R\u00e9alisateur de jeu vid\u00e9o<\/span><\/li><li style=\"font-weight: 400;\" aria-level=\"1\"><span style=\"font-weight: 400;\">Dipl\u00f4me national sup\u00e9rieur des arts d\u00e9coratifs (ENSAD)<\/span><\/li><li style=\"font-weight: 400;\" aria-level=\"1\"><span style=\"font-weight: 400;\">Directeur artistique num\u00e9rique<\/span><\/li><li style=\"font-weight: 400;\" aria-level=\"1\"><span style=\"font-weight: 400;\">Directeur de cr\u00e9ation en \u00e9dition multim\u00e9dia<\/span><\/li><\/ul><\/td><\/tr><tr><td><p><span style=\"font-weight: 400;\">Salaire d\u00e9butant<\/span><\/p><\/td><td><p><span style=\"font-weight: 400;\">Le salaire d&rsquo;un designer graphique d\u00e9butant est de 2 200 \u20ac brut par mois<\/span><\/p><\/td><\/tr><\/tbody><\/table><\/div>\n\t\t\t\t\t\t\t<\/div>\n\t\t<\/div>\n\t\t\t\t\t\t<\/div>\n\t\t\t\t<\/div>\n\t\t\t\t<div class=\"elementor-element elementor-element-efd4d87 elementor-widget elementor-widget-spacer\" data-id=\"efd4d87\" data-element_type=\"widget\" data-e-type=\"widget\" data-widget_type=\"spacer.default\">\n\t\t\t\t<div class=\"elementor-widget-container\">\n\t\t\t\t\t\t\t<div class=\"elementor-spacer\">\n\t\t\t<div class=\"elementor-spacer-inner\"><\/div>\n\t\t<\/div>\n\t\t\t\t\t\t<\/div>\n\t\t\t\t<\/div>\n\t\t\t\t<div class=\"elementor-element elementor-element-2f927dd elementor-widget elementor-widget-heading\" data-id=\"2f927dd\" data-element_type=\"widget\" data-e-type=\"widget\" data-widget_type=\"heading.default\">\n\t\t\t\t<div class=\"elementor-widget-container\">\n\t\t\t\t\t<h3 class=\"elementor-heading-title elementor-size-default\">M\u00e9tiers du livre et du patrimoine.<\/h3>\t\t\t\t<\/div>\n\t\t\t\t<\/div>\n\t\t\t\t<div class=\"elementor-element elementor-element-ac45895 elementor-tabs-view-horizontal elementor-widget elementor-widget-tabs\" data-id=\"ac45895\" data-element_type=\"widget\" data-e-type=\"widget\" data-widget_type=\"tabs.default\">\n\t\t\t\t<div class=\"elementor-widget-container\">\n\t\t\t\t\t\t\t<div class=\"elementor-tabs\">\n\t\t\t<div class=\"elementor-tabs-wrapper\" role=\"tablist\" >\n\t\t\t\t\t\t\t\t\t<div id=\"elementor-tab-title-1801\" class=\"elementor-tab-title elementor-tab-desktop-title\" aria-selected=\"true\" data-tab=\"1\" role=\"tab\" tabindex=\"0\" aria-controls=\"elementor-tab-content-1801\" aria-expanded=\"false\">Archiviste <\/div>\n\t\t\t\t\t\t\t\t\t<div id=\"elementor-tab-title-1802\" class=\"elementor-tab-title elementor-tab-desktop-title\" aria-selected=\"false\" data-tab=\"2\" role=\"tab\" tabindex=\"-1\" aria-controls=\"elementor-tab-content-1802\" aria-expanded=\"false\">Assistant(e) d'\u00e9dition<\/div>\n\t\t\t\t\t\t\t\t\t<div id=\"elementor-tab-title-1803\" class=\"elementor-tab-title elementor-tab-desktop-title\" aria-selected=\"false\" data-tab=\"3\" role=\"tab\" tabindex=\"-1\" aria-controls=\"elementor-tab-content-1803\" aria-expanded=\"false\">Biblioth\u00e9caire <\/div>\n\t\t\t\t\t\t\t\t\t<div id=\"elementor-tab-title-1804\" class=\"elementor-tab-title elementor-tab-desktop-title\" aria-selected=\"false\" data-tab=\"4\" role=\"tab\" tabindex=\"-1\" aria-controls=\"elementor-tab-content-1804\" aria-expanded=\"false\">Designer Graphique<\/div>\n\t\t\t\t\t\t\t\t\t<div id=\"elementor-tab-title-1805\" class=\"elementor-tab-title elementor-tab-desktop-title\" aria-selected=\"false\" data-tab=\"5\" role=\"tab\" tabindex=\"-1\" aria-controls=\"elementor-tab-content-1805\" aria-expanded=\"false\">Libraire<\/div>\n\t\t\t\t\t\t\t<\/div>\n\t\t\t<div class=\"elementor-tabs-content-wrapper\" role=\"tablist\" aria-orientation=\"vertical\">\n\t\t\t\t\t\t\t\t\t<div class=\"elementor-tab-title elementor-tab-mobile-title\" aria-selected=\"true\" data-tab=\"1\" role=\"tab\" tabindex=\"0\" aria-controls=\"elementor-tab-content-1801\" aria-expanded=\"false\">Archiviste <\/div>\n\t\t\t\t\t<div id=\"elementor-tab-content-1801\" class=\"elementor-tab-content elementor-clearfix\" data-tab=\"1\" role=\"tabpanel\" aria-labelledby=\"elementor-tab-title-1801\" tabindex=\"0\" hidden=\"false\"><table><tbody><tr><td><p><span style=\"font-weight: 400;\">En quoi consiste le m\u00e9tier<\/span><\/p><\/td><td><p><span style=\"font-weight: 400;\">Ce m\u00e9tier consiste \u00e0 classer, inventorier, conserver, restaurer, communiquer et mettre en valeur les documents archiv\u00e9s.\u00a0<\/span><\/p><p><span style=\"font-weight: 400;\">Le m\u00e9tier s&rsquo;exerce principalement dans la fonction publique, notamment territoriale (archives r\u00e9gionales, d\u00e9partementales, municipales&#8230;), apr\u00e8s un concours. Quelques grandes entreprises ont \u00e9galement recours aux services d&rsquo;archivistes.<\/span><\/p><\/td><\/tr><tr><td><p><span style=\"font-weight: 400;\">Missions principales<\/span><\/p><\/td><td><ul><li style=\"font-weight: 400;\" aria-level=\"1\"><span style=\"font-weight: 400;\">\u00c9valuer l\u2019importance des documents \u00e0 conserver, \u00e9limine les documents qui ne seront pas gard\u00e9s<\/span><\/li><li style=\"font-weight: 400;\" aria-level=\"1\"><span style=\"font-weight: 400;\">Classer et conserver les archives<\/span><\/li><li style=\"font-weight: 400;\" aria-level=\"1\"><span style=\"font-weight: 400;\">Organisation des archives de sorte \u00e0 rester accessibles aux publics, chercheurs ou professionnels qui pourraient en avoir besoin<\/span><\/li><li style=\"font-weight: 400;\" aria-level=\"1\"><span style=\"font-weight: 400;\">Valoriser les documents, notamment par l\u2019organisation d\u2019expositions, mais aussi d\u2019ateliers, ou d\u2019activit\u00e9s ludiques<\/span><\/li><\/ul><\/td><\/tr><tr><td><p><span style=\"font-weight: 400;\">Comp\u00e9tences\u00a0<\/span><\/p><\/td><td><ul><li style=\"font-weight: 400;\" aria-level=\"1\"><span style=\"font-weight: 400;\">Ma\u00eetriser la conservation physique des documents, organiser la gestion des acc\u00e8s, conna\u00eetre le cadre r\u00e9glementaire qui s\u2019applique aux archives\u00a0<\/span><\/li><\/ul><ul><li style=\"font-weight: 400;\" aria-level=\"1\"><span style=\"font-weight: 400;\">\u00catre capable de monter des projets de d\u00e9mat\u00e9rialisation d\u2019archives, de proposer des fonds num\u00e9ris\u00e9s, ma\u00eetriser les plateformes d\u2019archivage \u00e9lectronique<\/span><\/li><li style=\"font-weight: 400;\" aria-level=\"1\"><span style=\"font-weight: 400;\">Capacit\u00e9 de monter une exposition d\u2019archives, ou tout autre projet de valorisation.\u00a0<\/span><\/li><li style=\"font-weight: 400;\" aria-level=\"1\"><span style=\"font-weight: 400;\">Capacit\u00e9s r\u00e9dactionnelles\u00a0<\/span><\/li><li style=\"font-weight: 400;\" aria-level=\"1\"><span style=\"font-weight: 400;\">Avoir de solides connaissances en histoire mais \u00e9galement en droit.\u00a0<\/span><\/li><\/ul><\/td><\/tr><tr><td><p><span style=\"font-weight: 400;\">Qualit\u00e9s requises<\/span><\/p><\/td><td><ul><li style=\"font-weight: 400;\" aria-level=\"1\"><span style=\"font-weight: 400;\">S\u00e9lectif, avoir un bon esprit de synth\u00e8se pour r\u00e9aliser un travail de qualit\u00e9.\u00a0<\/span><\/li><\/ul><ul><li style=\"font-weight: 400;\" aria-level=\"1\"><span style=\"font-weight: 400;\">Minutieux et soigneux pour manipuler les documents qui souvent sont tr\u00e8s vieux et fragiles.\u00a0<\/span><\/li><li style=\"font-weight: 400;\" aria-level=\"1\"><span style=\"font-weight: 400;\">M\u00e9thodique et consciencieux pour r\u00e9aliser ses t\u00e2ches.\u00a0<\/span><\/li><li style=\"font-weight: 400;\" aria-level=\"1\"><span style=\"font-weight: 400;\">Sens relationnel assez d\u00e9velopp\u00e9 car il peut \u00eatre amen\u00e9 \u00e0 \u00eatre en contact avec les autres.\u00a0<\/span><\/li><li style=\"font-weight: 400;\" aria-level=\"1\"><span style=\"font-weight: 400;\">Doit aimer les lettres et la culture pour tout conna\u00eetre sur les archives dont il s&rsquo;occupe.<\/span><\/li><\/ul><\/td><\/tr><tr><td><p><span style=\"font-weight: 400;\">Acc\u00e8s au m\u00e9tier<\/span><\/p><\/td><td><p><strong>Niveau bac+3 :<\/strong><\/p><ul><li style=\"font-weight: 400;\" aria-level=\"1\"><span style=\"font-weight: 400;\">Bachelor universitaire de technologie (BUT) information communication, parcours m\u00e9tiers du livre et du patrimoine.<\/span><\/li><li style=\"font-weight: 400;\" aria-level=\"1\"><span style=\"font-weight: 400;\">Licences professionnelles m\u00e9tiers de l\u2019information\u2009: archives, m\u00e9diation et patrimoine.<\/span><\/li><\/ul><p><strong>Niveau bac +5 :\u00a0<\/strong><\/p><ul><li style=\"font-weight: 400;\" aria-level=\"1\"><span style=\"font-weight: 400;\">Master archives et les dipl\u00f4mes des \u00e9coles sp\u00e9cialis\u00e9es\u2009: Institut national du patrimoine (INP), \u00c9cole nationale des chartes, \u00e9cole nationale sup\u00e9rieure des sciences de l\u2019information et des biblioth\u00e8ques (ENSSIB).<\/span><\/li><\/ul><\/td><\/tr><tr><td><p><span style=\"font-weight: 400;\">Salaire d\u00e9butant<\/span><\/p><\/td><td><p><span style=\"font-weight: 400;\">1 600 \u20ac brut<\/span><span style=\"font-weight: 400;\">\u00a0par mois\u00a0<\/span><\/p><\/td><\/tr><\/tbody><\/table><\/div>\n\t\t\t\t\t\t\t\t\t<div class=\"elementor-tab-title elementor-tab-mobile-title\" aria-selected=\"false\" data-tab=\"2\" role=\"tab\" tabindex=\"-1\" aria-controls=\"elementor-tab-content-1802\" aria-expanded=\"false\">Assistant(e) d'\u00e9dition<\/div>\n\t\t\t\t\t<div id=\"elementor-tab-content-1802\" class=\"elementor-tab-content elementor-clearfix\" data-tab=\"2\" role=\"tabpanel\" aria-labelledby=\"elementor-tab-title-1802\" tabindex=\"0\" hidden=\"hidden\"><table><tbody><tr><td><p><span style=\"font-weight: 400;\">En quoi consiste le m\u00e9tier<\/span><\/p><\/td><td><p><span style=\"font-weight: 400;\">Il assure le suivi administratif et \u00e9ditorial des ouvrages qui lui sont attribu\u00e9s dans le respect des budgets <\/span><span style=\"font-weight: 400;\">et des plannings.\u00a0<\/span><\/p><p><span style=\"font-weight: 400;\">Il <\/span><span style=\"font-weight: 400;\">est le collaborateur direct de l\u2019\u00e9diteur. Il est charg\u00e9 du suivi pratique des d<\/span><span style=\"font-weight: 400;\">ossiers. En bref, il re\u00e7oit les manuscrits et fait en sorte qu\u2019ils finissent dans les rayons des libraires.<\/span><\/p><\/td><\/tr><tr><td><p><span style=\"font-weight: 400;\">Missions principales<\/span><\/p><\/td><td><ul><li style=\"font-weight: 400;\" aria-level=\"1\"><span style=\"font-weight: 400;\">Il s\u2019accorde avec l\u2019auteur ou le traducteur sur les modifications \u00e0 faire au niveau du style et du contenu, puis finalise le texte.\u00a0<\/span><\/li><\/ul><ul><li style=\"font-weight: 400;\" aria-level=\"1\"><span style=\"font-weight: 400;\">Il veille aussi \u00e0 la coh\u00e9rence de l\u2019ouvrage : la table des mati\u00e8res, l\u2019\u00e9quilibre des chapitres, les notes\u2026\u00a0<\/span><\/li><li style=\"font-weight: 400;\" aria-level=\"1\"><span style=\"font-weight: 400;\">Il collecte ou commande, selon les cas, les photos, dessins ou infographies n\u00e9cessaires \u00e0 l\u2019ouvrage.<\/span><\/li><li style=\"font-weight: 400;\" aria-level=\"1\"><span style=\"font-weight: 400;\">Il commande la maquette du livre.<\/span><\/li><li style=\"font-weight: 400;\" aria-level=\"1\"><span style=\"font-weight: 400;\">Il accompagne aussi la composition de l\u2019ouvrage avec le graphiste et contr\u00f4le les \u00e9preuves au retour de la maquette.\u00a0<\/span><\/li><li style=\"font-weight: 400;\" aria-level=\"1\"><span style=\"font-weight: 400;\">Secr\u00e9tariat et gestion : mise au point du budget, tenue des plannings, suivi de contrats avec les auteurs, etc<\/span><\/li><li style=\"font-weight: 400;\" aria-level=\"1\"><span style=\"font-weight: 400;\">Il peut participer \u00e0 l\u2019\u00e9laboration de projets, au comit\u00e9 de lecture, \u00e0 la recherche d\u2019auteurs, \u00e0 la prise de contacts avec les agents \u00e9trangers ou services de presse, etc.<\/span><\/li><\/ul><\/td><\/tr><tr><td><p><span style=\"font-weight: 400;\">Comp\u00e9tences\u00a0<\/span><\/p><\/td><td><ul><li style=\"font-weight: 400;\" aria-level=\"1\"><span style=\"font-weight: 400;\">Connaissance des techniques d\u2019impression, d\u2019infographie et d\u2019\u00e9dition<\/span><\/li><li style=\"font-weight: 400;\" aria-level=\"1\"><span style=\"font-weight: 400;\">Sens de l\u2019organisation<\/span><\/li><li style=\"font-weight: 400;\" aria-level=\"1\"><span style=\"font-weight: 400;\">Rigueur et curiosit\u00e9<\/span><\/li><li style=\"font-weight: 400;\" aria-level=\"1\"><span style=\"font-weight: 400;\">Sens du dialogue<\/span><\/li><\/ul><\/td><\/tr><tr><td><p><span style=\"font-weight: 400;\">Qualit\u00e9s requises\u00a0<\/span><\/p><\/td><td><ul><li style=\"font-weight: 400;\" aria-level=\"1\"><span style=\"font-weight: 400;\">D\u00e9ontologie.<\/span><\/li><li style=\"font-weight: 400;\" aria-level=\"1\"><span style=\"font-weight: 400;\">La diplomatie.<\/span><\/li><li style=\"font-weight: 400;\" aria-level=\"1\"><span style=\"font-weight: 400;\">La polyvalence.<\/span><\/li><li style=\"font-weight: 400;\" aria-level=\"1\"><span style=\"font-weight: 400;\">Sens du relationnel<\/span><\/li><li style=\"font-weight: 400;\" aria-level=\"1\"><span style=\"font-weight: 400;\">Sens de la discr\u00e9tion et de la confidentialit\u00e9<\/span><\/li><li style=\"font-weight: 400;\" aria-level=\"1\"><span style=\"font-weight: 400;\">Int\u00e9r\u00eat pour le monde de l\u2019\u00e9dition et du livre<\/span><\/li><\/ul><\/td><\/tr><tr><td><p><span style=\"font-weight: 400;\">Dipl\u00f4mes<\/span><\/p><\/td><td><p><b>Niveau Bac +2<\/b><\/p><ul><li style=\"font-weight: 400;\" aria-level=\"1\"><span style=\"font-weight: 400;\">BTS \u00e9dition<\/span><span style=\"font-weight: 400;\">,\u00a0<\/span><\/li><li style=\"font-weight: 400;\" aria-level=\"1\"><span style=\"font-weight: 400;\">BTS communication et industries graphiques<\/span><span style=\"font-weight: 400;\">\u00a0<\/span><\/li><\/ul><p><span style=\"font-family: Roboto, sans-serif;\"><strong>Niveau Bac +3<\/strong>\u00a0<\/span><\/p><ul><li aria-level=\"1\">BUT Information-communication\u00a0option m\u00e9tiers du livre et du patrimoine<\/li><li style=\"font-weight: 400;\" aria-level=\"1\"><span style=\"font-weight: 400;\">Licence pro \u00e9diteur (Bordeaux 3)\u00a0<\/span><\/li><li style=\"font-weight: 400;\" aria-level=\"1\"><span style=\"font-weight: 400;\">Licence pro \u00e9dition (Aix-Marseille 2)<\/span><\/li><\/ul><p><strong>Niveau Bac +5<\/strong><\/p><ul><li style=\"font-weight: 400;\" aria-level=\"1\"><span style=\"font-weight: 400;\">Master pro \u00e9dition de Limoges, le\u00a0<\/span><\/li><li style=\"font-weight: 400;\" aria-level=\"1\"><span style=\"font-weight: 400;\">Master pro m\u00e9tier du livre de Dijon\u00a0<\/span><\/li><li style=\"font-weight: 400;\" aria-level=\"1\"><span style=\"font-weight: 400;\">Master pro m\u00e9tiers du livre, \u00e9dition, assistanat de direction de Brest.<\/span><\/li><\/ul><\/td><\/tr><tr><td><p><span style=\"font-weight: 400;\">Salaire d\u00e9butant<\/span><\/p><\/td><td><p><span style=\"font-weight: 400;\">1 700 \u20ac brut par mois<\/span><\/p><\/td><\/tr><\/tbody><\/table><\/div>\n\t\t\t\t\t\t\t\t\t<div class=\"elementor-tab-title elementor-tab-mobile-title\" aria-selected=\"false\" data-tab=\"3\" role=\"tab\" tabindex=\"-1\" aria-controls=\"elementor-tab-content-1803\" aria-expanded=\"false\">Biblioth\u00e9caire <\/div>\n\t\t\t\t\t<div id=\"elementor-tab-content-1803\" class=\"elementor-tab-content elementor-clearfix\" data-tab=\"3\" role=\"tabpanel\" aria-labelledby=\"elementor-tab-title-1803\" tabindex=\"0\" hidden=\"hidden\"><table><tbody><tr><td><span style=\"font-weight: 400;\">En quoi consiste le m\u00e9tier<\/span><\/td><td><span style=\"font-weight: 400;\"> Le <\/span><i><span style=\"font-weight: 400;\">biblioth\u00e9caire<\/span><\/i><span style=\"font-weight: 400;\"> est le trait d&rsquo;union entre les ouvrages et les usagers<\/span><\/td><\/tr><tr><td><span style=\"font-weight: 400;\">Missions principales<\/span><\/td><td><ul><li style=\"font-weight: 400;\" aria-level=\"1\"><span style=\"font-weight: 400;\">Il \u00e9tablit un choix de livres, d&rsquo;e-books, de vid\u00e9os, de c\u00e9d\u00e9roms ou de photos, en fonction des demandes, de l&rsquo;actualit\u00e9 des parutions et des cr\u00e9dits disponibles<\/span><\/li><li style=\"font-weight: 400;\" aria-level=\"1\"><span style=\"font-weight: 400;\">Il enregistre les pr\u00eats<\/span><\/li><li style=\"font-weight: 400;\" aria-level=\"1\"><span style=\"font-weight: 400;\">ll est charg\u00e9 de la conservation des fonds (r\u00e9pare ou envoie les livres ab\u00eem\u00e9s chez un relieur)<\/span><\/li><li style=\"font-weight: 400;\" aria-level=\"1\"><span style=\"font-weight: 400;\">Il r\u00e9pertorie et indexe les livres et produits culturels selon des techniques tr\u00e8s pointues.<\/span><\/li><li style=\"font-weight: 400;\" aria-level=\"1\"><span style=\"font-weight: 400;\">Il doit accueillir les lecteurs, les aider dans leurs recherches et les orienter dans leur choix de lecture.<\/span><\/li><li style=\"font-weight: 400;\" aria-level=\"1\"><span style=\"font-weight: 400;\">Aupr\u00e8s du jeune public, il \u00e9veille la sensibilit\u00e9 et donne le go\u00fbt de la d\u00e9couverte de la lecture et des livres<\/span><\/li><li style=\"font-weight: 400;\" aria-level=\"1\"><span style=\"font-weight: 400;\">Il peut<\/span> <span style=\"font-weight: 400;\">organiser des expositions ou des conf\u00e9rences-d\u00e9bats<\/span><\/li><li style=\"font-weight: 400;\" aria-level=\"1\"><span style=\"font-weight: 400;\">Il est charg\u00e9 de la promotion de la biblioth\u00e8que\u00a0<\/span><\/li><\/ul><\/td><\/tr><tr><td><span style=\"font-weight: 400;\">Comp\u00e9tences\u00a0<\/span><\/td><td><ul><li style=\"font-weight: 400;\" aria-level=\"1\"><span style=\"font-weight: 400;\">Rigueur, m\u00e9thodique, pr\u00e9cis, organis\u00e9\u00a0<\/span><\/li><\/ul><ul><li style=\"font-weight: 400;\" aria-level=\"1\"><span style=\"font-weight: 400;\">Ma\u00eetrise de l&rsquo;outil informatique\u00a0<\/span><\/li><\/ul><\/td><\/tr><tr><td><span style=\"font-weight: 400;\">Qualit\u00e9s requises<\/span><\/td><td><ul><li style=\"font-weight: 400;\" aria-level=\"1\"><span style=\"font-weight: 400;\">Amour des livres et de la lecture<\/span><\/li><li style=\"font-weight: 400;\" aria-level=\"1\"><span style=\"font-weight: 400;\">Esprit curieux<\/span><\/li><li style=\"font-weight: 400;\" aria-level=\"1\"><span style=\"font-weight: 400;\">Bonne culture g\u00e9n\u00e9rale\u00a0<\/span><\/li><li style=\"font-weight: 400;\" aria-level=\"1\"><span style=\"font-weight: 400;\">Sens du contact<\/span><\/li><\/ul><\/td><\/tr><tr><td><span style=\"font-weight: 400;\">Dipl\u00f4mes<\/span><\/td><td><p><b>Niveau Bac +2<\/b><\/p><ul><li style=\"font-weight: 400;\" aria-level=\"1\"><span style=\"font-weight: 400;\">DEUST m\u00e9tiers des biblioth\u00e8ques et de la documentation<\/span><\/li><\/ul><p><b>Niveau Bac +3<\/b><\/p><ul><li><span style=\"font-weight: 400;\">BUT I<\/span>nformation-Communication, parcours m\u00e9tiers du livre et du patrimoine ;<\/li><li>Licence pro m\u00e9tiers du livre : documentation et biblioth\u00e8ques.\u00a0<\/li><\/ul><p><b>Niveau Bac +4 et 5<\/b><\/p><ul><li style=\"font-weight: 400;\" aria-level=\"1\"><span style=\"font-weight: 400;\">Dipl\u00f4me de gestionnaire de l&rsquo;information de l&rsquo;EBD (apr\u00e8s un bac + 2) ;<\/span><\/li><\/ul><ul><li style=\"font-weight: 400;\" aria-level=\"1\"><span style=\"font-weight: 400;\">Master sciences de l&rsquo;information et des biblioth\u00e8ques.\u00a0<\/span><\/li><\/ul><p><span style=\"font-weight: 400;\">Le m\u00e9tier est accessible uniquement sur concours : avec un dipl\u00f4me de niveau bac + 2 pour devenir assistant ou biblioth\u00e9caire adjoint, de niveau bac + 3 pour devenir biblioth\u00e9caire ou conservateur.<\/span><\/p><\/td><\/tr><tr><td><span style=\"font-weight: 400;\">Salaire d\u00e9butant<\/span><\/td><td><span style=\"font-weight: 400;\">1500 \u20ac brut par mois<\/span><\/td><\/tr><\/tbody><\/table><\/div>\n\t\t\t\t\t\t\t\t\t<div class=\"elementor-tab-title elementor-tab-mobile-title\" aria-selected=\"false\" data-tab=\"4\" role=\"tab\" tabindex=\"-1\" aria-controls=\"elementor-tab-content-1804\" aria-expanded=\"false\">Designer Graphique<\/div>\n\t\t\t\t\t<div id=\"elementor-tab-content-1804\" class=\"elementor-tab-content elementor-clearfix\" data-tab=\"4\" role=\"tabpanel\" aria-labelledby=\"elementor-tab-title-1804\" tabindex=\"0\" hidden=\"hidden\"><table><tbody><tr><td><p><span style=\"font-weight: 400;\">En quoi consiste le m\u00e9tier<\/span><\/p><\/td><td><p><span style=\"font-weight: 400;\">Ce m\u00e9tier est accessible apr\u00e8s l\u2019option Communication et Organisations et l\u2019option M\u00e9tiers du Livre.\u00a0<\/span><\/p><p><span style=\"font-weight: 400;\">Affiches, logos, emballages, sites web&#8230; l&#8217;empreinte du designer graphique est partout : dans la presse, l&rsquo;\u00e9dition en passant par la publicit\u00e9, la communication et le design.\u00a0<\/span><\/p><p><span style=\"font-weight: 400;\">Gr\u00e2ce \u00e0 un travail sur la forme et la couleur, le designer graphique transmet visuellement le message que ce client souhaite d\u00e9livrer.<\/span><\/p><p><span style=\"font-weight: 400;\">Il exerce au sein d&rsquo;agences de pub, de communication, dans les maisons d&rsquo;\u00e9dition, journaux et magazines, studios de cr\u00e9ation graphique.<\/span><\/p><\/td><\/tr><tr><td><p><span style=\"font-weight: 400;\">Missions principales<\/span><\/p><\/td><td><ul><li style=\"font-weight: 400;\" aria-level=\"1\"><span style=\"font-weight: 400;\">Mise en place d\u2019une charte graphique.<\/span><\/li><li style=\"font-weight: 400;\" aria-level=\"1\"><span style=\"font-weight: 400;\">Participer \u00e0 la mise en place d\u2019un concept graphique.<\/span><\/li><li style=\"font-weight: 400;\" aria-level=\"1\"><span style=\"font-weight: 400;\">R\u00e9aliser la conception de logos, d\u2019affiches et d\u2019emballages de produits divers.<\/span><\/li><li style=\"font-weight: 400;\" aria-level=\"1\"><span style=\"font-weight: 400;\">Faire le suivi de toutes les \u00e9tapes techniques et graphiques d\u2019un projet.<\/span><\/li><li style=\"font-weight: 400;\" aria-level=\"1\"><span style=\"font-weight: 400;\">Assister le directeur artistique dans un projet de conception graphique.<\/span><\/li><li style=\"font-weight: 400;\" aria-level=\"1\"><span style=\"font-weight: 400;\">Reproduire du texte et des id\u00e9es en images et en identit\u00e9 visuelle.<\/span><\/li><\/ul><\/td><\/tr><tr><td><p><span style=\"font-weight: 400;\">Comp\u00e9tences\u00a0<\/span><\/p><\/td><td><ul><li style=\"font-weight: 400;\" aria-level=\"1\"><span style=\"font-weight: 400;\">Dou\u00e9 de comp\u00e9tences techniques et ma\u00eetrisant les logiciels de retouche d\u2019image comme Illustrator et Photoshop.<\/span><\/li><li style=\"font-weight: 400;\" aria-level=\"1\"><span style=\"font-weight: 400;\">Connaissances en design et en art en g\u00e9n\u00e9ral.<\/span><\/li><li style=\"font-weight: 400;\" aria-level=\"1\"><span style=\"font-weight: 400;\">Une excellente culture graphique.<\/span><\/li><li style=\"font-weight: 400;\" aria-level=\"1\"><span style=\"font-weight: 400;\">Excellentes connaissances dans le dessin.<\/span><\/li><li style=\"font-weight: 400;\" aria-level=\"1\"><span style=\"font-weight: 400;\">Parfaite ma\u00eetrise des logiciels de publication assist\u00e9e par ordinateur (PAO).<\/span><\/li><\/ul><\/td><\/tr><tr><td><p><span style=\"font-weight: 400;\">Qualit\u00e9s requises\u00a0<\/span><\/p><\/td><td><ul><li style=\"font-weight: 400;\" aria-level=\"1\"><span style=\"font-weight: 400;\">Un grand cr\u00e9atif.<\/span><\/li><li style=\"font-weight: 400;\" aria-level=\"1\"><span style=\"font-weight: 400;\">Dot\u00e9 d\u2019une grande imagination.<\/span><\/li><li style=\"font-weight: 400;\" aria-level=\"1\"><span style=\"font-weight: 400;\">Esprit d\u2019anticipation et force de proposition.<\/span><\/li><li style=\"font-weight: 400;\" aria-level=\"1\"><span style=\"font-weight: 400;\">Vocation et talents artistiques ind\u00e9niables.<\/span><\/li><li style=\"font-weight: 400;\" aria-level=\"1\"><span style=\"font-weight: 400;\">Un bon communicant.<\/span><\/li><li style=\"font-weight: 400;\" aria-level=\"1\"><span style=\"font-weight: 400;\">R\u00e9actif et pers\u00e9v\u00e9rant<\/span><\/li><li style=\"font-weight: 400;\" aria-level=\"1\"><span style=\"font-weight: 400;\">Dot\u00e9 d\u2019un excellent relationnel<\/span><\/li><\/ul><\/td><\/tr><tr><td><p><span style=\"font-weight: 400;\">Dipl\u00f4mes<\/span><\/p><\/td><td><p>\u00a0En plus des suivantes, vous pouvez d\u00e9buter par un BUT Information Communication.<b style=\"color: var( --e-global-color-text ); font-family: var( --e-global-typography-text-font-family ), Sans-serif; font-size: var( --e-global-typography-text-font-size );\"><br \/><\/b><\/p><p><b style=\"color: var( --e-global-color-text ); font-family: var( --e-global-typography-text-font-family ), Sans-serif; font-size: var( --e-global-typography-text-font-size );\">\u00a0<\/b><\/p><p><b style=\"color: var( --e-global-color-text ); font-family: var( --e-global-typography-text-font-family ), Sans-serif; font-size: var( --e-global-typography-text-font-size );\">Niveau Bac + 3<\/b><\/p><ul><li style=\"font-weight: 400;\" aria-level=\"1\"><span style=\"font-weight: 400;\">DNA option art<\/span><\/li><li style=\"font-weight: 400;\" aria-level=\"1\"><span style=\"font-weight: 400;\">DNA option communication<\/span><\/li><li style=\"font-weight: 400;\" aria-level=\"1\"><span style=\"font-weight: 400;\">DNA option design<\/span><\/li><li style=\"font-weight: 400;\" aria-level=\"1\"><span style=\"font-weight: 400;\">DN MADE mention \u00e9v\u00e9nement<\/span><\/li><li style=\"font-weight: 400;\" aria-level=\"1\"><span style=\"font-weight: 400;\">DN MADE mention graphisme<\/span><\/li><li style=\"font-weight: 400;\" aria-level=\"1\"><span style=\"font-weight: 400;\">DN MADE mention innovation sociale<\/span><\/li><li style=\"font-weight: 400;\" aria-level=\"1\"><span style=\"font-weight: 400;\">DN MADE mention livre<\/span><\/li><li style=\"font-weight: 400;\" aria-level=\"1\"><span style=\"font-weight: 400;\">DN MADE mention num\u00e9rique<\/span><\/li><li style=\"font-weight: 400;\" aria-level=\"1\"><span style=\"font-weight: 400;\">TP concepteur designer UI<\/span><\/li><li style=\"font-weight: 400;\" aria-level=\"1\"><span style=\"font-weight: 400;\">Bande dessin\u00e9e<\/span><\/li><li style=\"font-weight: 400;\" aria-level=\"1\"><span style=\"font-weight: 400;\">Graphiste motion designer (Gobelins)<\/span><\/li><li style=\"font-weight: 400;\" aria-level=\"1\"><span style=\"font-weight: 400;\">Infographiste jeu vid\u00e9o<\/span><\/li><\/ul><p><b>\u00a0Niveau Bac + 5<\/b><\/p><ul><li style=\"font-weight: 400;\" aria-level=\"1\"><span style=\"font-weight: 400;\">DSAA Design mention graphisme<\/span><\/li><li style=\"font-weight: 400;\" aria-level=\"1\"><span style=\"font-weight: 400;\">DNSEP option art<\/span><\/li><li style=\"font-weight: 400;\" aria-level=\"1\"><span style=\"font-weight: 400;\">DNSEP option communication<\/span><\/li><li style=\"font-weight: 400;\" aria-level=\"1\"><span style=\"font-weight: 400;\">DNSEP option design<\/span><\/li><li style=\"font-weight: 400;\" aria-level=\"1\"><span style=\"font-weight: 400;\">Master mention cr\u00e9ation num\u00e9rique<\/span><\/li><li style=\"font-weight: 400;\" aria-level=\"1\"><span style=\"font-weight: 400;\">Concepteur artistique &#8211; R\u00e9alisateur de jeu vid\u00e9o<\/span><\/li><li style=\"font-weight: 400;\" aria-level=\"1\"><span style=\"font-weight: 400;\">Dipl\u00f4me national sup\u00e9rieur des arts d\u00e9coratifs (ENSAD)<\/span><\/li><li style=\"font-weight: 400;\" aria-level=\"1\"><span style=\"font-weight: 400;\">Directeur artistique num\u00e9rique<\/span><\/li><li style=\"font-weight: 400;\" aria-level=\"1\"><span style=\"font-weight: 400;\">Directeur de cr\u00e9ation en \u00e9dition multim\u00e9dia<\/span><\/li><\/ul><\/td><\/tr><tr><td><p><span style=\"font-weight: 400;\">Salaire d\u00e9butant<\/span><\/p><\/td><td><p><span style=\"font-weight: 400;\">Le salaire d&rsquo;un designer graphique d\u00e9butant est de 2 200 \u20ac brut par mois<\/span><\/p><\/td><\/tr><\/tbody><\/table><\/div>\n\t\t\t\t\t\t\t\t\t<div class=\"elementor-tab-title elementor-tab-mobile-title\" aria-selected=\"false\" data-tab=\"5\" role=\"tab\" tabindex=\"-1\" aria-controls=\"elementor-tab-content-1805\" aria-expanded=\"false\">Libraire<\/div>\n\t\t\t\t\t<div id=\"elementor-tab-content-1805\" class=\"elementor-tab-content elementor-clearfix\" data-tab=\"5\" role=\"tabpanel\" aria-labelledby=\"elementor-tab-title-1805\" tabindex=\"0\" hidden=\"hidden\"><table><tbody><tr><td><span style=\"font-weight: 400;\">En quoi consiste le m\u00e9tier<\/span><\/td><td><p><span style=\"font-weight: 400;\">Le libraire conseille les clients quel que soit le domaine : roman, bande dessin\u00e9e, guide pratique, manuels scolaires\u2026<\/span><\/p><p><span style=\"font-weight: 400;\">Il re\u00e7oit les nouveaut\u00e9s, poss\u00e8de une bonne dose de culture g\u00e9n\u00e9rale et se tient au courant de l&rsquo;actualit\u00e9 litt\u00e9raire pour r\u00e9pondre \u00e0 la demande de ses clients.<\/span><\/p><\/td><\/tr><tr><td><span style=\"font-weight: 400;\">Missions principales<\/span><\/td><td><ul><li style=\"font-weight: 400;\" aria-level=\"1\"><span style=\"font-weight: 400;\">Commande de livres<\/span><\/li><\/ul><ul><li style=\"font-weight: 400;\" aria-level=\"1\"><span style=\"font-weight: 400;\">R\u00e9approvisionnement du stock<\/span><\/li><li style=\"font-weight: 400;\" aria-level=\"1\"><span style=\"font-weight: 400;\">\u00c9tiquetage des produits<\/span><\/li><li style=\"font-weight: 400;\" aria-level=\"1\"><span style=\"font-weight: 400;\">Inventaire<\/span><\/li><li style=\"font-weight: 400;\" aria-level=\"1\"><span style=\"font-weight: 400;\">Pr\u00e9sentation de la vitrine<\/span><\/li><li style=\"font-weight: 400;\" aria-level=\"1\"><span style=\"font-weight: 400;\">Contacts avec les repr\u00e9sentants des maisons d&rsquo;\u00e9dition<\/span><\/li><li style=\"font-weight: 400;\" aria-level=\"1\"><span style=\"font-weight: 400;\">Organisation de s\u00e9ances de d\u00e9dicace<\/span><\/li><\/ul><\/td><\/tr><tr><td><span style=\"font-weight: 400;\">Comp\u00e9tences\u00a0<\/span><\/td><td><ul><li style=\"font-weight: 400;\" aria-level=\"1\"><span style=\"font-weight: 400;\">Solide culture g\u00e9n\u00e9rale et app\u00e9tence pour l\u2019actualit\u00e9 litt\u00e9raire<\/span><\/li><li style=\"font-weight: 400;\" aria-level=\"1\"><span style=\"font-weight: 400;\">Qualit\u00e9s commerciale<\/span><\/li><\/ul><\/td><\/tr><tr><td><span style=\"font-weight: 400;\">Qualit\u00e9s requises<\/span><\/td><td><ul><li style=\"font-weight: 400;\" aria-level=\"1\"><span style=\"font-weight: 400;\">Disponible<\/span><\/li><li style=\"font-weight: 400;\" aria-level=\"1\"><span style=\"font-weight: 400;\">Accueillant<\/span><\/li><li style=\"font-weight: 400;\" aria-level=\"1\"><span style=\"font-weight: 400;\">Avenant<\/span><\/li><li style=\"font-weight: 400;\" aria-level=\"1\"><span style=\"font-weight: 400;\">Attentif aux personnes<\/span><\/li><li style=\"font-weight: 400;\" aria-level=\"1\"><span style=\"font-weight: 400;\">Aimer lire<\/span><\/li><li style=\"font-weight: 400;\" aria-level=\"1\"><span style=\"font-weight: 400;\">\u00eatre curieux<\/span><\/li><\/ul><\/td><\/tr><tr><td><span style=\"font-weight: 400;\">Dipl\u00f4mes<\/span><\/td><td><p><b>Niveau Bac +3\u00a0<\/b><\/p><ul><li style=\"font-weight: 400;\" aria-level=\"1\"><span style=\"font-weight: 400;\">BUT information-communication, parcours m\u00e9tiers du livre et du patrimoine\u00a0<\/span><\/li><\/ul><ul><li style=\"font-weight: 400;\" aria-level=\"1\"><span style=\"font-weight: 400;\">Licence pro m\u00e9tiers du livre : \u00e9dition et commerce du livre (1 an) ou une licence avec un parcours m\u00e9tiers du livre<\/span><\/li><\/ul><p><strong>Niveau Bac +5<\/strong><\/p><ul><li style=\"font-weight: 400;\" aria-level=\"1\"><span style=\"font-weight: 400;\">5 ans pour obtenir un master m\u00e9tiers du livre et de l&rsquo;\u00e9dition.<\/span><\/li><\/ul><\/td><\/tr><tr><td><span style=\"font-weight: 400;\">Salaire d\u00e9butant<\/span><\/td><td><span style=\"font-weight: 400;\">Le salaire d&rsquo;un(e) libraire d\u00e9butant varie entre 1 500 et 2 500\u00a0<\/span>\u20ac\u00a0<span style=\"font-weight: 400;\">bruts par mois<\/span><\/td><\/tr><\/tbody><\/table><\/div>\n\t\t\t\t\t\t\t<\/div>\n\t\t<\/div>\n\t\t\t\t\t\t<\/div>\n\t\t\t\t<\/div>\n\t\t\t\t<div class=\"elementor-element elementor-element-cb7f1f6 elementor-widget elementor-widget-spacer\" data-id=\"cb7f1f6\" data-element_type=\"widget\" data-e-type=\"widget\" data-widget_type=\"spacer.default\">\n\t\t\t\t<div class=\"elementor-widget-container\">\n\t\t\t\t\t\t\t<div class=\"elementor-spacer\">\n\t\t\t<div class=\"elementor-spacer-inner\"><\/div>\n\t\t<\/div>\n\t\t\t\t\t\t<\/div>\n\t\t\t\t<\/div>\n\t\t\t\t<div class=\"elementor-element elementor-element-12d4ae3 elementor-widget elementor-widget-button\" data-id=\"12d4ae3\" data-element_type=\"widget\" data-e-type=\"widget\" data-widget_type=\"button.default\">\n\t\t\t\t<div class=\"elementor-widget-container\">\n\t\t\t\t\t\t\t\t\t<div class=\"elementor-button-wrapper\">\n\t\t\t\t\t<a class=\"elementor-button elementor-button-link elementor-size-md\" href=\"http:\/\/web-peda-iutb.univ-lille.fr\/~jpo\/\">\n\t\t\t\t\t\t<span class=\"elementor-button-content-wrapper\">\n\t\t\t\t\t\t\t\t\t<span class=\"elementor-button-text\">Retour<\/span>\n\t\t\t\t\t<\/span>\n\t\t\t\t\t<\/a>\n\t\t\t\t<\/div>\n\t\t\t\t\t\t\t\t<\/div>\n\t\t\t\t<\/div>\n\t\t\t\t\t<\/div>\n\t\t<\/div>\n\t\t\t\t\t<\/div>\n\t\t<\/section>\n\t\t\t\t<\/div>\n\t\t","protected":false},"excerpt":{"rendered":"<p>D\u00e9bouch\u00e9s professionnels du BUT Information Communication Gr\u00e2ce aux nombreux d\u00e9bouch\u00e9s qu&rsquo;offre le BUT Information Communication, \u00e0 la suite de ta formation directement int\u00e9grer le monde du travail. D\u00e9couvre ci-dessous quelques diff\u00e9rents m\u00e9tiers possible en fonction de ta\u00a0formation dispens\u00e9 \u00e0 l&rsquo;IUT de Lille &#8211; Site de Tourcoing. Communication des organisations. Attach\u00e9(e) de Presse Charg\u00e9(e) de Projet \u00c9v\u00e9nementiel Charg\u00e9(e) de Communication Interne Charg\u00e9(e) de Communication Externe Community manager Designer graphique Attach\u00e9(e) de Presse En quoi consiste le m\u00e9tier Le m\u00e9tier d\u2019un Attach\u00e9 de presse consiste \u00e0 r\u00e9diger des communiqu\u00e9s et des dossiers de presse, \u00e0 les envoyer aux journalistes et \u00e0 s\u2019assurer, par t\u00e9l\u00e9phone, qu\u2019ils les ont bien re\u00e7us. Il peut leur fournir toutes informations compl\u00e9mentaires ou photos dont ils auraient besoin pour illustrer leurs articles. Un attach\u00e9 de presse peut travailler en free lance ou \u00eatre salari\u00e9 dans une entreprise (publique ou priv\u00e9e), une institution, une agence, un organisme culturel ou aupr\u00e8s d\u2019un artiste. Missions principales Organiser de campagnes de relation presse ; R\u00e9diger et diffuser des communiqu\u00e9s de presse ; Choisir des points et la th\u00e9matique des communications ; Organiser des conf\u00e9rences de presse et le choix des participants. Organiser des entretiens avec les journalistes ; R\u00e9aliser et diffuser d\u2019une revue quotidienne ou hebdomadaire pour informer l\u2019opinion publique ; Analyser la port\u00e9e m\u00e9diatique des \u00e9v\u00e8nements et des campagnes de communication ; \u00c9laborer et la pr\u00e9sentation d\u2019un bilan des activit\u00e9s m\u00e9diatiques. Afin de pouvoir r\u00e9pondre aux questions des journalistes, il doit avoir une connaissance approfondie de l\u2019entit\u00e9 qu\u2019il repr\u00e9sente. Qualit\u00e9s\/Comp\u00e9tences requises Le m\u00e9tier d\u2019attach\u00e9 de presse demande des comp\u00e9tences techniques et comportementales sp\u00e9cifiques. Ainsi, ce professionnel doit Disposer d\u2019une tr\u00e8s bonne connaissance du paysage m\u00e9diatique, de l\u2019environnement \u00e9conomique et de son secteur d\u2019activit\u00e9. Disposer d\u2019un important carnet d\u2019adresses et entretenir une relation sp\u00e9cifique avec plusieurs m\u00e9dias et journalistes, afin d\u2019adapter ses messages et les informations \u00e0 transmettre. Avoir un excellent relationnel, \u00eatre diplomate et \u00e0 l\u2019aise devant les cam\u00e9ras sont des qualit\u00e9s indispensables \u00e0 l\u2019attach\u00e9 de presse. La ma\u00eetrise de plusieurs langues est un grand plus, notamment l\u2019anglais, tout comme l\u2019esprit de synth\u00e8se et la capacit\u00e9 de persuasion. Acc\u00e8s au m\u00e9tier Apr\u00e8s le bac Niveau bac +2 et 3 BTS communication BUT Information-communication Parcours communication des organisations Licence professionnelle en communication \u00a0 Niveau bac + 5 Master mention communication des organisations Master mention information, communication Manager de la communication (EFAP) Relations publiques, relations presse, \u00e9v\u00e9nementiel \u00a0O\u00f9 s\u2019exerce le m\u00e9tier Un attach\u00e9 de presse peut travailler en free lance ou \u00eatre salari\u00e9 dans une entreprise (publique ou priv\u00e9e), une institution, une agence, un organisme culturel ou aupr\u00e8s d\u2019un artiste. Salaire d\u00e9butant Le salaire d\u2019un attach\u00e9 de presse d\u00e9pend du r\u00e9sultat de ses campagnes, avec, le plus souvent, une part fixe et une part variable. En agence, la r\u00e9mun\u00e9ration peut \u00eatre int\u00e9ressante. Il est souvent entre 1 300\u20ac et 1 600\u20ac mais peut\u00a0s\u2019\u00e9lever jusqu\u2019\u00e0 2 900\u00a0\u20ac brut. Charg\u00e9(e) de Projet \u00c9v\u00e9nementiel En quoi consiste le m\u00e9tier Le m\u00e9tier de Charg\u00e9(e) de projets \u00e9v\u00e9nementiel consiste \u00e0 concevoir des op\u00e9rations de communication pour un client ou une entreprise ainsi que des \u00e9v\u00e9nements qui r\u00e9pondront au mieux \u00e0 la demand\u00e9 de ces derniers. Missions principales Concevoir l\u2019\u00e9v\u00e9nement Suivre le budget et piloter la logistique :\u00a0 \u00e9laborer le planning des actions \u00e0 mener et suivre le budget. G\u00e9rer et organiser sur le terrain toute la logistique du projet. Choisir les prestataires, les fournisseurs, les intervenants, faire face \u00e0 des imp\u00e9ratifs divers. Coordonner toutes les \u00e9tapes de la mise en \u0153uvre. Pour ce faire, il doit prendre contact avec les diff\u00e9rents collaborateurs, analyser ce qu\u2019ils proposent, faire des choix, coordonner toutes les \u00e9tapes li\u00e9es \u00e0 la r\u00e9alisation de l\u2019\u00e9v\u00e9nement, les faire valider par le client. Qualit\u00e9s\/Comp\u00e9tences requises Cr\u00e9ativit\u00e9, bon relationnel et talent r\u00e9dactionnel. Rigueur et de la r\u00e9activit\u00e9 Cr\u00e9ativit\u00e9 et originalit\u00e9 Cr\u00e9ativit\u00e9 et originalit\u00e9 Acc\u00e8s au m\u00e9tier Niveau bac + 2 doit obligatoirement \u00eatre suivi d\u2019une sp\u00e9cialisation. Niveau bac + 3 Licences professionnelles M\u00e9tiers de la communication : \u00e9v\u00e9nementiel Niveau bac + 4\/5 Dipl\u00f4mes des ESC (\u00e9coles sup\u00e9rieures de commerce) et des \u00e9coles de communication, de Sciences Po Masters Communication des organisations ; Information, communication Niveau minimum d\u2019acc\u00e8s bac +3 Pour d\u00e9crocher d\u2019embl\u00e9e un poste de charg\u00e9 de projet \u00e9v\u00e9nementiel, un dipl\u00f4me de niveau bac + 3\/4 est g\u00e9n\u00e9ralement le minimum requis. Une formation en \u00e9cole de commerce ou en \u00e9cole de communication avec sp\u00e9cialisation en communication \u00e9v\u00e9nementielle, ou encore un master du m\u00eame domaine, offre une \u00e9volution professionnelle rapide. O\u00f9 s\u2019exerce le m\u00e9tier Le charg\u00e9 de projet \u00e9v\u00e9nementiel travaille soit en entreprise, au sein de la direction communication, soit pour une agence de communication \u00e9v\u00e9nementielle o\u00f9 il est alors rattach\u00e9 au directeur. En entreprise, il est en \u00e9troite relation avec le charg\u00e9 de communication et l\u2019attach\u00e9 de presse. Salaire d\u00e9butant Le salaire d\u2019un(e) Charg\u00e9(e) de projet \u00e9v\u00e9nementiel est d\u00e9butant(e) est de 2 200 \u20ac Charg\u00e9(e) de Communication Interne En quoi consiste le m\u00e9tier Le m\u00e9tier de Charg\u00e9(e) de communication Interne consiste \u00e0 faire circuler l\u2019information entre la direction et les salari\u00e9s et entre les services au sein d\u2019une structure. Son r\u00f4le consiste \u00e0\u00a0 informer pour rassembler le personnel autour de l\u2019image et des valeurs de l\u2019entreprise via un journal, l\u2019intranet, un s\u00e9minaire\u2026 Missions principales Relayer la strat\u00e9gie de l\u2019entreprise aupr\u00e8s des salari\u00e9s, Promouvoir l\u2019image de l\u2019entreprise Renforcer l\u2019esprit de communaut\u00e9 Organiser des actions (s\u00e9minaires, c\u00e9r\u00e9monies, par exemple). Qualit\u00e9s requises Le charg\u00e9 de communication interne doit : Ouvert d\u2019esprit Avoir un bon relationnel Savoir travailler en \u00e9quipe \u00catre cr\u00e9ativit\u00e9 Avoir une bonne expression \u00e9crite et orale Savoir s\u2019adapter et \u00eatre rigoureux pour respecter un budget. Elle doit \u00e9galement ma\u00eetriser des NTIC (nouvelles technologies de l\u2019information et de la communication). Savoir parler la langue anglaise est indispensable. Acc\u00e8s au m\u00e9tier Niveau Bac +2\u00a0 BTS communication; Niveau Bac +3 BUT information-communication, parcours communication des organisations ou une licence pro m\u00e9tiers de la communication ou un dipl\u00f4me d\u2019\u00e9cole de communication, et devenir assistant ; Un dipl\u00f4me d\u2019\u00e9cole de commerce ou d\u2019\u00e9cole sp\u00e9cialis\u00e9e en communication, un master, ou encore un dipl\u00f4me d\u2019IEP (institut d\u2019\u00e9tudes politiques) et occuper un poste de responsable&hellip; <a class=\"more-link\" href=\"http:\/\/web-peda-iutb.univ-lille.fr\/~jpo\/index.php\/les-metiers-de-la-communication\/\">Poursuivre la lecture <span class=\"screen-reader-text\">Fiches m\u00e9tiers BUT Information-Communication<\/span><\/a><\/p>\n","protected":false},"author":1,"featured_media":0,"parent":0,"menu_order":0,"comment_status":"closed","ping_status":"closed","template":"elementor_header_footer","meta":{"footnotes":""},"class_list":["post-974","page","type-page","status-publish","hentry","entry"],"_links":{"self":[{"href":"http:\/\/web-peda-iutb.univ-lille.fr\/~jpo\/index.php\/wp-json\/wp\/v2\/pages\/974","targetHints":{"allow":["GET"]}}],"collection":[{"href":"http:\/\/web-peda-iutb.univ-lille.fr\/~jpo\/index.php\/wp-json\/wp\/v2\/pages"}],"about":[{"href":"http:\/\/web-peda-iutb.univ-lille.fr\/~jpo\/index.php\/wp-json\/wp\/v2\/types\/page"}],"author":[{"embeddable":true,"href":"http:\/\/web-peda-iutb.univ-lille.fr\/~jpo\/index.php\/wp-json\/wp\/v2\/users\/1"}],"replies":[{"embeddable":true,"href":"http:\/\/web-peda-iutb.univ-lille.fr\/~jpo\/index.php\/wp-json\/wp\/v2\/comments?post=974"}],"version-history":[{"count":177,"href":"http:\/\/web-peda-iutb.univ-lille.fr\/~jpo\/index.php\/wp-json\/wp\/v2\/pages\/974\/revisions"}],"predecessor-version":[{"id":2701,"href":"http:\/\/web-peda-iutb.univ-lille.fr\/~jpo\/index.php\/wp-json\/wp\/v2\/pages\/974\/revisions\/2701"}],"wp:attachment":[{"href":"http:\/\/web-peda-iutb.univ-lille.fr\/~jpo\/index.php\/wp-json\/wp\/v2\/media?parent=974"}],"curies":[{"name":"wp","href":"https:\/\/api.w.org\/{rel}","templated":true}]}}